{"version":"1.0","provider_name":"Chia Pati\u00f1o","provider_url":"https:\/\/www.chiapatino.com\/home","author_name":"Editorial Team","author_url":"https:\/\/www.chiapatino.com\/home\/author\/jose\/","title":"Se estrena en Tenerife la \u00f3pera 'Florencia en el Amazonas' - Chia Pati\u00f1o %","type":"rich","width":600,"height":338,"html":"<blockquote class=\"wp-embedded-content\" data-secret=\"in2iMkqGuA\"><a href=\"https:\/\/www.chiapatino.com\/home\/rtveoperatenerife\/\">Se estrena en Tenerife la \u00f3pera &#8216;Florencia en el Amazonas&#8217;<\/a><\/blockquote><iframe sandbox=\"allow-scripts\" security=\"restricted\" src=\"https:\/\/www.chiapatino.com\/home\/rtveoperatenerife\/embed\/#?secret=in2iMkqGuA\" width=\"600\" height=\"338\" title=\"&#8220;Se estrena en Tenerife la \u00f3pera &#8216;Florencia en el Amazonas&#8217;&#8221; &#8212; Chia Pati\u00f1o\" data-secret=\"in2iMkqGuA\" frameborder=\"0\" marginwidth=\"0\" marginheight=\"0\" scrolling=\"no\" class=\"wp-embedded-content\"><\/iframe><script type=\"text\/javascript\">\n\/* <![CDATA[ *\/\n\/*! This file is auto-generated *\/\n!function(d,l){\"use strict\";l.querySelector&&d.addEventListener&&\"undefined\"!=typeof URL&&(d.wp=d.wp||{},d.wp.receiveEmbedMessage||(d.wp.receiveEmbedMessage=function(e){var t=e.data;if((t||t.secret||t.message||t.value)&&!\/[^a-zA-Z0-9]\/.test(t.secret)){for(var s,r,n,a=l.querySelectorAll('iframe[data-secret=\"'+t.secret+'\"]'),o=l.querySelectorAll('blockquote[data-secret=\"'+t.secret+'\"]'),c=new RegExp(\"^https?:$\",\"i\"),i=0;i<o.length;i++)o[i].style.display=\"none\";for(i=0;i<a.length;i++)s=a[i],e.source===s.contentWindow&&(s.removeAttribute(\"style\"),\"height\"===t.message?(1e3<(r=parseInt(t.value,10))?r=1e3:~~r<200&&(r=200),s.height=r):\"link\"===t.message&&(r=new URL(s.getAttribute(\"src\")),n=new URL(t.value),c.test(n.protocol))&&n.host===r.host&&l.activeElement===s&&(d.top.location.href=t.value))}},d.addEventListener(\"message\",d.wp.receiveEmbedMessage,!1),l.addEventListener(\"DOMContentLoaded\",function(){for(var e,t,s=l.querySelectorAll(\"iframe.wp-embedded-content\"),r=0;r<s.length;r++)(t=(e=s[r]).getAttribute(\"data-secret\"))||(t=Math.random().toString(36).substring(2,12),e.src+=\"#?secret=\"+t,e.setAttribute(\"data-secret\",t)),e.contentWindow.postMessage({message:\"ready\",secret:t},\"*\")},!1)))}(window,document);\n\/\/# sourceURL=https:\/\/www.chiapatino.com\/wp-includes\/js\/wp-embed.min.js\n\/* ]]> *\/\n<\/script>\n","thumbnail_url":"https:\/\/i0.wp.com\/www.chiapatino.com\/wp-content\/uploads\/2022\/03\/Scrn_tve.webp?fit=2035%2C988&ssl=1","thumbnail_width":2035,"thumbnail_height":988,"description":"Con Florencia en el Amazonas, \u00d3pera de Tenerife se introduce en las composiciones latinoamericanas. Esta \u00f3pera se programa por primera vez en Espa\u00f1a, tras un amplio recorrido por las casas de \u00f3pera de Am\u00e9rica y solo dos en Europa, en Alemania y Suiza. La creaci\u00f3n del mexicano Daniel Cat\u00e1n, con libreto de Marcela Fuentes-Berain, se estren\u00f3 en 1996 y cuenta distintas formas de vivir el amor a trav\u00e9s de un viaje en barco por el Amazonas."}