{"id":6568,"date":"2022-04-18T16:56:53","date_gmt":"2022-04-18T16:56:53","guid":{"rendered":"https:\/\/www.chiapatino.com\/?page_id=6568"},"modified":"2025-02-07T15:41:17","modified_gmt":"2025-02-07T15:41:17","slug":"newsarch","status":"publish","type":"page","link":"https:\/\/www.chiapatino.com\/home\/newsarch\/","title":{"rendered":"News Archive \/ Archivo de Noticias"},"content":{"rendered":"<div class=\"wpb-content-wrapper\"><p>[vc_row][vc_column width=&#8221;1\/1&#8243;][vc_row_inner row_inner_height_percent=&#8221;0&#8243; back_color=&#8221;color-lxmt&#8221; overlay_alpha=&#8221;50&#8243; equal_height=&#8221;yes&#8221; gutter_size=&#8221;4&#8243; shift_y=&#8221;0&#8243; z_index=&#8221;0&#8243; el_class=&#8221;inverted-device-order&#8221; limit_content=&#8221;&#8221; uncode_shortcode_id=&#8221;202235&#8243; back_color_type=&#8221;uncode-palette&#8221;][vc_column_inner column_width_percent=&#8221;100&#8243; gutter_size=&#8221;2&#8243; overlay_alpha=&#8221;50&#8243; shift_x=&#8221;0&#8243; shift_y=&#8221;0&#8243; shift_y_down=&#8221;0&#8243; z_index=&#8221;0&#8243; medium_width=&#8221;0&#8243; mobile_width=&#8221;0&#8243; width=&#8221;2\/3&#8243;][vc_custom_heading heading_semantic=&#8221;h4&#8243; text_size=&#8221;h4&#8243; uncode_shortcode_id=&#8221;874148&#8243;]<a href=\"https:\/\/www.chiapatino.com\/portfolio\/noticias-news\/\">News \/ Noticias<\/a>[\/vc_custom_heading][vc_separator sep_color=&#8221;color-wvjs&#8221; el_width=&#8221;5%&#8221; uncode_shortcode_id=&#8221;148290&#8243; sep_color_type=&#8221;uncode-palette&#8221;][vc_empty_space empty_h=&#8221;2&#8243;][\/vc_column_inner][vc_column_inner column_width_percent=&#8221;100&#8243; gutter_size=&#8221;1&#8243; overlay_alpha=&#8221;50&#8243; shift_x=&#8221;0&#8243; shift_y=&#8221;0&#8243; shift_y_down=&#8221;0&#8243; z_index=&#8221;0&#8243; medium_width=&#8221;0&#8243; mobile_width=&#8221;0&#8243; width=&#8221;1\/3&#8243;][\/vc_column_inner][\/vc_row_inner][vc_row_inner row_inner_height_percent=&#8221;0&#8243; overlay_alpha=&#8221;50&#8243; gutter_size=&#8221;5&#8243; shift_y=&#8221;0&#8243; z_index=&#8221;0&#8243; uncode_shortcode_id=&#8221;185587&#8243;][vc_column_inner width=&#8221;1\/2&#8243;][vc_icon icon=&#8221;fa fa-calendar-full&#8221; heading_semantic=&#8221;p&#8221; text_size=&#8221;h6&#8243; text_weight=&#8221;100&#8243; text_lead=&#8221;small&#8221; uncode_shortcode_id=&#8221;550395&#8243; title=&#8221;February, 6, 2025&#8243; link=&#8221;url:https%3A%2F%2Fwww.instagram.com%2Fp%2FDBl7MvfvJQ8%2F%3Fimg_index%3D1|target:_blank&#8221;][\/vc_icon][vc_custom_heading text_font=&#8221;font-165742&#8243; uncode_shortcode_id=&#8221;141807&#8243;]<em>Global alumni spring 2025.<\/em><br \/>\nCelebrating our global alumni: Chia Patino, BM &#8217;90.[\/vc_custom_heading][vc_column_text uncode_shortcode_id=&#8221;100491&#8243;]Ecuadorian composer and stage director Chia Patino (BM\u201990), who enjoys a celebrated global career as a stage director, and last year joined the music faculty at the University of Michigan, Ann Arbor. Mark Kaczmarczyk, Director of Development, had the opportunity to interview her and captured her musical journey: <em>\u201cComposition and directing are essentially the same thing. One is written down on the page, and it pops when the orchestra is there. The other rises up and vertical, but if you want to have the audience look stage right, or listen to a flute solo, it&#8217;s the same process. The biggest problem (as a composer) is timing, so (as a stage director, that is) it\u2019s solved in opera. The thing with opera is when it captures you, it never leaves you. I never expected I\u2019d become a real stage director. You plan, then life happens.\u201d<\/em>&#8211; Chia Patino<\/p>\n<p>[\/vc_column_text][vc_single_image media=&#8221;7624&#8243; media_width_percent=&#8221;100&#8243; uncode_shortcode_id=&#8221;100037&#8243;][vc_column_text uncode_shortcode_id=&#8221;158320&#8243;]<\/p>\n<p class=\"elementToProof\"><b>What&#8217;s your earliest memory as a child?<\/b>\u00a0I remember being very young, maybe five or six, and there was this competition I heard in Latin America\u00a0(OTI), similar to Eurovision, and I recall hearing another child around my age singing a song. I heard\u00a0them sing and immediately thought \u201cI want to write a song for that\u201d. My Grandmother owned a piano and it arrived to our home soon after. Piano lessons followed, for me and my three siblings.<\/p>\n<p class=\"elementToProof\"><b>Share with us your story from Ecuador to Louisville<\/b>. In those years there was a relationship with Quito, Ecuador, which\u00a0is the sister city with Louisville. Richard Spalding (music faculty, emeritus), was the head of the Sister Cities program. Back then we had students from Montpellier, Quito, Mainz, and Africa in the program, which was fantastic. My older sister (Veronica, BM 89) received the first Sister Cities Scholarship, was a piano pedagogy major, and studied with a teacher she adored: \u00a0Mrs. Doris Keyes. I was subsequently awarded the scholarship while at UofL, was given a host family, and every little thing of support you needed was provided. Mrs. Keyes became a life mentor for me.<\/p>\n<p>[\/vc_column_text][\/vc_column_inner][vc_column_inner width=&#8221;1\/2&#8243;][vc_empty_space empty_h=&#8221;5&#8243;][vc_empty_space empty_h=&#8221;3&#8243;][vc_column_text uncode_shortcode_id=&#8221;189475&#8243;]<b>What&#8217;s your fondest memory of the School of Music? <\/b>I remember the first day I walked into the Music Library, I was overwhelmed! Back home in Ecuador there were maybe three of four books on composition, but at the School of Music I was able to access so many scores, courtesy of the\u00a0Grawemeyer\u00a0collection. The library staff were extremely supportive, and I would go in and just listen to recordings-it blew my mind. The idea of a \u201cpractice room\u201d, a solitary space to do nothing but practice, also blew my mind. In Ecuador, there are no such things as practice rooms. Mrs. Keyes taught me how to listen to sounds. My first year I studied with Claude Baker (former Professor of Composition, UofL, and Indiana University), who was instrumental in my early success and subsequent admission to Indiana University. We were literally starving artistically, and now I realize that the faculty identified that passion in me. For my senior recital I was able to utilize almost 85% of the students in the School of Music as dancers and instrumentalists; the intimate size and nature of the school and faculty were so supportive.<\/p>\n<p class=\"elementToProof\"><b>Tell us about your unique journey from position to stage direction to opera.<\/b>\u00a0Composition is a very lonely thing. Early on, composers believed in \u00a0<i>sturm\u00a0und\u00a0drang<\/i>, (a German phrase meaning \u201cstorm and stress\u201d, referring to a literary movement of the 18th century), and my music was not like that. Composition drives you into this vortex. Now that I\u2019m mature I feel in a healthier mental place,\u00a0I really have something to say so\u00a0I may come back to it. While at Bloomington, I decided to write an opera. I took a play writing class and every theater production class, movement and direction, so I could understand what makes for good theater. That is how it started&#8230;<\/p>\n<p class=\"elementToProof\"><b>You were Director of the National Theater of Ecuador for a decade, you&#8217;ve been invited to guest stage direct at the Aspen Music Festival, and around the world. In 2024 you were invited to join the music faculty at the University of Michigan, Ann Arbor. At the UofM you mentor young, emerging singers, trying to find their voice. What&#8217;s your advice to young musicians today?<\/b><\/p>\n<p class=\"elementToProof\">Today people are writing music on their computers, via a program, and not with their ears. if you\u2019re writing in a\u00a0library\u00a0you cannot be writing with your heart. In Louisville I learned how to write sounds down and actually imagine them, hear them&#8230; it has to be intimate: between a composer and his\/her imagination. (big warning into\u00a0writing\u00a0on a computer program that plays back immediately&#8230;) Young students may feel free, but they are limited by the computer program, instead of embracing their vision. Read! Explore! Go to a museum! Consume all the art you can! Claude Baker, Fred Fox and Eugene O\u2019Brien would give me lists of books, plays and poetry to read. I loved that! I was pushed to discover and expand!\u00a0 Decide what makes you happy as a musician, because we have our emotions so raw and out of control, especially when we\u2019re young. Hang on and don\u2019t panic. If music makes you happy, find the way to make a living out of it, but keep an eye for doors that may open where you don\u2019t expect them.<\/p>\n<p><b><em>&#8220;Sometimes you help with time, sometimes you help with money, other times you just sit down with the students and figure it out.&#8221;<\/em>&#8211; Chia Pati\u00f1o<\/b>[\/vc_column_text][vc_button button_color=&#8221;accent&#8221; border_width=&#8221;0&#8243; link=&#8221;url:https%3A%2F%2Flouisville.edu%2Fmusic%2Fnews%2Fglobal-alumni-spring-2025|target:_blank&#8221; uncode_shortcode_id=&#8221;171177&#8243; button_color_type=&#8221;uncode-palette&#8221;]University of Louisville[\/vc_button][\/vc_column_inner][\/vc_row_inner][vc_row_inner row_inner_height_percent=&#8221;0&#8243; overlay_alpha=&#8221;50&#8243; gutter_size=&#8221;5&#8243; shift_y=&#8221;0&#8243; z_index=&#8221;0&#8243; uncode_shortcode_id=&#8221;185587&#8243;][vc_column_inner width=&#8221;1\/2&#8243;][vc_icon icon=&#8221;fa fa-calendar-full&#8221; heading_semantic=&#8221;p&#8221; text_size=&#8221;h6&#8243; text_weight=&#8221;100&#8243; text_lead=&#8221;small&#8221; uncode_shortcode_id=&#8221;135547&#8243; title=&#8221;February, 5, 2025&#8243; link=&#8221;url:https%3A%2F%2Fwww.instagram.com%2Fp%2FDBl7MvfvJQ8%2F%3Fimg_index%3D1|target:_blank&#8221;][\/vc_icon][vc_custom_heading text_font=&#8221;font-165742&#8243; uncode_shortcode_id=&#8221;948038&#8243;]Glimmerglass Festival Announces 2025 Season.[\/vc_custom_heading][vc_column_text uncode_shortcode_id=&#8221;293998&#8243;]The Glimmerglass Festival has announced its 50th anniversary season.<\/p>\n<p>All mainstage productions are accompanied by the Glimmerglass Festival Orchestra and is staged in the Alice Busch Opera Theater. In addition to regular Festival programming, the 2025 season will offer 50th anniversary-related events, talks, concerts, and meals. The full slate of 2025 special events, along with full season casting will be announced at a later date.<\/p>\n<p>Puccini\u2019s <em><strong>\u201cTosca\u201d<\/strong><\/em> directed by Louisa Proske opens the Festival. Joseph Colaneri conducts a cast that includes Michelle Bradley, Yongzhao Yu, and Greer Grimsley.<\/p>\n<p><em><strong>Performance Dates:<\/strong> July 11, 13, 20, &amp; 21; August 1, 4, 7, 9, 14, &amp; 16, 2025<\/em><\/p>\n<p>Up next is the company\u2019s premiere of Sondheim\u2019s <em><strong>\u201cSunday in the Park With George\u201d<\/strong><\/em> with orchestrations by Michael Starobin. Ethan Heard serves as director. The cast will include John Riddle, Marina Pires, Luretta Bybee, Taylor-Alexis DuPont, and Marc Webster.<\/p>\n<p><em><strong>Performance Dates:<\/strong> July 12, 17, 19, 21; August 2, 5, 8, 10, &amp; 17, 2025<\/em><\/p>\n<p>Derek Bermel and Sandra Cisneros\u2019 opera <em><strong>\u201cThe House on Mango Street\u201d<\/strong><\/em> makes its world premiere. Ch\u00eda Pati\u00f1o directs and Nicole Paiement conducts. The cast includes Mikaela Bennett, Samantha Sosa, Kaylan Hernandez, Taylor-Alexis DuPont, Sarah Rosales, Tshilidzi Ndou, Sergio Mart\u00ednez, and Deborah Nansteel.<\/p>\n<p><em><strong>Performance Dates:<\/strong> July 18 &amp; 28; August 2, 10, 12, &amp; 16, 2025<\/em><\/p>\n<p>(&#8230;)[\/vc_column_text][vc_button button_color=&#8221;accent&#8221; border_width=&#8221;0&#8243; link=&#8221;url:https%3A%2F%2Foperawire.com%2Fglimmerglass-festival-announces-2025-season%2F|target:_blank&#8221; uncode_shortcode_id=&#8221;180254&#8243; button_color_type=&#8221;uncode-palette&#8221;]OPERA WIRE[\/vc_button][\/vc_column_inner][vc_column_inner width=&#8221;1\/2&#8243;][vc_empty_space empty_h=&#8221;4&#8243;][vc_single_image media=&#8221;9773&#8243; media_width_percent=&#8221;100&#8243; uncode_shortcode_id=&#8221;761033&#8243; media_link=&#8221;url:https%3A%2F%2Foperawire.com%2Fglimmerglass-festival-announces-2025-season%2F|target:_blank&#8221;][\/vc_column_inner][\/vc_row_inner][vc_row_inner row_inner_height_percent=&#8221;0&#8243; overlay_alpha=&#8221;50&#8243; gutter_size=&#8221;5&#8243; shift_y=&#8221;0&#8243; z_index=&#8221;0&#8243; uncode_shortcode_id=&#8221;185587&#8243;][vc_column_inner width=&#8221;1\/2&#8243;][vc_icon icon=&#8221;fa fa-calendar-full&#8221; heading_semantic=&#8221;p&#8221; text_size=&#8221;h6&#8243; text_weight=&#8221;100&#8243; text_lead=&#8221;small&#8221; uncode_shortcode_id=&#8221;985647&#8243; title=&#8221;May 12, 2024&#8243; link=&#8221;url:https%3A%2F%2Fwww.schmopera.com%2Flopez-sings-a-nuanced-violetta-in-fgos-traviata%2F|target:_blank&#8221;][\/vc_icon][vc_custom_heading text_font=&#8221;font-165742&#8243; uncode_shortcode_id=&#8221;106396&#8243; subheading=&#8221;The grant opens doors for women artists by incentivizing professional opera companies of all sizes to engage women in key artistic roles.&#8221;]OPERA America&#8217;s 2024 Opera Grants for Women Stage Directors and Conductors[\/vc_custom_heading][vc_column_text uncode_shortcode_id=&#8221;201738&#8243;]<\/p>\n<div class=\"xdj266r x11i5rnm xat24cr x1mh8g0r x1vvkbs x126k92a\">\n<div dir=\"auto\"><em>&#8211; Beth Morrison Projects (Brooklyn, NY):<\/em> Elizabeth Askren will conduct SENSORIUM EX (Paola Prestini, composer; Brenda Shaughnessy, librettist)<\/div>\n<\/div>\n<div class=\"x11i5rnm xat24cr x1mh8g0r x1vvkbs xtlvy1s x126k92a\">\n<div dir=\"auto\"><em>&#8211; Detroit Opera (Detroit, MI):<\/em> Nataki Garrett will direct THE CENTRAL PARK FIVE (Anthony Davis, composer; Richard Wesley, librettist)<\/div>\n<div dir=\"auto\"><em>&#8211; IN Series (Washington, DC):<\/em> Shanara Gabrielle will direct CRADLE WILL ROCK (Marc Blitzstein, composer and librettist)<\/div>\n<div dir=\"auto\"><em>&#8211; Kentucky Opera (Louisville, KY):<\/em> Kimille Howard will direct THIS LITTLE LIGHT OF MINE (Chandler Carter, composer; Diana Solomon Glover, librettist)<\/div>\n<div dir=\"auto\"><em>&#8211; LA Opera (Los Angeles, CA):<\/em> Lina Gonz\u00e1lez-Granados will conduct AINADAMAR (Osvaldo Golijov, composer; David Henry Hwang, librettist)<\/div>\n<div dir=\"auto\"><em>&#8211; National Sawdust (Brooklyn, NY):<\/em> Kaneza Schaal will direct UNTO US (Helga Davis and Ted Cruz, composers; Helga Davis and Langston Hughes, librettists)<\/div>\n<div dir=\"auto\"><strong><em>&#8211; Opera Colorado (Denver, CO):<\/em><\/strong> Ch\u00eda Pati\u00f1o will direct THE DAUGHTER OF THE REGIMENT (Gaetano Donizetti, composer; Jules-Henri Vernoy de Saint-Georges and Jean-Fran\u00e7ois Bayard, librettists)<\/div>\n<div dir=\"auto\"><em>&#8211; Opera Orlando (Orlando, FL):<\/em> Roberta Emerson will direct TREEMONISHA (Scott Joplin, composer and librettist)<\/div>\n<div dir=\"auto\"><em>&#8211; Opera Steamboat (Steamboat Springs, CO):<\/em> Amanda Berg Wilson will direct WELCOME TO THE MADNESS (Leanna Kirchoff, composer; Rachel J. Peters, librettist)<\/div>\n<div dir=\"auto\"><em>&#8211; Resonance Works (Pittsburgh, PA):<\/em> Keturah Stickann will direct THE LITTLE PRINCE (Rachel Portman, composer; Nicholas Wright, librettist)<\/div>\n<\/div>\n<p>[\/vc_column_text][\/vc_column_inner][vc_column_inner width=&#8221;1\/2&#8243;][vc_empty_space empty_h=&#8221;4&#8243;][vc_empty_space empty_h=&#8221;4&#8243;][vc_single_image media=&#8221;9031&#8243; media_width_percent=&#8221;100&#8243; uncode_shortcode_id=&#8221;153789&#8243; media_link=&#8221;url:https%3A%2F%2Fwww.facebook.com%2Fstory.php%3Fstory_fbid%3D841075754718369%26id%3D100064478572937%26mibextid%3DWC7FNe%26rdid%3DmPLAHnXJz3RR5umx|target:_blank&#8221;][vc_button button_color=&#8221;color-jevc&#8221; hover_fx=&#8221;outlined&#8221; border_width=&#8221;0&#8243; link=&#8221;url:https%3A%2F%2Fwww.facebook.com%2Fstory.php%3Fstory_fbid%3D841075754718369%26id%3D100064478572937%26mibextid%3DWC7FNe%26rdid%3DmPLAHnXJz3RR5umx|target:_blank&#8221; uncode_shortcode_id=&#8221;153889&#8243; button_color_type=&#8221;uncode-palette&#8221;]Opera America Facebook [\/vc_button][vc_button button_color=&#8221;color-jevc&#8221; border_width=&#8221;0&#8243; link=&#8221;url:https%3A%2F%2Fwww.operaamerica.org%2Fprograms%2Fservices%2Fgrants-awards%2Fopera-companies%2Fopera-grants-for-women-stage-directors-and-conductors%2F|target:_blank&#8221; uncode_shortcode_id=&#8221;186035&#8243; button_color_type=&#8221;uncode-palette&#8221;]Opera America Grants[\/vc_button][\/vc_column_inner][\/vc_row_inner][vc_empty_space empty_h=&#8221;5&#8243;][vc_row_inner][vc_column_inner width=&#8221;1\/4&#8243;][vc_empty_space empty_h=&#8221;3&#8243;][vc_single_image media=&#8221;9015&#8243; media_width_percent=&#8221;100&#8243; uncode_shortcode_id=&#8221;203499&#8243; media_link=&#8221;url:https%3A%2F%2Fsmtd.umich.edu%2Fchia-patino-to-join-the-department-of-voice-opera%2F%3Ffbclid%3DIwZXh0bgNhZW0BMQABHTD_2uQ3vb_ye73BSQWnWczuSDMpbwlglPLIoegyxbrP8eogIYsKfOfKDA_aem_AR5PCecohj4R7dU34IBNhLpWCXZWQ5f_5QiNwZjh9aut3xVvQUfhq-BAfmdJBnFWIZM|target:_blank&#8221;][\/vc_column_inner][vc_column_inner column_width_percent=&#8221;70&#8243; gutter_size=&#8221;3&#8243; overlay_alpha=&#8221;50&#8243; shift_x=&#8221;0&#8243; shift_y=&#8221;0&#8243; shift_y_down=&#8221;0&#8243; z_index=&#8221;0&#8243; medium_width=&#8221;0&#8243; mobile_width=&#8221;0&#8243; width=&#8221;3\/4&#8243; uncode_shortcode_id=&#8221;152879&#8243;][vc_icon icon=&#8221;fa fa-calendar-full&#8221; heading_semantic=&#8221;p&#8221; text_size=&#8221;h6&#8243; text_weight=&#8221;100&#8243; text_lead=&#8221;small&#8221; uncode_shortcode_id=&#8221;203422&#8243; title=&#8221;April 19, 2024&#8243; link=&#8221;url:https%3A%2F%2Fwww.schmopera.com%2Flopez-sings-a-nuanced-violetta-in-fgos-traviata%2F|target:_blank&#8221;][\/vc_icon][vc_custom_heading text_font=&#8221;font-165742&#8243; uncode_shortcode_id=&#8221;652176&#8243;]<a href=\"https:\/\/smtd.umich.edu\/chia-patino-to-join-the-department-of-voice-opera\/?fbclid=IwZXh0bgNhZW0BMQABHTD_2uQ3vb_ye73BSQWnWczuSDMpbwlglPLIoegyxbrP8eogIYsKfOfKDA_aem_AR5PCecohj4R7dU34IBNhLpWCXZWQ5f_5QiNwZjh9aut3xVvQUfhq-BAfmdJBnFWIZM\" target=\"_blank\" rel=\"noopener\">Ch\u00eda Pati\u00f1o to Join the Department of Voice &amp; Opera<\/a><\/p>\n<p>[\/vc_custom_heading][vc_column_text uncode_shortcode_id=&#8221;141851&#8243;]The University of Michigan School of Music, Theatre &amp; Dance announces that Ch\u00eda Pati\u00f1o will join the Department of Voice &amp; Opera as an assistant professor in the fall of 2024. She brings extensive directing experience, having worked with opera companies in the US, Spain, Ecuador, Colombia, Guatemala, Chile, M\u00e9xico, Brazil, Nicaragua, United Arab Emirates, and Egypt.[\/vc_column_text][vc_button button_color=&#8221;color-jevc&#8221; outline=&#8221;yes&#8221; border_width=&#8221;0&#8243; link=&#8221;url:https%3A%2F%2Fsmtd.umich.edu%2Fchia-patino-to-join-the-department-of-voice-opera%2F%3Ffbclid%3DIwZXh0bgNhZW0BMQABHTD_2uQ3vb_ye73BSQWnWczuSDMpbwlglPLIoegyxbrP8eogIYsKfOfKDA_aem_AR5PCecohj4R7dU34IBNhLpWCXZWQ5f_5QiNwZjh9aut3xVvQUfhq-BAfmdJBnFWIZM|target:_blank&#8221; uncode_shortcode_id=&#8221;347086&#8243; button_color_type=&#8221;uncode-palette&#8221;]COMPLETE NOTE[\/vc_button][vc_empty_space empty_h=&#8221;2&#8243;][\/vc_column_inner][\/vc_row_inner][vc_row_inner][vc_column_inner width=&#8221;1\/2&#8243;][vc_icon icon=&#8221;fa fa-calendar-full&#8221; heading_semantic=&#8221;p&#8221; text_size=&#8221;h6&#8243; text_weight=&#8221;100&#8243; text_lead=&#8221;small&#8221; uncode_shortcode_id=&#8221;971366&#8243; title=&#8221;February 25, 2024&#8243; link=&#8221;url:https%3A%2F%2Fwww.schmopera.com%2Flopez-sings-a-nuanced-violetta-in-fgos-traviata%2F|target:_blank&#8221;][\/vc_icon][vc_custom_heading text_font=&#8221;font-165742&#8243; uncode_shortcode_id=&#8221;926532&#8243;]<a href=\"https:\/\/www.klaus-billand.com\/deutsch\/rezensionen\/moderne-ab-ca-1925-bis-heute\/santa-cruz-de-tenerife-florencia-en-el-amazonas-ni-24-maerz-2022.html\" target=\"_blank\" rel=\"noopener\">Santa Cruz de Tenerife: Florencia en el Amazonas NI \u2013 24. M\u00e4rz 2022<\/a>[\/vc_custom_heading][vc_column_text uncode_shortcode_id=&#8221;185346&#8243;]<\/p>\n<h4><a href=\"https:\/\/www.klaus-billand.com\/deutsch\/rezensionen\/moderne-ab-ca-1925-bis-heute\/santa-cruz-de-tenerife-florencia-en-el-amazonas-ni-24-maerz-2022.html\" target=\"_blank\" rel=\"noopener\"><em>(&#8230;) Amazonisch-musikalischer Farbenreichtum \u00e0 la Puccini und Debussy.<\/em><\/a><\/h4>\n<p>Eine Premiere der ganz besonderen Art! Die <strong>\u00d3pera de Tenerife<\/strong> in der Hauptstadt Santa Cruz f\u00fchrte in einer Produktion des <strong>Auditorio de Tenerife<\/strong>zum ersten Mal eine lateinamerikanische Oper auf. Und es wurde gleich eine spanische Erstauff\u00fchrung! <strong>\u201eFlorencia en el Amazonas\u201c<\/strong> des Mexikaners <strong>Daniel Cat\u00e1n<\/strong> wurde in Europa bisher nur in Deutschland und der Schweiz aufgef\u00fchrt, w\u00e4hrend das Werk in der westlichen Hemisph\u00e4re schon \u00fcber viele B\u00fchnen gewandert ist.<\/p>\n<p>Nach dieser Premiere der Cat\u00e1n-Oper mit dem Libretto von <strong>Marcela Fuentes-Berain<\/strong>, die aus dem magischen Realismus von <strong>Gabriel Garc\u00eda M\u00e1rquez<\/strong> in seinem Roman \u201eDie Liebe in den Zeiten der Cholera\u201c sch\u00f6pfte, f\u00e4llt es einem schwer zu verstehen, warum das Werk erst nun in Spanien zu erleben ist, und dazu noch auf den vom Festland weit entfernten Kanarischen Inseln, die dem Amazonas aber immerhin etwas n\u00e4her sind. Aber bis auf zwei L\u00e4nder also war es bisher noch unbekannt in Europa![\/vc_column_text][vc_empty_space empty_h=&#8221;1&#8243;][vc_button button_color=&#8221;color-jevc&#8221; outline=&#8221;yes&#8221; border_width=&#8221;0&#8243; link=&#8221;url:https%3A%2F%2Fwww.klaus-billand.com%2Fdeutsch%2Frezensionen%2Fmoderne-ab-ca-1925-bis-heute%2Fsanta-cruz-de-tenerife-florencia-en-el-amazonas-ni-24-maerz-2022.html|target:_blank&#8221; uncode_shortcode_id=&#8221;655912&#8243; button_color_type=&#8221;uncode-palette&#8221;]Complete Klaus Billand Review [\/vc_button][\/vc_column_inner][vc_column_inner width=&#8221;1\/2&#8243;][vc_empty_space empty_h=&#8221;4&#8243;][vc_empty_space empty_h=&#8221;4&#8243;][vc_single_image media=&#8221;6541&#8243; media_width_percent=&#8221;100&#8243; uncode_shortcode_id=&#8221;183395&#8243; media_link=&#8221;url:https%3A%2F%2Fwww.klaus-billand.com%2Fdeutsch%2Frezensionen%2Fmoderne-ab-ca-1925-bis-heute%2Fsanta-cruz-de-tenerife-florencia-en-el-amazonas-ni-24-maerz-2022.html|target:_blank&#8221;][\/vc_column_inner][\/vc_row_inner][\/vc_column][\/vc_row][vc_row][vc_column width=&#8221;1\/1&#8243;][vc_row_inner][vc_column_inner width=&#8221;1\/2&#8243;][vc_icon icon=&#8221;fa fa-calendar-full&#8221; heading_semantic=&#8221;p&#8221; text_size=&#8221;h6&#8243; text_weight=&#8221;100&#8243; text_lead=&#8221;small&#8221; uncode_shortcode_id=&#8221;124197&#8243; title=&#8221;November 17, 2023&#8243; link=&#8221;url:https%3A%2F%2Fwww.schmopera.com%2Flopez-sings-a-nuanced-violetta-in-fgos-traviata%2F|target:_blank&#8221;][\/vc_icon][vc_custom_heading text_font=&#8221;font-165742&#8243; uncode_shortcode_id=&#8221;472332&#8243; subheading=&#8221;SCHMOPERA&#8221;]<a href=\"https:\/\/www.schmopera.com\/lopez-sings-a-nuanced-violetta-in-fgos-traviata\/\" target=\"_blank\" rel=\"noopener\">L\u00f3pez Sings a Nuanced Violetta in FGO&#8217;S Traviata<\/a>[\/vc_custom_heading][vc_column_text uncode_shortcode_id=&#8221;766860&#8243;](&#8230;) <em>Florida Grand Opera\u2019s opening night of La traviata this month at the Adrienne Arsht Center in Miami was nothing short of a transcendent experience. Under the guidance of their new Interim Creative Director, Maria Todaro, the production unveiled a mesmerizing rendition of Verdi\u2019s timeless masterpiece. Adapted from Dumas\u2019 novel and play La Dame aux Cam\u00e9lias, this opera, with its premiere dating back to 1853, continues to captivate audiences worldwide with its emotional depth and poignant storytelling.<\/em><\/p>\n<p>(&#8230;)<em> The creative genius behind the scenes was equally praiseworthy. Conductor Joe Illick orchestrated Verdi\u2019s score with finesse, creating a symphonic backdrop that heightened the emotional impact of each scene. Director Chia Pati\u00f1o\u2019s vision brought a fresh perspective to this classic, breathing new life into the narrative. Costume designer Allen Charles Klein\u2019s creations were visually stunning, complementing the characters and their emotions, while lighting designer Rick Fisher painted the stage with evocative lighting, enhancing the ambiance and drama.<\/em>[\/vc_column_text][vc_button button_color=&#8221;color-jevc&#8221; outline=&#8221;yes&#8221; border_width=&#8221;0&#8243; link=&#8221;url:https%3A%2F%2Fwww.schmopera.com%2Flopez-sings-a-nuanced-violetta-in-fgos-traviata%2F|target:_blank&#8221; uncode_shortcode_id=&#8221;214082&#8243; button_color_type=&#8221;uncode-palette&#8221;]Full Schmopera Review [\/vc_button][vc_empty_space empty_h=&#8221;3&#8243;][\/vc_column_inner][vc_column_inner width=&#8221;1\/2&#8243;][vc_empty_space empty_h=&#8221;3&#8243;][vc_empty_space empty_h=&#8221;5&#8243;][vc_single_image media=&#8221;8784&#8243; media_width_percent=&#8221;100&#8243; uncode_shortcode_id=&#8221;179497&#8243; media_link=&#8221;url:https%3A%2F%2Fwww.schmopera.com%2Flopez-sings-a-nuanced-violetta-in-fgos-traviata%2F|target:_blank&#8221;][\/vc_column_inner][\/vc_row_inner][vc_row_inner][vc_column_inner width=&#8221;1\/2&#8243;][vc_icon icon=&#8221;fa fa-calendar-full&#8221; heading_semantic=&#8221;p&#8221; text_size=&#8221;h6&#8243; text_weight=&#8221;100&#8243; text_lead=&#8221;small&#8221; uncode_shortcode_id=&#8221;166684&#8243; title=&#8221;November 20, 2023&#8243; link=&#8221;url:https%3A%2F%2Fproopera.org.mx%2Fcritica%2Fla-traviata-en-miami%2F|target:_blank&#8221;][\/vc_icon][vc_custom_heading text_font=&#8221;font-165742&#8243; uncode_shortcode_id=&#8221;415193&#8243; subheading=&#8221;FGO &#8211; Florida Grand Opera&#8221;]Violetta\u2019s Triumph: a conversation with La Traviata stage director Ch\u00eda Pati\u00f1o[\/vc_custom_heading][vc_column_text uncode_shortcode_id=&#8221;101085&#8243;]<em>\u201cI am completely in love with the courtesans,\u201d declares Ecuadoran stage director and composer Ch\u00eda Pati\u00f1o. \u201cThey are so aware of who they are.\u201d<\/em><\/p>\n<p>Pati\u00f1o, who directed her first professional production of La traviata (her first was for Indiana University) at Florida Grand Opera this season, was well-prepared. She recently traveled to Paris, where she delved deeply into the opera\u2019s fascinating world of the extravagant, glamourous 19th-century courtesans and their moneyed patrons.[\/vc_column_text][vc_button button_color=&#8221;color-jevc&#8221; outline=&#8221;yes&#8221; border_width=&#8221;0&#8243; link=&#8221;url:https%3A%2F%2Ffgo.org%2Fviolettas-triumph-a-conversation-with-la-traviata-stage-director-chia-patino%2F|target:_blank&#8221; uncode_shortcode_id=&#8221;496524&#8243; button_color_type=&#8221;uncode-palette&#8221;]COMPLETE INTERVIEW[\/vc_button][vc_empty_space empty_h=&#8221;3&#8243;][\/vc_column_inner][vc_column_inner width=&#8221;1\/2&#8243;][vc_empty_space empty_h=&#8221;1&#8243;][vc_empty_space empty_h=&#8221;5&#8243;][vc_single_image media=&#8221;8746&#8243; media_width_percent=&#8221;100&#8243; uncode_shortcode_id=&#8221;694350&#8243; media_link=&#8221;url:https%3A%2F%2Ffgo.org%2Fviolettas-triumph-a-conversation-with-la-traviata-stage-director-chia-patino%2F|target:_blank&#8221;][\/vc_column_inner][\/vc_row_inner][vc_row_inner][vc_column_inner width=&#8221;1\/2&#8243;][vc_icon icon=&#8221;fa fa-calendar-full&#8221; heading_semantic=&#8221;p&#8221; text_size=&#8221;h6&#8243; text_weight=&#8221;100&#8243; text_lead=&#8221;small&#8221; uncode_shortcode_id=&#8221;193548&#8243; title=&#8221;November 18, 2023&#8243; link=&#8221;url:https%3A%2F%2Fproopera.org.mx%2Fcritica%2Fla-traviata-en-miami%2F|target:_blank&#8221;][\/vc_icon][vc_custom_heading text_font=&#8221;font-165742&#8243; uncode_shortcode_id=&#8221;131329&#8243; subheading=&#8221;Pro \u00d3pera&#8221;]<a href=\"https:\/\/proopera.org.mx\/critica\/la-traviata-en-miami\/\" target=\"_blank\" rel=\"noopener\">La traviata en Miami<\/a>[\/vc_custom_heading][vc_column_text uncode_shortcode_id=&#8221;106504&#8243;]La directora de escena ecuatoriana Ch\u00eda Pati\u00f1o debut\u00f3 en la Florida Grand Opera (FGO) ofreciendo una versi\u00f3n tradicional y coherente, si bien no exenta de algunos detalles novedosos, especialmente en el \u00faltimo acto. Cabe citar, entre ellos, la entrada de todo el jolgorio del carnaval parisino y sus disfraces en el aposento de Violetta, a modo de alucinaci\u00f3n on\u00edrica de la protagonista. Adem\u00e1s, se escuch\u00f3 la voz de Giorgio Germont leyendo la carta que le escribi\u00f3 a Violetta, inform\u00e1ndole del desenlace del duelo, en lugar de ser ella misma quien repasara su lectura. Por \u00faltimo, y quiz\u00e1 el elemento m\u00e1s novedoso, se\u00f1alar que Violetta no muere, al menos visualmente, en brazos de Alfredo, sino que la \u00f3pera concluye con la protagonista caminando, con apariencia fantasmag\u00f3rica, hacia una potente luz lateral.[\/vc_column_text][vc_button button_color=&#8221;color-jevc&#8221; outline=&#8221;yes&#8221; border_width=&#8221;0&#8243; link=&#8221;url:https%3A%2F%2Fproopera.org.mx%2Fcritica%2Fla-traviata-en-miami%2F|target:_blank&#8221; uncode_shortcode_id=&#8221;210047&#8243; button_color_type=&#8221;uncode-palette&#8221;]COMPLETE REVIEW[\/vc_button][\/vc_column_inner][vc_column_inner width=&#8221;1\/2&#8243;][vc_empty_space empty_h=&#8221;1&#8243;][vc_empty_space empty_h=&#8221;5&#8243;][vc_single_image media=&#8221;8786&#8243; media_width_percent=&#8221;100&#8243; uncode_shortcode_id=&#8221;161596&#8243; media_link=&#8221;url:https%3A%2F%2Fproopera.org.mx%2Fcritica%2Fla-traviata-en-miami%2F|target:_blank&#8221;][\/vc_column_inner][\/vc_row_inner][\/vc_column][\/vc_row][vc_row][vc_column width=&#8221;1\/1&#8243;][vc_row_inner row_inner_height_percent=&#8221;0&#8243; overlay_alpha=&#8221;50&#8243; gutter_size=&#8221;5&#8243; shift_y=&#8221;0&#8243; z_index=&#8221;0&#8243; uncode_shortcode_id=&#8221;856991&#8243;][vc_column_inner width=&#8221;1\/2&#8243;][vc_icon icon=&#8221;fa fa-calendar-full&#8221; heading_semantic=&#8221;p&#8221; text_size=&#8221;h6&#8243; text_weight=&#8221;100&#8243; text_lead=&#8221;small&#8221; uncode_shortcode_id=&#8221;117883&#8243; title=&#8221;November 12, 2023&#8243; link=&#8221;url:https%3A%2F%2Fwww.nytimes.com%2F2022%2F09%2F08%2Farts%2Fmusic%2Fclassical-music-opera-fall-season.html%3Funlocked_article_code%3DAAAAAAAAAAAAAAAACEIPuonUktbfqYhkQVUbCybcR8Q86RibnvnEh7c4j2TlLSOcTXNH0v8UCM2H40rXbO9tbt83mi-WTcRGNvkvWPl2hKd5DnBadjOJ8NGCiYhXZGI8s56yVWc7mMzGAbwy_DO3K2eyJuk6meW05leMbjW6RPHa03IqIAhnpZZgcUq4miBdntezGeB109N13PwmF8o6EW9GPH_WyqGuXxZuO9yGbQXe4h01W4xbWTLSnd2e49EQYVkYSAKGHD4kvzFKuJ4LM8gXPa3_MxcrZMH55LwSAWZrJ46ibIYjk3LZRlAvIkT-lC4Q5x4a2Q%26referringSource%3DarticleShare|target:_blank&#8221;][\/vc_icon][vc_custom_heading text_font=&#8221;font-165742&#8243; uncode_shortcode_id=&#8221;148912&#8243; subheading=&#8221;South Florida Classical Review&#8221;]FGO opens a transition season with a fresh and impassioned \u201cTraviata\u201d[\/vc_custom_heading][vc_column_text uncode_shortcode_id=&#8221;593390&#8243;]Verdi\u2019s La Traviata is one of the most beloved and timeless masterpieces of the operatic repertoire. Based on the novel and play The Lady of the Camellias by Alexandre Dumas, the opera relates the story of the courtesan Violetta Valery through some of Verdi\u2019s most memorable melodies.<\/p>\n<p>The score is one of the pinnacles of the composer\u2019s middle career period and Florida Grand Opera offered a freshly conceived production and talented cast at the opening of its 82nd season on Saturday night at the Arsht Center in Miami.<\/p>\n<p>Cecilia Violetta L\u00f3pez fully embodied the role of Violetta with a bright, accurate soprano and mesmeric dramatic portrayal. This heroine was less a tragic figure than a woman who was living life to the fullest, burning the candle at both ends until the fire went dark.[\/vc_column_text][vc_button button_color=&#8221;color-jevc&#8221; outline=&#8221;yes&#8221; border_width=&#8221;0&#8243; link=&#8221;url:https%3A%2F%2Fsouthfloridaclassicalreview.com%2F2023%2F11%2Ffgo-opens-a-transition-season-with-a-fresh-and-impassioned-traviata%2F|target:_blank&#8221; uncode_shortcode_id=&#8221;415783&#8243; button_color_type=&#8221;uncode-palette&#8221;]COMPLETE REVIEW[\/vc_button][\/vc_column_inner][vc_column_inner width=&#8221;1\/2&#8243;][vc_empty_space empty_h=&#8221;5&#8243;][vc_single_image media=&#8221;8729&#8243; media_width_percent=&#8221;80&#8243; uncode_shortcode_id=&#8221;194782&#8243; media_link=&#8221;url:https%3A%2F%2Fsouthfloridaclassicalreview.com%2F2023%2F11%2Ffgo-opens-a-transition-season-with-a-fresh-and-impassioned-traviata%2F|target:_blank&#8221;][\/vc_column_inner][\/vc_row_inner][vc_row_inner row_inner_height_percent=&#8221;0&#8243; overlay_alpha=&#8221;50&#8243; gutter_size=&#8221;5&#8243; shift_y=&#8221;0&#8243; z_index=&#8221;0&#8243; uncode_shortcode_id=&#8221;126627&#8243;][vc_column_inner width=&#8221;1\/2&#8243;][vc_icon icon=&#8221;fa fa-calendar-full&#8221; heading_semantic=&#8221;p&#8221; text_size=&#8221;h6&#8243; text_weight=&#8221;100&#8243; text_lead=&#8221;small&#8221; uncode_shortcode_id=&#8221;893283&#8243; title=&#8221;October 10, 2023&#8243; link=&#8221;url:https%3A%2F%2Fwww.nytimes.com%2F2022%2F09%2F08%2Farts%2Fmusic%2Fclassical-music-opera-fall-season.html%3Funlocked_article_code%3DAAAAAAAAAAAAAAAACEIPuonUktbfqYhkQVUbCybcR8Q86RibnvnEh7c4j2TlLSOcTXNH0v8UCM2H40rXbO9tbt83mi-WTcRGNvkvWPl2hKd5DnBadjOJ8NGCiYhXZGI8s56yVWc7mMzGAbwy_DO3K2eyJuk6meW05leMbjW6RPHa03IqIAhnpZZgcUq4miBdntezGeB109N13PwmF8o6EW9GPH_WyqGuXxZuO9yGbQXe4h01W4xbWTLSnd2e49EQYVkYSAKGHD4kvzFKuJ4LM8gXPa3_MxcrZMH55LwSAWZrJ46ibIYjk3LZRlAvIkT-lC4Q5x4a2Q%26referringSource%3DarticleShare|target:_blank&#8221;][\/vc_icon][vc_custom_heading text_font=&#8221;font-165742&#8243; uncode_shortcode_id=&#8221;109089&#8243;]<a href=\"https:\/\/tickets.fgo.org\/subscriptions\/index.aspx?_gl=1*1ce5kv6*_gcl_au*MTcwMDkyMTExMC4xNjk2OTM3MzU5\" target=\"_blank\" rel=\"noopener\">Florida Grand Opera, La Traviata<\/a>[\/vc_custom_heading][vc_column_text uncode_shortcode_id=&#8221;139001&#8243;]From the <a href=\"https:\/\/www.fgo.org\/press-room\/press-news.shtml\" target=\"_blank\" rel=\"noopener\">Florida Grand Opera Newsroom<\/a>: &#8220;Ecuadoran stage director, conductor, and composer Ch\u00eda Pati\u00f1o makes her FGO with La traviata. Most recently, she directed Don Giovanni for the Aspen Music Festival and the Butler Opera Center, where she also directed her own adaptation of The Magic Flute: La Flauta M\u00e1gica de los Andes; Florencia en el Amazonas for Opera Tenerife, Orpheus &amp; Eurydice for Seattle Opera, Suite Espa\u00f1ola: Exploring Iberia and Exploring the Caribbean for Houston Grand Opera, La Cenerentola and Tosca for Northern Lights Music Festival. Her work has been produced in the United States, Spain, Ecuador, Colombia, Guatemala, United Arab Emirates, and Egypt.&#8221;[\/vc_column_text][vc_column_text uncode_shortcode_id=&#8221;662656&#8221;]<b>MIAMI<br \/>\nAdrienne Arsht Center for the Performing Arts<br \/>\nof Miami-Dade County \/ Ziff Ballet Opera House<\/b><br \/>\nNov 11, 2023, at 7:00pm<br \/>\nNov 12, 2023, at 2:00pm<br \/>\nNov 14, 2023, at 8:00pm<\/p>\n<p><b>FORT LAUDERDALE<br \/>\nBroward Center for the Performing Arts \/ Au-Rene Theater<\/b><br \/>\nNov 30, 2023, at 7:30pm<br \/>\nDec 2, 2023, at 7:30pm<\/p>\n<p>[\/vc_column_text][vc_button button_color=&#8221;color-jevc&#8221; hover_fx=&#8221;outlined&#8221; border_width=&#8221;0&#8243; link=&#8221;url:https%3A%2F%2Ftickets.fgo.org%2Fsubscriptions%2Findex.aspx%3F_gl%3D1*1ce5kv6*_gcl_au*MTcwMDkyMTExMC4xNjk2OTM3MzU5|target:_blank&#8221; uncode_shortcode_id=&#8221;107331&#8243; button_color_type=&#8221;uncode-palette&#8221;]FGP TICKETS[\/vc_button][\/vc_column_inner][vc_column_inner width=&#8221;1\/2&#8243;][vc_empty_space empty_h=&#8221;5&#8243;][\/vc_column_inner][\/vc_row_inner][vc_empty_space empty_h=&#8221;3&#8243;][vc_empty_space empty_h=&#8221;1&#8243;][vc_row_inner][vc_column_inner width=&#8221;1\/2&#8243;][vc_icon icon=&#8221;fa fa-calendar-full&#8221; heading_semantic=&#8221;p&#8221; text_size=&#8221;h6&#8243; text_weight=&#8221;100&#8243; text_lead=&#8221;small&#8221; uncode_shortcode_id=&#8221;975246&#8243; title=&#8221;July, 12, 2023&#8243; link=&#8221;url:https%3A%2F%2Fwww.nytimes.com%2F2022%2F09%2F08%2Farts%2Fmusic%2Fclassical-music-opera-fall-season.html%3Funlocked_article_code%3DAAAAAAAAAAAAAAAACEIPuonUktbfqYhkQVUbCybcR8Q86RibnvnEh7c4j2TlLSOcTXNH0v8UCM2H40rXbO9tbt83mi-WTcRGNvkvWPl2hKd5DnBadjOJ8NGCiYhXZGI8s56yVWc7mMzGAbwy_DO3K2eyJuk6meW05leMbjW6RPHa03IqIAhnpZZgcUq4miBdntezGeB109N13PwmF8o6EW9GPH_WyqGuXxZuO9yGbQXe4h01W4xbWTLSnd2e49EQYVkYSAKGHD4kvzFKuJ4LM8gXPa3_MxcrZMH55LwSAWZrJ46ibIYjk3LZRlAvIkT-lC4Q5x4a2Q%26referringSource%3DarticleShare|target:_blank&#8221;][\/vc_icon][vc_custom_heading text_font=&#8221;font-165742&#8243; uncode_shortcode_id=&#8221;110878&#8243;]La Trag\u00e9die de Carmen- Performance Date: July 20 in Norton Hall[\/vc_custom_heading][vc_column_text uncode_shortcode_id=&#8221;160585&#8243;]Almost 100 years after the premiere of Bizet\u2019s Carmen, visionary director Peter Brook transformed the grand opera into a gritty 90-minute theatrical tour-de-force. Stripped down to the story\u2019s four central characters, and including all of Bizet\u2019s beloved melodies, this groundbreaking adaptation packs a surprising punch.<\/p>\n<p>Content Advisory: This production includes adult content- sexual intimacy, and themes of violence- and may not be suitable for children under the age of 13.[\/vc_column_text][vc_button button_color=&#8221;color-jevc&#8221; border_width=&#8221;0&#8243; link=&#8221;url:https%3A%2F%2Fwww.chq.org%2Fchautauqua-opera-company%2F2023-season-opera-season%2Fla-tragedie-de-carmen%2F|target:_blank&#8221; uncode_shortcode_id=&#8221;119104&#8243; button_color_type=&#8221;uncode-palette&#8221;]Chautauqua Opera Company[\/vc_button][vc_empty_space empty_h=&#8221;0&#8243;][\/vc_column_inner][vc_column_inner width=&#8221;1\/2&#8243;][vc_empty_space empty_h=&#8221;2&#8243;][vc_empty_space empty_h=&#8221;2&#8243;][vc_single_image media=&#8221;8174&#8243; media_width_percent=&#8221;100&#8243; uncode_shortcode_id=&#8221;185618&#8243; media_link=&#8221;target:_blank&#8221;][\/vc_column_inner][\/vc_row_inner][vc_empty_space empty_h=&#8221;3&#8243;][vc_row_inner][vc_column_inner width=&#8221;1\/1&#8243;][vc_icon icon=&#8221;fa fa-calendar-full&#8221; heading_semantic=&#8221;p&#8221; text_size=&#8221;h6&#8243; text_weight=&#8221;100&#8243; text_lead=&#8221;small&#8221; uncode_shortcode_id=&#8221;811260&#8243; title=&#8221;February, 9 , 2023&#8243; link=&#8221;url:https%3A%2F%2Fwww.nytimes.com%2F2022%2F09%2F08%2Farts%2Fmusic%2Fclassical-music-opera-fall-season.html%3Funlocked_article_code%3DAAAAAAAAAAAAAAAACEIPuonUktbfqYhkQVUbCybcR8Q86RibnvnEh7c4j2TlLSOcTXNH0v8UCM2H40rXbO9tbt83mi-WTcRGNvkvWPl2hKd5DnBadjOJ8NGCiYhXZGI8s56yVWc7mMzGAbwy_DO3K2eyJuk6meW05leMbjW6RPHa03IqIAhnpZZgcUq4miBdntezGeB109N13PwmF8o6EW9GPH_WyqGuXxZuO9yGbQXe4h01W4xbWTLSnd2e49EQYVkYSAKGHD4kvzFKuJ4LM8gXPa3_MxcrZMH55LwSAWZrJ46ibIYjk3LZRlAvIkT-lC4Q5x4a2Q%26referringSource%3DarticleShare|target:_blank&#8221;][\/vc_icon][vc_custom_heading text_font=&#8221;font-165742&#8243; uncode_shortcode_id=&#8221;142750&#8243;]<a href=\"https:\/\/operawire.com\/chautauqua-opera-company-conservatory-unveils-2023-season\/\">Opera Wire &#8211; Chautauqua Opera Company &amp; Conservatory Unveils 2023 Season<\/a>[\/vc_custom_heading][vc_column_text uncode_shortcode_id=&#8221;201792&#8243;]Chautauqua Opera Company and Conservatory has announced its 2023 season.<\/p>\n<p>The season kicks off with \u201cSweeney Todd: The Demon Barber of Fleet Street.\u201d Steven Osgood conducts and Dennis Whiteheard Darling directs. The opera stars Kevin Burdette, Eve Gigliotti, Amanda Lynn Bottoms, Arnold Livingston Geis, Michael Colman, Angela Yam, Louis Tiemann, Felix Aguilar Tomlinson, and Brian Jeffers.<\/p>\n<p><a href=\"https:\/\/operawire.com\/chautauqua-opera-company-conservatory-unveils-2023-season\/\"><i>Complete Post<\/i><\/a>[\/vc_column_text][vc_button button_color=&#8221;color-jevc&#8221; border_width=&#8221;0&#8243; link=&#8221;url:https%3A%2F%2Foperawire.com%2Fchautauqua-opera-company-conservatory-unveils-2023-season%2F|target:_blank&#8221; uncode_shortcode_id=&#8221;124681&#8243; button_color_type=&#8221;uncode-palette&#8221;]OPERA WIRE[\/vc_button][vc_empty_space empty_h=&#8221;3&#8243;][\/vc_column_inner][\/vc_row_inner][vc_row_inner][vc_column_inner column_width_percent=&#8221;100&#8243; gutter_size=&#8221;3&#8243; overlay_alpha=&#8221;50&#8243; shift_x=&#8221;0&#8243; shift_y=&#8221;0&#8243; shift_y_down=&#8221;0&#8243; z_index=&#8221;0&#8243; medium_width=&#8221;0&#8243; mobile_width=&#8221;0&#8243; width=&#8221;1\/2&#8243; uncode_shortcode_id=&#8221;540102&#8243; css=&#8221;.vc_custom_1674998855764{padding-right: -30px !important;}&#8221;][vc_icon icon=&#8221;fa fa-calendar-full&#8221; heading_semantic=&#8221;p&#8221; text_size=&#8221;h6&#8243; text_weight=&#8221;100&#8243; text_lead=&#8221;small&#8221; uncode_shortcode_id=&#8221;199935&#8243; title=&#8221;January, 29, 2023&#8243;][\/vc_icon][vc_custom_heading text_font=&#8221;font-165742&#8243; uncode_shortcode_id=&#8221;145027&#8243;]Chautauqua Opera Company and Conservatory Announces 2023 Season[\/vc_custom_heading][vc_column_text uncode_shortcode_id=&#8221;296162&#8243;]Chautauqua Opera\u2019s 2023 season will take us on a journey from London to Seville. Both of the season\u2019s Stage Directors make their company debuts, with Ch\u00eda Pati\u00f1o directing La Trag\u00e9die de Carmen and Dennis Whitehead Darling mounting Sweeney Todd: The Demon Barber of Fleet Street. Kevin Burdette sings Sweeney Todd, returning to Chautauqua for the first time since his star turn as Ko-Ko in 2016\u2019s The Mikado. Eve Gigliotti makes her Chautauqua Opera debut as Mrs. Lovett. Chautauqua Opera Company\u2019s commitment to fostering the ongoing careers of its former Young Artists and students from Marlena Malas\u2019 Opera Conservatory reaches a new high in 2023. Michael Colman (Apprentice 2021), Arnold Livingston Geiss (Apprentice 2018) and Amanda Lynn Bottoms (School of Music 2015, 2016, &amp; 2018) return as Festival Artists and are featured in leading roles. Felix Aguilar Tomlinson (Apprentice 2022), Brian Jeffers (Studio Artist 2019) and Marquita Richardson (Conservatory 2022) return along with five other Apprentice Artists to be featured in both mainstage productions and a special Opera and Pops concert with the Chautauqua Symphony Orchestra. Brian Ruggaber (Don Giovanni, 2017) returns to the company to design Sweeney Todd for the Norton Hall stage.<\/p>\n<p><a href=\"https:\/\/www.chq.org\/chautauqua-opera-company\/chautauqua-opera-company-and-conservatory-announces-2023-season\/\" target=\"_blank\" rel=\"noopener\"><em>Source &#8216;Chautauqua Institution&#8217;<\/em><\/a>[\/vc_column_text][vc_button button_color=&#8221;color-jevc&#8221; border_width=&#8221;0&#8243; link=&#8221;url:https%3A%2F%2Fwww.chq.org%2Fchautauqua-opera-company%2Fchautauqua-opera-company-and-conservatory-announces-2023-season%2F|target:_blank&#8221; uncode_shortcode_id=&#8221;138217&#8243; button_color_type=&#8221;uncode-palette&#8221;]complete announcement[\/vc_button][vc_empty_space empty_h=&#8221;0&#8243;][\/vc_column_inner][vc_column_inner column_width_percent=&#8221;100&#8243; gutter_size=&#8221;3&#8243; overlay_alpha=&#8221;50&#8243; shift_x=&#8221;0&#8243; shift_y=&#8221;0&#8243; shift_y_down=&#8221;0&#8243; z_index=&#8221;0&#8243; medium_width=&#8221;0&#8243; mobile_width=&#8221;0&#8243; width=&#8221;1\/2&#8243; uncode_shortcode_id=&#8221;770648&#8243; css=&#8221;.vc_custom_1674998695521{padding-left: 30px !important;}&#8221;][vc_empty_space empty_h=&#8221;4&#8243;][vc_empty_space empty_h=&#8221;3&#8243;][vc_single_image media=&#8221;7737&#8243; media_width_percent=&#8221;100&#8243; uncode_shortcode_id=&#8221;117129&#8243; media_link=&#8221;url:https%3A%2F%2Fwww.chq.org%2Fchautauqua-opera-company%2Fchautauqua-opera-company-and-conservatory-announces-2023-season%2F|target:_blank&#8221;][\/vc_column_inner][\/vc_row_inner][vc_empty_space empty_h=&#8221;2&#8243;][vc_separator sep_color=&#8221;color-uydo&#8221; uncode_shortcode_id=&#8221;458245&#8243; sep_color_type=&#8221;uncode-palette&#8221; el_width=&#8221;35%&#8221;][vc_empty_space empty_h=&#8221;5&#8243;][\/vc_column][\/vc_row][vc_row row_height_percent=&#8221;0&#8243; back_color=&#8221;color-xsdn&#8221; overlay_alpha=&#8221;50&#8243; gutter_size=&#8221;3&#8243; column_width_percent=&#8221;100&#8243; shift_y=&#8221;0&#8243; z_index=&#8221;0&#8243; uncode_shortcode_id=&#8221;111425&#8243; back_color_type=&#8221;uncode-palette&#8221;][vc_column width=&#8221;1\/1&#8243;][vc_row_inner][vc_column_inner width=&#8221;1\/2&#8243;][vc_empty_space empty_h=&#8221;3&#8243;][vc_single_image media=&#8221;7723&#8243; media_width_percent=&#8221;100&#8243; uncode_shortcode_id=&#8221;223793&#8243; media_link=&#8221;url:https%3A%2F%2Fwww.instagram.com%2Foperahispanica%2F|target:_blank&#8221;][\/vc_column_inner][vc_column_inner width=&#8221;1\/2&#8243;][vc_icon icon=&#8221;fa fa-calendar-full&#8221; heading_semantic=&#8221;p&#8221; text_size=&#8221;h6&#8243; text_weight=&#8221;100&#8243; text_lead=&#8221;small&#8221; uncode_shortcode_id=&#8221;160026&#8243; title=&#8221;November, 27, 2022&#8243; link=&#8221;url:https%3A%2F%2Fwww.instagram.com%2Foperahispanica%2F|target:_blank&#8221;][\/vc_icon][vc_column_text uncode_shortcode_id=&#8221;964155&#8243;]Tomorrow at 6pm EST. I&#8217;m going to be chatting with\u00a0<a href=\"https:\/\/www.instagram.com\/operahispanica\/\" target=\"_blank\" rel=\"noopener\">@OPERAHISPANICA<\/a> stop by and listen to the interview.<\/p>\n<p>Ma\u00f1ana entrevista en <a href=\"https:\/\/www.instagram.com\/operahispanica\/\" target=\"_blank\" rel=\"noopener\">@OPERAHISPANICA<\/a> a las 6pm.[\/vc_column_text][vc_button button_color=&#8221;color-prif&#8221; hover_fx=&#8221;outlined&#8221; border_width=&#8221;0&#8243; link=&#8221;url:https%3A%2F%2Fwww.instagram.com%2Foperahispanica%2F|target:_blank&#8221; uncode_shortcode_id=&#8221;188070&#8243; button_color_type=&#8221;uncode-palette&#8221;]OPERA HISPANICA[\/vc_button][\/vc_column_inner][\/vc_row_inner][vc_empty_space empty_h=&#8221;3&#8243;][vc_separator sep_color=&#8221;color-jevc&#8221; icon_position=&#8221;right&#8221; uncode_shortcode_id=&#8221;424924&#8243; sep_color_type=&#8221;uncode-palette&#8221; el_width=&#8221;50%&#8221;][vc_row_inner][vc_column_inner width=&#8221;1\/1&#8243;][vc_empty_space empty_h=&#8221;2&#8243;][vc_icon icon=&#8221;fa fa-calendar-full&#8221; heading_semantic=&#8221;p&#8221; text_size=&#8221;h6&#8243; text_weight=&#8221;100&#8243; text_lead=&#8221;small&#8221; uncode_shortcode_id=&#8221;336438&#8243; title=&#8221;September, 30, 2022&#8243; link=&#8221;url:https%3A%2F%2Fwww.nytimes.com%2F2022%2F09%2F08%2Farts%2Fmusic%2Fclassical-music-opera-fall-season.html%3Funlocked_article_code%3DAAAAAAAAAAAAAAAACEIPuonUktbfqYhkQVUbCybcR8Q86RibnvnEh7c4j2TlLSOcTXNH0v8UCM2H40rXbO9tbt83mi-WTcRGNvkvWPl2hKd5DnBadjOJ8NGCiYhXZGI8s56yVWc7mMzGAbwy_DO3K2eyJuk6meW05leMbjW6RPHa03IqIAhnpZZgcUq4miBdntezGeB109N13PwmF8o6EW9GPH_WyqGuXxZuO9yGbQXe4h01W4xbWTLSnd2e49EQYVkYSAKGHD4kvzFKuJ4LM8gXPa3_MxcrZMH55LwSAWZrJ46ibIYjk3LZRlAvIkT-lC4Q5x4a2Q%26referringSource%3DarticleShare|target:_blank&#8221;][\/vc_icon][vc_custom_heading text_font=&#8221;font-165742&#8243; sub_lead=&#8221;small&#8221; uncode_shortcode_id=&#8221;999677&#8243; subheading=&#8221;Voz de America&#8221;]&#8221;\u00d1emonguet\u00e1&#8221;: primera \u00f3pera en guaran\u00ed se estren\u00f3 en Washington[\/vc_custom_heading][vc_single_image media=&#8221;6995&#8243; media_width_percent=&#8221;100&#8243; uncode_shortcode_id=&#8221;998922&#8243; media_link=&#8221;target:_blank&#8221;][vc_column_text uncode_shortcode_id=&#8221;572433&#8243;]<em>&#8220;Septiembre es el mes de la herencia hispana en EEUU. En conmemoraci\u00f3n se estren\u00f3 en Washington una \u00f3pera escrita e interpretada completamente en idioma ind\u00edgena, la primera en su g\u00e9nero, que busca llevar a la reflexi\u00f3n sobre temas tan actuales como la identidad y el cuidado del medio ambiente.&#8221;<\/em><\/p>\n<p><a href=\"https:\/\/www.vozdeamerica.com\/a\/nemongueta-primera-opera-en-guarani-se-estreno-en-washington\/6769159.html\" target=\"_blank\" rel=\"noopener\">Fuente &#8211; Voz de America<\/a>[\/vc_column_text][vc_empty_space empty_h=&#8221;2&#8243;][\/vc_column_inner][\/vc_row_inner][vc_row_inner row_inner_height_percent=&#8221;0&#8243; overlay_alpha=&#8221;50&#8243; gutter_size=&#8221;4&#8243; shift_y=&#8221;0&#8243; z_index=&#8221;0&#8243; uncode_shortcode_id=&#8221;169193&#8243;][vc_column_inner width=&#8221;1\/2&#8243;][vc_icon icon=&#8221;fa fa-calendar-full&#8221; heading_semantic=&#8221;p&#8221; text_size=&#8221;h6&#8243; text_weight=&#8221;100&#8243; text_lead=&#8221;small&#8221; uncode_shortcode_id=&#8221;846139&#8243; title=&#8221;September, 09, 2022&#8243; link=&#8221;url:https%3A%2F%2Fwww.nytimes.com%2F2022%2F09%2F08%2Farts%2Fmusic%2Fclassical-music-opera-fall-season.html%3Funlocked_article_code%3DAAAAAAAAAAAAAAAACEIPuonUktbfqYhkQVUbCybcR8Q86RibnvnEh7c4j2TlLSOcTXNH0v8UCM2H40rXbO9tbt83mi-WTcRGNvkvWPl2hKd5DnBadjOJ8NGCiYhXZGI8s56yVWc7mMzGAbwy_DO3K2eyJuk6meW05leMbjW6RPHa03IqIAhnpZZgcUq4miBdntezGeB109N13PwmF8o6EW9GPH_WyqGuXxZuO9yGbQXe4h01W4xbWTLSnd2e49EQYVkYSAKGHD4kvzFKuJ4LM8gXPa3_MxcrZMH55LwSAWZrJ46ibIYjk3LZRlAvIkT-lC4Q5x4a2Q%26referringSource%3DarticleShare|target:_blank&#8221;][\/vc_icon][vc_empty_space empty_h=&#8221;2&#8243;][vc_single_image media=&#8221;6959&#8243; media_width_percent=&#8221;100&#8243; uncode_shortcode_id=&#8221;941687&#8243; media_link=&#8221;url:https%3A%2F%2Fwww.nytimes.com%2F2022%2F09%2F08%2Farts%2Fmusic%2Fclassical-music-opera-fall-season.html%3Funlocked_article_code%3DAAAAAAAAAAAAAAAACEIPuonUktbfqYhkQVUbCybcR8Q86RibnvnEh7c4j2TlLSOcTXNH0v8UCM2H40rXbO9tbt83mi-WTcRGNvkvWPl2hKd5DnBadjOJ8NGCiYhXZGI8s56yVWc7mMzGAbwy_DO3K2eyJuk6meW05leMbjW6RPHa03IqIAhnpZZgcUq4miBdntezGeB109N13PwmF8o6EW9GPH_WyqGuXxZuO9yGbQXe4h01W4xbWTLSnd2e49EQYVkYSAKGHD4kvzFKuJ4LM8gXPa3_MxcrZMH55LwSAWZrJ46ibIYjk3LZRlAvIkT-lC4Q5x4a2Q%26referringSource%3DarticleShare|target:_blank&#8221;][vc_custom_heading sub_lead=&#8221;small&#8221; sub_reduced=&#8221;yes&#8221; uncode_shortcode_id=&#8221;106699&#8243; text_color_type=&#8221;uncode-palette&#8221; text_color_solid=&#8221;#ff0000&#8243; subheading=&#8221;(NYT) Jos\u00e9 Mongel\u00f3s in \u201c\u00d1omongeta\u201d an opera coming to the National Museum of the American Indian in New York.<br \/>\nGiacomo Lazzeri&#8221;][\/vc_custom_heading][\/vc_column_inner][vc_column_inner width=&#8221;1\/2&#8243;][vc_empty_space empty_h=&#8221;4&#8243;][vc_custom_heading text_font=&#8221;font-165742&#8243; sub_lead=&#8221;small&#8221; sub_reduced=&#8221;yes&#8221; uncode_shortcode_id=&#8221;129516&#8243;]&#8221;Classical Music and Opera This Fall: 59 Programs, Premieres and More&#8221;[\/vc_custom_heading][vc_column_text uncode_shortcode_id=&#8221;856065&#8243;]Check out this brief profile of &#8220;\u00d1OMONGETA&#8221; for this fall published in the New York Times, click \u00a0the button \u00a0below for the full article that showcase 59 Operas and Classical Music premiers.[\/vc_column_text][vc_empty_space empty_h=&#8221;2&#8243;][vc_button button_color=&#8221;color-jevc&#8221; hover_fx=&#8221;outlined&#8221; border_width=&#8221;0&#8243; link=&#8221;url:https%3A%2F%2Fwww.nytimes.com%2F2022%2F09%2F08%2Farts%2Fmusic%2Fclassical-music-opera-fall-season.html%3Funlocked_article_code%3DAAAAAAAAAAAAAAAACEIPuonUktbfqYhkQVUbCybcR8Q86RibnvnEh7c4j2TlLSOcTXNH0v8UCM2H40rXbO9tbt83mi-WTcRGNvkvWPl2hKd5DnBadjOJ8NGCiYhXZGI8s56yVWc7mMzGAbwy_DO3K2eyJuk6meW05leMbjW6RPHa03IqIAhnpZZgcUq4miBdntezGeB109N13PwmF8o6EW9GPH_WyqGuXxZuO9yGbQXe4h01W4xbWTLSnd2e49EQYVkYSAKGHD4kvzFKuJ4LM8gXPa3_MxcrZMH55LwSAWZrJ46ibIYjk3LZRlAvIkT-lC4Q5x4a2Q%26referringSource%3DarticleShare|target:_blank&#8221; uncode_shortcode_id=&#8221;164594&#8243; button_color_type=&#8221;uncode-palette&#8221;]New York Times &#8211; FALL PREVIEW[\/vc_button][vc_empty_space empty_h=&#8221;3&#8243;][\/vc_column_inner][\/vc_row_inner][vc_row_inner][vc_column_inner width=&#8221;1\/1&#8243;][vc_empty_space empty_h=&#8221;2&#8243;][vc_icon icon=&#8221;fa fa-calendar-full&#8221; heading_semantic=&#8221;p&#8221; text_size=&#8221;h6&#8243; text_weight=&#8221;100&#8243; text_lead=&#8221;small&#8221; uncode_shortcode_id=&#8221;183341&#8243; title=&#8221;September, 06, 2022&#8243; link=&#8221;url:https%3A%2F%2Fwww.ultimahora.com%2Fla-opera-guarani-nomongeta-deleitara-escenarios-eeuu-n3022115.html|target:_blank&#8221;][\/vc_icon][vc_custom_heading text_font=&#8221;font-165742&#8243; uncode_shortcode_id=&#8221;207206&#8243;]La \u00f3pera en guaran\u00ed \u00d1omongeta deleitar\u00e1 en escenarios de EEUU[\/vc_custom_heading][vc_column_text uncode_shortcode_id=&#8221;167682&#8243;]La \u00f3pera en guaran\u00ed denominada \u00d1omongeta, escrita por el compositor y director orquestal Diego S\u00e1nchez Haase, se estrenar\u00e1 el 18 y el 24 de setiembre en el National Museum of the American Indian con sedes en Nueva York y Washington, Estados Unidos. La obra cuenta con libreto de Modesto Escobar Aquino y ep\u00edlogo de Pedro Paredez Arg\u00fcello. La misma es protagonizada por el tenor paraguayo Jos\u00e9 Mongel\u00f3s y dirigida por la ecuatoriana Ch\u00eda Pati\u00f1o.<\/p>\n<p>La \u00f3pera es presentada por la \u00d3pera Hisp\u00e1nica de New York, el Smithsonian National Museum of the American Indian y la Americas Society. La puesta presenta un di\u00e1logo imaginario entre un nativo y Crist\u00f3bal Col\u00f3n, a 500 a\u00f1os de la llegada de los espa\u00f1oles a Am\u00e9rica, abordando tem\u00e1ticas siempre vigentes, como la problem\u00e1tica ind\u00edgena y el medioambiente.<\/p>\n<p>(ENG)<br \/>\nThe opera in Guarani called \u00d1omongeta, written by the composer and orchestral director Diego S\u00e1nchez Haase, will premiere on September 18 and 24 at the National Museum of the American Indian with venues in New York and Washington, United States. The work has a libretto by Modesto Escobar Aquino and an epilogue by Pedro Paredez Arg\u00fcello. It is starring the Paraguayan tenor Jos\u00e9 Mongel\u00f3s and directed by the Ecuadorian Ch\u00eda Pati\u00f1o.<\/p>\n<p>The opera is presented by the Hispanic Opera of New York, the Smithsonian National Museum of the American Indian and the Americas Society. The staging presents an imaginary dialogue between a native and Christopher Columbus, 500 years after the arrival of the Spaniards in America, addressing ever-current themes, such as indigenous problems and the environment.[\/vc_column_text][vc_empty_space empty_h=&#8221;1&#8243;][vc_button button_color=&#8221;color-jevc&#8221; hover_fx=&#8221;outlined&#8221; border_width=&#8221;0&#8243; link=&#8221;url:https%3A%2F%2Fwww.ultimahora.com%2Fla-opera-guarani-nomongeta-deleitara-escenarios-eeuu-n3022115.html|target:_blank&#8221; uncode_shortcode_id=&#8221;185676&#8243; button_color_type=&#8221;uncode-palette&#8221;]ART\u00cdCULO COMPLETO ULTIMAHORA, ASUNCI\u00d3N[\/vc_button][\/vc_column_inner][\/vc_row_inner][vc_empty_space empty_h=&#8221;3&#8243;][vc_separator sep_color=&#8221;accent&#8221; uncode_shortcode_id=&#8221;149629&#8243; sep_color_type=&#8221;uncode-palette&#8221;][vc_empty_space empty_h=&#8221;3&#8243;][vc_row_inner row_inner_height_percent=&#8221;0&#8243; overlay_alpha=&#8221;50&#8243; gutter_size=&#8221;3&#8243; shift_y=&#8221;0&#8243; z_index=&#8221;0&#8243; uncode_shortcode_id=&#8221;144131&#8243;][vc_column_inner column_width_percent=&#8221;100&#8243; gutter_size=&#8221;3&#8243; overlay_alpha=&#8221;50&#8243; shift_x=&#8221;0&#8243; shift_y=&#8221;0&#8243; shift_y_down=&#8221;0&#8243; z_index=&#8221;0&#8243; medium_width=&#8221;0&#8243; mobile_width=&#8221;0&#8243; width=&#8221;1\/2&#8243; uncode_shortcode_id=&#8221;639644&#8243; css=&#8221;.vc_custom_1660596348984{padding-right: 75px !important;}&#8221;][vc_empty_space empty_h=&#8221;3&#8243;][vc_single_image media=&#8221;6888&#8243; media_lightbox=&#8221;yes&#8221; media_width_percent=&#8221;100&#8243; uncode_shortcode_id=&#8221;286720&#8243; media_link=&#8221;target:_blank&#8221;][\/vc_column_inner][vc_column_inner width=&#8221;1\/2&#8243;][vc_icon icon=&#8221;fa fa-calendar-full&#8221; heading_semantic=&#8221;p&#8221; text_size=&#8221;h6&#8243; text_weight=&#8221;100&#8243; text_lead=&#8221;small&#8221; uncode_shortcode_id=&#8221;969313&#8243; title=&#8221;August, 18, 2022&#8243; link=&#8221;url:https%3A%2F%2Fwww.aspenmusicfestival.com%2F%2Fevents%2Fcalendar%2Flivestream-mozarts-don-giovanni|target:_blank&#8221;][\/vc_icon][vc_custom_heading heading_semantic=&#8221;h1&#8243; text_font=&#8221;font-165742&#8243; text_size=&#8221;h1&#8243; uncode_shortcode_id=&#8221;174503&#8243;]Livestream: Mozart&#8217;s Don Giovanni[\/vc_custom_heading][vc_column_text uncode_shortcode_id=&#8221;116736&#8243;]<em>&#8220;The magnificent singers of the Aspen Opera Theater and VocalARTS program bring a special staging of Mozart\u2019s spectacular opera to the Benedict Music Tent. Based on the legend of Don Juan, this comedy and morality tale wrapped in one tells the story of an irresistible yet irredeemable playboy whose escapades lead him along a path to his own destruction. Hand-picked for the program by Fleming and Summers, the talented student artists of AOTVA are already performing on stages around the world.&#8221;<\/em><br \/>\n<a href=\"https:\/\/www.aspenmusicfestival.com\/\/events\/calendar\/livestream-mozarts-don-giovanni\" target=\"_blank\" rel=\"noopener\">Aspen Music, Festival and School<\/a>[\/vc_column_text][vc_column_text text_lead=&#8221;small&#8221; uncode_shortcode_id=&#8221;165882&#8243; css=&#8221;.vc_custom_1660596707321{padding-right: 75px !important;}&#8221;](ESP) Los magn\u00edficos cantantes del Aspen Opera Theatre y el programa VocalARTS traen una puesta en escena especial de la espectacular \u00f3pera de Mozart a Benedict Music Tent. Basado en la leyenda de Don Juan, este cuento de comedia y moralidad envuelto en uno cuenta la historia de un playboy irresistible pero irredimible cuyas escapadas lo llevan por un camino hacia su propia destrucci\u00f3n. Seleccionados cuidadosamente para el programa por Fleming y Summers, los talentosos estudiantes artistas de AOTVA ya se est\u00e1n presentando en escenarios de todo el mundo. Para mayor informaci\u00f3n y acceso al streaming, haz click en el bot\u00f3n.<br \/>\n<a href=\"https:\/\/www.aspenmusicfestival.com\/\/events\/calendar\/livestream-mozarts-don-giovanni\" target=\"_blank\" rel=\"noopener\">Aspen Music, Festival and School<\/a>[\/vc_column_text][vc_empty_space empty_h=&#8221;2&#8243;][vc_button button_color=&#8221;color-jevc&#8221; hover_fx=&#8221;outlined&#8221; border_width=&#8221;0&#8243; link=&#8221;url:https%3A%2F%2Fwww.aspenmusicfestival.com%2F%2Fevents%2Fcalendar%2Flivestream-mozarts-don-giovanni|target:_blank&#8221; uncode_shortcode_id=&#8221;231043&#8243; button_color_type=&#8221;uncode-palette&#8221;]Aspen Music, Festival and School[\/vc_button][\/vc_column_inner][\/vc_row_inner][vc_empty_space empty_h=&#8221;4&#8243;][vc_row_inner][vc_column_inner width=&#8221;1\/2&#8243;][vc_icon icon=&#8221;fa fa-calendar-check-o&#8221; uncode_shortcode_id=&#8221;737478&#8243;]August, 11, 2022[\/vc_icon][vc_custom_heading heading_semantic=&#8221;h1&#8243; text_font=&#8221;font-165742&#8243; text_size=&#8221;h1&#8243; uncode_shortcode_id=&#8221;181357&#8243; subheading=&#8221;Notorious opera takes the AMFS stage&#8221;]Don Giovanni[\/vc_custom_heading][vc_column_text uncode_shortcode_id=&#8221;160173&#8243;]<em>&#8220;Based on the legend of Don Juan, and directed by Ch\u00eda Pati\u00f1o, this comedy and morality tale \u201ctells the story of an irresistible yet irredeemable playboy whose escapades lead him along a path to his own destruction,\u201d according to the AMFS website. The opera was selected by Ren\u00e9e Fleming and Patrick Summers, as were the student artists of AOTVA.<\/em><\/p>\n<p><em>Recently, Jane Glover sat down for an interview with the AMFS president and CEO, Alan Fletcher, for a recording of the program \u201cHigh Notes,\u201d in partnership with Aspen Public Radio, to talk about the opera and the famous story within it.&#8221;<\/em>[\/vc_column_text][vc_empty_space empty_h=&#8221;3&#8243;][\/vc_column_inner][vc_column_inner width=&#8221;1\/2&#8243;][vc_single_image media=&#8221;6876&#8243; media_width_percent=&#8221;100&#8243; uncode_shortcode_id=&#8221;824894&#8243;][\/vc_column_inner][\/vc_row_inner][vc_empty_space empty_h=&#8221;1&#8243;][vc_separator sep_color=&#8221;accent&#8221; uncode_shortcode_id=&#8221;149629&#8243; sep_color_type=&#8221;uncode-palette&#8221;][vc_empty_space empty_h=&#8221;3&#8243;][vc_row_inner][vc_column_inner width=&#8221;1\/1&#8243;][vc_icon icon=&#8221;fa fa-calendar-check-o&#8221; uncode_shortcode_id=&#8221;255408&#8243;]March, 29, 2022[\/vc_icon][vc_custom_heading heading_semantic=&#8221;h1&#8243; text_font=&#8221;font-165742&#8243; text_size=&#8221;fontsize-181231&#8243; sub_lead=&#8221;small&#8221; sub_reduced=&#8221;yes&#8221; subheading=&#8221;Orquesta Sinf\u00f3nica de Tenerife \/ Direcci\u00f3n musical: Pedro Halffter \/ Direcci\u00f3n de escena: Ch\u00eda Pati\u00f1o \/ Dise\u00f1o de escenograf\u00eda: Izmir Ickbal \/ Dise\u00f1o de vestuario: Felype de Lima \/ Dise\u00f1o de iluminaci\u00f3n: Erin Flemming&#8221; uncode_shortcode_id=&#8221;508128&#8243;]Daniel Cat\u00e1n,<a href=\"https:\/\/auditoriodetenerife.com\/es\/florencia-en-el-amazonas\" target=\"_blank\" rel=\"noopener\"><strong> Florencia en el Amazonas<\/strong><\/a>[\/vc_custom_heading][vc_single_image media=&#8221;6466&#8243; media_width_percent=&#8221;100&#8243; uncode_shortcode_id=&#8221;126734&#8243;][vc_column_text uncode_shortcode_id=&#8221;711059&#8243;](ENG)<br \/>\nWith Florencia in the Amazon, \u00d3pera de Tenerife introduces Latin American compositions. This opera is programmed for the first time in Spain, after an extensive tour of the opera houses of Latin America and only two presences in Europe (Germany and Switzerland). The creation of Mexican Daniel Cat\u00e1n, with a libretto by Marcela Fuentes-Berain, premiered in 1996 and tells of different ways of living love through a boat trip through the Amazon.<\/p>\n<p>(ESP.)<br \/>\nCon Florencia en el Amazonas, \u00d3pera de Tenerife se introduce en las composiciones latinoamericanas. Esta \u00f3pera se programa por primera vez en Espa\u00f1a, tras un amplio recorrido por las casas de \u00f3pera de Am\u00e9rica y solo dos presencias en Europa (Alemania y Suiza). La creaci\u00f3n del mexicano Daniel Cat\u00e1n, con libreto de Marcela Fuentes-Berain, se estren\u00f3 en 1996 y cuenta distintas formas de vivir el amor a trav\u00e9s de un viaje en barco por el Amazonas.[\/vc_column_text][vc_button button_color=&#8221;color-jevc&#8221; hover_fx=&#8221;outlined&#8221; border_width=&#8221;0&#8243; link=&#8221;url:https%3A%2F%2Fwww.chiapatino.com%2Fflorencia%2F&#8221; button_color_type=&#8221;uncode-palette&#8221; uncode_shortcode_id=&#8221;187041&#8243;]Complete Profile \/ Perfil de la Obra[\/vc_button][vc_empty_space empty_h=&#8221;3&#8243;][\/vc_column_inner][\/vc_row_inner][vc_row_inner][vc_column_inner width=&#8221;1\/2&#8243;][vc_empty_space empty_h=&#8221;3&#8243;][vc_single_image media=&#8221;6548&#8243; media_width_percent=&#8221;100&#8243; uncode_shortcode_id=&#8221;898820&#8243; media_link=&#8221;url:https%3A%2F%2Fwww.chiapatino.com%2Fhome%2Fgaleria-de-imagenes-florencia-en-el-amazonas%2F&#8221;][\/vc_column_inner][vc_column_inner width=&#8221;1\/2&#8243;][vc_icon icon=&#8221;fa fa-calendar-full&#8221; heading_semantic=&#8221;p&#8221; text_size=&#8221;h6&#8243; text_weight=&#8221;100&#8243; text_lead=&#8221;small&#8221; uncode_shortcode_id=&#8221;869501&#8243; title=&#8221;March 29, 2022&#8243;][\/vc_icon][vc_custom_heading text_font=&#8221;font-165742&#8243; uncode_shortcode_id=&#8221;211583&#8243;]Galer\u00eda de im\u00e1genes Florencia en el Amazonas[\/vc_custom_heading][vc_column_text uncode_shortcode_id=&#8221;187778&#8243;]\u00a1El Dorado parti\u00f3 y nos dej\u00f3 una serie de memorias maravillosas! y yo&#8230; parqueada en el muelle, esperando viajar pronto a casa. Agradecimiento eterno a mi equipo creativo: Alejandra Prieto, Felype de Lima, Izmir Ickbal, Erin Fleming, Beth Krynicki, Maestro Pedro Halffter, Marcela Fuentes-Berain, cada uno de los cantantes y todo el equipo musical, por supuesto a todo el enorme y maravilloso equipo de \u00d3pera Tenerife, en fin quedan memorias eternas, y mucha gratitud por tanto.[\/vc_column_text][vc_button button_color=&#8221;color-prif&#8221; hover_fx=&#8221;outlined&#8221; border_width=&#8221;0&#8243; link=&#8221;url:https%3A%2F%2Fwww.chiapatino.com%2Fhome%2Fgaleria-de-imagenes-florencia-en-el-amazonas%2F&#8221; button_color_type=&#8221;uncode-palette&#8221; uncode_shortcode_id=&#8221;191411&#8243;]Galery \/ Galeria[\/vc_button][\/vc_column_inner][\/vc_row_inner][vc_row_inner row_inner_height_percent=&#8221;0&#8243; back_color=&#8221;color-lxmt&#8221; overlay_alpha=&#8221;50&#8243; equal_height=&#8221;yes&#8221; gutter_size=&#8221;4&#8243; shift_y=&#8221;0&#8243; z_index=&#8221;0&#8243; el_class=&#8221;inverted-device-order&#8221; limit_content=&#8221;&#8221; uncode_shortcode_id=&#8221;202235&#8243; back_color_type=&#8221;uncode-palette&#8221;][vc_column_inner column_width_percent=&#8221;100&#8243; gutter_size=&#8221;2&#8243; overlay_alpha=&#8221;50&#8243; shift_x=&#8221;0&#8243; shift_y=&#8221;0&#8243; shift_y_down=&#8221;0&#8243; z_index=&#8221;0&#8243; medium_width=&#8221;0&#8243; mobile_width=&#8221;0&#8243; width=&#8221;1\/2&#8243;][vc_icon icon=&#8221;fa fa-calendar-full&#8221; heading_semantic=&#8221;p&#8221; text_size=&#8221;h6&#8243; text_weight=&#8221;100&#8243; text_lead=&#8221;small&#8221; uncode_shortcode_id=&#8221;949845&#8243; title=&#8221;March 28, 2022&#8243;][\/vc_icon][vc_custom_heading text_font=&#8221;font-165742&#8243; uncode_shortcode_id=&#8221;205546&#8243;]Sin noticias del cazador de mariposas[\/vc_custom_heading][vc_column_text uncode_shortcode_id=&#8221;677378&#8243;]<a href=\"http:\/\/enplatea.com\/?p=33195\" target=\"_blank\" rel=\"noopener\"><em>Cita: &#8220;Platea&#8221;<\/em><\/a><\/p>\n<p><em>&#8220;De esta producci\u00f3n, es necesario destacar de forma indiscutible el excelent\u00edsimo trabajo realizado por todo el equipo art\u00edstico y t\u00e9cnico. Bajo la direcci\u00f3n de Ch\u00eda Pati\u00f1o, la escenograf\u00eda a manos de Izmir Ickbal, el dise\u00f1o de vestuario por Felype de Lima, el dise\u00f1o de iluminaci\u00f3n a cargo de Erin Fleming y el dise\u00f1o y direcci\u00f3n de marionetas por Alejandra Prieto, consiguieron que el escenario se convirtiera en s\u00ed mismo en un mundo m\u00e1gico y arm\u00f3nico donde todo pod\u00eda pasar. Como Pati\u00f1o expres\u00f3, quer\u00edan que el espectador visualizara por s\u00ed mismo los paisajes que la historia recorrer\u00eda. Buscaron apelar a la imaginaci\u00f3n de cada uno y con pocos y sencillos elementos, lograron hacernos embarcar en ese viaje de ensue\u00f1o, con Florencia y sus compa\u00f1eros de aventuras a nuestro lado, sobre la cubierta de ese maravilloso barco de vapor&#8221;.<\/em>[\/vc_column_text][vc_button button_color=&#8221;color-jevc&#8221; hover_fx=&#8221;outlined&#8221; border_width=&#8221;0&#8243; button_color_type=&#8221;uncode-palette&#8221; uncode_shortcode_id=&#8221;213997&#8243; link=&#8221;url:http%3A%2F%2Fenplatea.com%2F%3Fp%3D33195|target:_blank&#8221;]Cr\u00edtica completa \/ Complete critique[\/vc_button][\/vc_column_inner][vc_column_inner column_width_percent=&#8221;100&#8243; gutter_size=&#8221;1&#8243; overlay_alpha=&#8221;50&#8243; shift_x=&#8221;0&#8243; shift_y=&#8221;0&#8243; shift_y_down=&#8221;0&#8243; z_index=&#8221;0&#8243; medium_width=&#8221;0&#8243; mobile_width=&#8221;0&#8243; width=&#8221;1\/2&#8243;][vc_empty_space empty_h=&#8221;4&#8243;][vc_single_image media=&#8221;6555&#8243; media_width_percent=&#8221;100&#8243; uncode_shortcode_id=&#8221;125699&#8243;][\/vc_column_inner][\/vc_row_inner][vc_row_inner][vc_column_inner width=&#8221;1\/2&#8243;][vc_empty_space empty_h=&#8221;3&#8243;][vc_single_image media=&#8221;6505&#8243; media_width_percent=&#8221;100&#8243; uncode_shortcode_id=&#8221;166730&#8243;][\/vc_column_inner][vc_column_inner width=&#8221;1\/2&#8243;][vc_icon icon=&#8221;fa fa-calendar-full&#8221; heading_semantic=&#8221;p&#8221; text_size=&#8221;h6&#8243; text_weight=&#8221;100&#8243; text_lead=&#8221;small&#8221; uncode_shortcode_id=&#8221;157440&#8243; title=&#8221;March 28, 2022&#8243;][\/vc_icon][vc_custom_heading text_font=&#8221;font-165742&#8243; uncode_shortcode_id=&#8221;792660&#8243;]La exuberancia de Florencia en el Amazonas contagia el Auditorio de Tenerife[\/vc_custom_heading][vc_column_text uncode_shortcode_id=&#8221;361038&#8243;]<em><a href=\"https:\/\/bachtrack.com\/es_ES\/22\/296\/view\/22740\" target=\"_blank\" rel=\"noopener\">Bachtrack por Francisco Mart\u00ednez Ramos<\/a>, 28 marzo 2022<\/em><\/p>\n<p>\u00d3pera de Tenerife ha presentado Florencia en el Amazonas, obra del compositor mexicano Daniel Cat\u00e1n, con libreto de Marcela Fuentes-Berain. Estrenada mundialmente en 1996, se trata de una obra tonal y ecl\u00e9ctica, de gran inter\u00e9s y con momentos sobrecogedores. Esta \u00f3pera, cuyas funciones en el Auditorio de Tenerife han supuesto su estreno en Espa\u00f1a, tiene una orquestaci\u00f3n brillante y llena de colorido, adem\u00e1s de una escritura vocal que permite mucho lucimiento a los cantantes. El libreto, inspirado en el realismo m\u00e1gico de Gabriel Garc\u00eda M\u00e1rquez, es tambi\u00e9n rico y variado, centr\u00e1ndose no solo en los aspectos externos y exuberantes sino, sobre todo, en los complejos estados psicol\u00f3gicos de los personajes.[\/vc_column_text][vc_button button_color=&#8221;color-jevc&#8221; hover_fx=&#8221;outlined&#8221; border_width=&#8221;0&#8243; link=&#8221;url:https%3A%2F%2Fbachtrack.com%2Fes_ES%2F22%2F296%2Fview%2F22740|target:_blank&#8221; button_color_type=&#8221;uncode-palette&#8221; uncode_shortcode_id=&#8221;582730&#8243;]Nota Completa \/ Complete Article[\/vc_button][\/vc_column_inner][\/vc_row_inner][vc_row_inner][vc_column_inner width=&#8221;1\/2&#8243;][vc_icon icon=&#8221;fa fa-calendar-full&#8221; heading_semantic=&#8221;p&#8221; text_size=&#8221;h6&#8243; text_weight=&#8221;100&#8243; text_lead=&#8221;small&#8221; uncode_shortcode_id=&#8221;156549&#8243; title=&#8221;March 28, 2022&#8243;][\/vc_icon][vc_custom_heading text_font=&#8221;font-165742&#8243; uncode_shortcode_id=&#8221;124399&#8243;]Estreno espa\u00f1ol de una joya de Daniel Cat\u00e1n[\/vc_custom_heading][vc_empty_space empty_h=&#8221;1&#8243;][vc_column_text uncode_shortcode_id=&#8221;214095&#8243;]<a href=\"https:\/\/www.operaactual.com\/critica\/estreno-espanol-de-una-joya-de-daniel-catan\/\" target=\"_blank\" rel=\"noopener\"><em>Noticia, \u00d3pera Actual &#8211; Estrella Ortega<\/em><\/a><\/p>\n<p>Otra interesante obra que ha presentado \u00d3pera de Tenerife en esta temporada, en este caso, del compositor, escritor y profesor mexicano Daniel Cat\u00e1n (1949-2011), ha sido Florencia en el Amazonas, programada por primera vez en Espa\u00f1a. La obra, que acumula casi una veintena de montajes desde su estreno en 1996 en Houston, \u00fanicamente sumaba dos presentaciones en Europa, concretamente en Alemania y Suiza. Florencia demostr\u00f3 la pasi\u00f3n y originalidad que confer\u00eda este compositor a sus obras, las cuales luchan por mantenerse en el repertorio. El libreto pertenece a la escritora mexicana Marcela Fuentes Berain y refleja ese movimiento de la literatura iberoamericana conocido como realismo m\u00e1gico.<\/p>\n<p>Para la directora de escena Chia Pati\u00f1o la selva y el Amazonas son lugares que despiertan miedo, luces, sombras y una infinidad de sonidos, pero tambi\u00e9n sue\u00f1os. Es lo que refleja su puesta en escena en esta nueva producci\u00f3n: frescura, una paleta multicolor, contrastes lum\u00ednicos, vegetaci\u00f3n y un barco desestructurado que se adapta a las necesidades de la trama.[\/vc_column_text][vc_button button_color=&#8221;color-jevc&#8221; hover_fx=&#8221;outlined&#8221; border_width=&#8221;0&#8243; link=&#8221;url:https%3A%2F%2Fwww.operaactual.com%2Fcritica%2Festreno-espanol-de-una-joya-de-daniel-catan%2F|target:_blank&#8221; button_color_type=&#8221;uncode-palette&#8221; uncode_shortcode_id=&#8221;586530&#8243;]Nota Completa \/ Complete Article[\/vc_button][\/vc_column_inner][vc_column_inner width=&#8221;1\/2&#8243;][vc_empty_space empty_h=&#8221;2&#8243;][vc_empty_space empty_h=&#8221;5&#8243;][vc_single_image media=&#8221;6497&#8243; caption=&#8221;yes&#8221; media_width_percent=&#8221;100&#8243; uncode_shortcode_id=&#8221;132608&#8243;][\/vc_column_inner][\/vc_row_inner][vc_row_inner][vc_column_inner width=&#8221;1\/2&#8243;][vc_empty_space empty_h=&#8221;4&#8243;][vc_single_image media=&#8221;6491&#8243; media_width_percent=&#8221;100&#8243; uncode_shortcode_id=&#8221;153911&#8243; media_link=&#8221;url:https%3A%2F%2Fwww.rtve.es%2Fnoticias%2F20220324%2Fse-estrena-tenerife-opera-florencia-amazonas%2F2321941.shtml|target:_blank&#8221;][\/vc_column_inner][vc_column_inner width=&#8221;1\/2&#8243;][vc_icon icon=&#8221;fa fa-calendar-full&#8221; heading_semantic=&#8221;p&#8221; text_size=&#8221;h6&#8243; text_weight=&#8221;100&#8243; text_lead=&#8221;small&#8221; uncode_shortcode_id=&#8221;140109&#8243; title=&#8221;March 24, 2022&#8243;][\/vc_icon][vc_custom_heading text_font=&#8221;font-165742&#8243; uncode_shortcode_id=&#8221;352330&#8243;]Se estrena en Tenerife la \u00f3pera &#8216;Florencia en el Amazonas'[\/vc_custom_heading][vc_column_text uncode_shortcode_id=&#8221;867464&#8243;]<a href=\"https:\/\/www.rtve.es\/noticias\/20220324\/se-estrena-tenerife-opera-florencia-amazonas\/2321941.shtml\" target=\"_blank\" rel=\"noopener\"><em>Ana Hern\u00e1ndez \/ RTVE Canarias <\/em><\/a><\/p>\n<p>El Auditorio de Tenerife pone en escena estos d\u00edas la \u00f3pera Florencia en el Amazonas, una obra inspirada en el realismo m\u00e1gico de Gabriel Garc\u00eda M\u00e1rquez. Precisamente fue \u00e9l quien recomend\u00f3 a una colaboradora para redactar el libreto.<\/p>\n<p>Con Florencia en el Amazonas, \u00d3pera de Tenerife se introduce en las composiciones latinoamericanas. Esta \u00f3pera se programa por primera vez en Espa\u00f1a, tras un amplio recorrido por las casas de \u00f3pera de Am\u00e9rica y solo dos en Europa, en Alemania y Suiza. La creaci\u00f3n del mexicano Daniel Cat\u00e1n, con libreto de Marcela Fuentes-Berain, se estren\u00f3 en 1996 y cuenta distintas formas de vivir el amor a trav\u00e9s de un viaje en barco por el Amazonas.[\/vc_column_text][vc_button button_color=&#8221;color-jevc&#8221; hover_fx=&#8221;outlined&#8221; border_width=&#8221;0&#8243; link=&#8221;url:https%3A%2F%2Fwww.rtve.es%2Fnoticias%2F20220324%2Fse-estrena-tenerife-opera-florencia-amazonas%2F2321941.shtml|target:_blank&#8221; button_color_type=&#8221;uncode-palette&#8221; uncode_shortcode_id=&#8221;174702&#8243;]Nota Completa \/ Full Article[\/vc_button][\/vc_column_inner][\/vc_row_inner][vc_row_inner][vc_column_inner width=&#8221;1\/2&#8243;][vc_icon icon=&#8221;fa fa-calendar-full&#8221; heading_semantic=&#8221;p&#8221; text_size=&#8221;h6&#8243; text_weight=&#8221;100&#8243; text_lead=&#8221;small&#8221; uncode_shortcode_id=&#8221;201100&#8243; title=&#8221;March 22, 2022&#8243;][\/vc_icon][vc_custom_heading text_font=&#8221;font-165742&#8243; uncode_shortcode_id=&#8221;656765&#8243;]Magical Realism Arrives at Tenerife with the Premi\u00e8re in Spain of Florencia in the Amazon[\/vc_custom_heading][vc_column_text uncode_shortcode_id=&#8221;631749&#8243;]Magical realism arrives at Tenerife with the premi\u00e8re in Spain of \u201c<a href=\"https:\/\/auditoriodetenerife.com\/en\/florencia-en-el-amazonas\" target=\"_blank\" rel=\"noopener\"><strong>Florencia in the Amazon<\/strong><\/a>\u201d. The opera, by the Mexican composer Daniel Cat\u00e1n (1949-2011) is produced by Auditorio de Tenerife with the help of a local and Latinamerican professional team. This title is promoted by Opera de Tenerife. The shows take place on the 22<sup>nd<\/sup>, 24<sup>th<\/sup>\u00a0and 26<sup>th<\/sup>\u00a0of March at 7:30 p.m. at the Symphony Hall of the venue.<\/p>\n<p>\u201cLove in the Time of Cholera\u201d\u00a0and \u201cOne Hundred Years of Solitude\u201d<em>\u00a0<\/em>are some of the works by Gabriel Garc\u00eda M\u00e1rquez that have inspired this story by Marcela Fuentes-Berain. This musical homage to\u00a0<em>Gabo<\/em>\u00a0and his imaginary arrives at Tenerife with the Ecuadorian director Ch\u00eda Pati\u00f1o. She opts for real visual effects and moves away from the usual audio-visual resources, &#8220;which have been overused during these two years of pandemic&#8221;.<\/p>\n<p>During this boat trip at the beginning of the 20<sup>th<\/sup>\u00a0century to Manaus, Brazil, all want to hear the diva Florencia Grimaldi on her return to her homeland that was constructed in the middle of the jungle. Pati\u00f1o explains that &#8220;we will follow this singer who longs for the past, without being very clear whether she exists or not&#8230; Is it a dream? &#8220;We have a whole ship coming to see her and I want to create doubt on the viewer as to whether the singer is real or not&#8221; explains the director, for whom it is very important to &#8220;feel the Amazon jungle, the way it affects people and vice versa&#8221;.<\/p>\n<p>Pati\u00f1o leads this stage show and completes her team with the North American stage designer Izmir Ickbal, the Brazilian costume designer Felype de Lima, the American lighting designer Erin Fleming and the Spanish designer and puppet master Alejandra Prieto.<\/p>\n<p><em>For the complete article, click the link below.<\/em>[\/vc_column_text][vc_button button_color=&#8221;color-jevc&#8221; hover_fx=&#8221;outlined&#8221; border_width=&#8221;0&#8243; link=&#8221;url:https%3A%2F%2Fauditoriodetenerife.com%2Fen%2Fperforming-arts%2Fmei%2Fnews%2F2842-the-magical-realism-arrives-at-tenerife-with-the-premiere-in-spain-of-florencia-in-the-amazon|target:_blank&#8221; uncode_shortcode_id=&#8221;665791&#8243; button_color_type=&#8221;uncode-palette&#8221;]Magical Realism Arrives At Tenerife[\/vc_button][\/vc_column_inner][vc_column_inner width=&#8221;1\/2&#8243;][vc_empty_space empty_h=&#8221;4&#8243;][vc_empty_space empty_h=&#8221;4&#8243;][vc_single_image media=&#8221;6479&#8243; media_width_percent=&#8221;100&#8243; uncode_shortcode_id=&#8221;150045&#8243; media_link=&#8221;url:https%3A%2F%2Fauditoriodetenerife.com%2Fen%2Fperforming-arts%2Fmei%2Fnews%2F2842-the-magical-realism-arrives-at-tenerife-with-the-premiere-in-spain-of-florencia-in-the-amazon|target:_blank&#8221;][\/vc_column_inner][\/vc_row_inner][vc_row_inner row_inner_height_percent=&#8221;0&#8243; overlay_alpha=&#8221;50&#8243; gutter_size=&#8221;0&#8243; shift_y=&#8221;0&#8243; limit_content=&#8221;&#8221;][vc_column_inner column_width_percent=&#8221;100&#8243; align_horizontal=&#8221;align_right&#8221; gutter_size=&#8221;3&#8243; override_padding=&#8221;yes&#8221; column_padding=&#8221;2&#8243; overlay_alpha=&#8221;50&#8243; shift_x=&#8221;0&#8243; shift_y=&#8221;0&#8243; shift_y_down=&#8221;0&#8243; z_index=&#8221;0&#8243; medium_width=&#8221;2&#8243; align_mobile=&#8221;align_center_mobile&#8221; mobile_width=&#8221;7&#8243; width=&#8221;1\/2&#8243; uncode_shortcode_id=&#8221;928781&#8243;][vc_icon icon=&#8221;fa fa-calendar-full&#8221; heading_semantic=&#8221;p&#8221; text_size=&#8221;h6&#8243; text_weight=&#8221;100&#8243; text_lead=&#8221;small&#8221; uncode_shortcode_id=&#8221;315988&#8243; title=&#8221;January 22, 2022&#8243;][\/vc_icon][vc_empty_space empty_h=&#8221;0&#8243;][vc_custom_heading text_font=&#8221;font-165742&#8243; text_size=&#8221;fontsize-181231&#8243; sub_lead=&#8221;small&#8221; sub_reduced=&#8221;yes&#8221; subheading=&#8221;La \u00f3pera \u2018Florencia en el Amazonas\u2019 comienza sus ensayos con una escenograf\u00eda y vestuario \u00fanicos&#8221; uncode_shortcode_id=&#8221;101157&#8243;]Un viaje m\u00e1gico a bordo de \u2018El Dorado\u2019[\/vc_custom_heading][vc_empty_space empty_h=&#8221;1&#8243;][vc_column_text uncode_shortcode_id=&#8221;321383&#8243;]<a href=\"https:\/\/www.eldia.es\/cultura\/2022\/02\/27\/viaje-magico-bordo-dorado-63213480.html\" target=\"_blank\" rel=\"noopener\"><strong><em>El D\u00eda &#8211; La Opini\u00f3n de Tenerife<\/em><\/strong><\/a><\/p>\n<p>Falta casi un mes pero en el Auditorio de Tenerife ya se respira la magia de la siguiente cita con el calendario de \u00d3pera de Tenerife: Florencia en el Amazonas, de Daniel Cat\u00e1n. El estreno de esta pieza, una apuesta por la l\u00edrica latinoamericana, tendr\u00e1 lugar el pr\u00f3ximo 22 de marzo. Se podr\u00e1 ver tambi\u00e9n los d\u00edas 24 y 26 sobre el escenario de la Sala Sinf\u00f3nica. Los ensayos, de hecho, ya han comenzado parcialmente. Ma\u00f1ana se incorporar\u00e1n todos los cantantes.<\/p>\n<p><em>Art\u00edculo completo<\/em>[\/vc_column_text][vc_empty_space empty_h=&#8221;2&#8243;][vc_button button_color=&#8221;color-jevc&#8221; size=&#8221;btn-sm&#8221; hover_fx=&#8221;outlined&#8221; border_width=&#8221;0&#8243; link=&#8221;url:https%3A%2F%2Fwww.eldia.es%2Fcultura%2F2022%2F02%2F27%2Fviaje-magico-bordo-dorado-63213480.html|target:_blank&#8221; button_color_type=&#8221;uncode-palette&#8221; uncode_shortcode_id=&#8221;807072&#8243;]El D\u00eda &#8211; La Opini\u00f3n de Tenerife[\/vc_button][\/vc_column_inner][vc_column_inner column_width_percent=&#8221;100&#8243; position_vertical=&#8221;middle&#8221; gutter_size=&#8221;2&#8243; override_padding=&#8221;yes&#8221; column_padding=&#8221;2&#8243; overlay_alpha=&#8221;50&#8243; shift_x=&#8221;0&#8243; shift_y=&#8221;0&#8243; shift_y_down=&#8221;0&#8243; z_index=&#8221;0&#8243; medium_width=&#8221;6&#8243; mobile_visibility=&#8221;yes&#8221; mobile_width=&#8221;5&#8243; width=&#8221;1\/2&#8243; uncode_shortcode_id=&#8221;983831&#8243;][vc_single_image media=&#8221;6266&#8243; media_width_percent=&#8221;100&#8243; uncode_shortcode_id=&#8221;128610&#8243;][\/vc_column_inner][\/vc_row_inner][vc_empty_space empty_h=&#8221;2&#8243;][vc_separator sep_color=&#8221;accent&#8221; uncode_shortcode_id=&#8221;149629&#8243; sep_color_type=&#8221;uncode-palette&#8221;][vc_empty_space empty_h=&#8221;2&#8243;][vc_row_inner row_inner_height_percent=&#8221;0&#8243; overlay_alpha=&#8221;50&#8243; gutter_size=&#8221;0&#8243; shift_y=&#8221;0&#8243; limit_content=&#8221;&#8221;][vc_column_inner column_width_percent=&#8221;100&#8243; align_horizontal=&#8221;align_right&#8221; gutter_size=&#8221;3&#8243; override_padding=&#8221;yes&#8221; column_padding=&#8221;2&#8243; overlay_alpha=&#8221;50&#8243; shift_x=&#8221;0&#8243; shift_y=&#8221;0&#8243; shift_y_down=&#8221;0&#8243; z_index=&#8221;0&#8243; medium_width=&#8221;2&#8243; align_mobile=&#8221;align_center_mobile&#8221; mobile_width=&#8221;7&#8243; width=&#8221;1\/2&#8243; uncode_shortcode_id=&#8221;928781&#8243;][vc_icon icon=&#8221;fa fa-calendar-full&#8221; heading_semantic=&#8221;p&#8221; text_size=&#8221;h6&#8243; text_weight=&#8221;100&#8243; text_lead=&#8221;small&#8221; uncode_shortcode_id=&#8221;541260&#8243; title=&#8221;February 10, 2022&#8243;][\/vc_icon][vc_custom_heading text_font=&#8221;font-165742&#8243; text_size=&#8221;fontsize-181231&#8243; sub_lead=&#8221;small&#8221; sub_reduced=&#8221;yes&#8221; subheading=&#8221;Music by Christoph Willibald Gluck; Libretto by Ranieri de&#8217; Calzabigi&#8221; uncode_shortcode_id=&#8221;173731&#8243;]Orpheus &amp; Eurydice[\/vc_custom_heading][vc_empty_space empty_h=&#8221;1&#8243;][vc_column_text uncode_shortcode_id=&#8221;118358&#8243;]A gallery of photos from my latest stage direction for <a href=\"https:\/\/www.seattleopera.org\/on-stage\/orpheus-eurydice-2022\/\" target=\"_blank\" rel=\"noopener\">Seattle Opera\u2019s Orpheus &amp; Eurydice<\/a> that took place at the <a href=\"https:\/\/www.seattleopera.org\" target=\"_blank\" rel=\"noopener\">Tagney Jones Hall Opera Center<\/a>in Seattle.<\/p>\n<p>Cast:\u00a0Christopher Ainslie and Key\u2019Mon W. Murrah as Orpheus, Ariana Wehr and Shelly Traverse as Eurydice, Sharleen Joynt and Deanna Breiwick as Amore.Creative Team: Stephen Stubbs Conductor, Ch\u00eda Pati\u00f1o Director, Donald Byrd Chroreogtapher, Carey Wong Scenic Designer, Liesl Alice Gatcheco Costume Designer, Robert Aguilar Lighting Designer, Robertson Witmer Sound Designer, S Katy Tucker Video and Projection Designer, John Keene Chorusmaster and Philip Kelsey Arranger[\/vc_column_text][vc_empty_space empty_h=&#8221;2&#8243;][vc_button button_color=&#8221;color-jevc&#8221; size=&#8221;btn-sm&#8221; hover_fx=&#8221;outlined&#8221; border_width=&#8221;0&#8243; link=&#8221;url:https%3A%2F%2Fwww.seattleopera.org%2Forpheus|target:_blank&#8221; button_color_type=&#8221;uncode-palette&#8221; uncode_shortcode_id=&#8221;732030&#8243;]Seattle Opera[\/vc_button][\/vc_column_inner][vc_column_inner column_width_percent=&#8221;100&#8243; position_vertical=&#8221;middle&#8221; gutter_size=&#8221;2&#8243; override_padding=&#8221;yes&#8221; column_padding=&#8221;2&#8243; overlay_alpha=&#8221;50&#8243; shift_x=&#8221;0&#8243; shift_y=&#8221;0&#8243; shift_y_down=&#8221;0&#8243; z_index=&#8221;0&#8243; medium_width=&#8221;6&#8243; mobile_visibility=&#8221;yes&#8221; mobile_width=&#8221;5&#8243; width=&#8221;1\/2&#8243; uncode_shortcode_id=&#8221;983831&#8243;][vc_gallery el_id=&#8221;gallery-151399&#8243; medias=&#8221;7646,7645,7644,7643,7642,7641,7640,7639&#8243; gutter_size=&#8221;0&#8243; media_items=&#8221;media|lightbox|original&#8221; screen_lg=&#8221;1000&#8243; screen_md=&#8221;600&#8243; screen_sm=&#8221;480&#8243; single_width=&#8221;3&#8243; single_overlay_opacity=&#8221;50&#8243; single_padding=&#8221;0&#8243; uncode_shortcode_id=&#8221;286993&#8243; title=&#8221;Orpheus &amp; Eurydice&#8221;][\/vc_column_inner][\/vc_row_inner][vc_row_inner row_inner_height_percent=&#8221;0&#8243; back_color=&#8221;color-lxmt&#8221; overlay_alpha=&#8221;50&#8243; gutter_size=&#8221;3&#8243; shift_y=&#8221;0&#8243; z_index=&#8221;0&#8243; limit_content=&#8221;&#8221; uncode_shortcode_id=&#8221;148591&#8243; back_color_type=&#8221;uncode-palette&#8221;][vc_column_inner width=&#8221;2\/3&#8243;][vc_icon icon=&#8221;fa fa-calendar-full&#8221; heading_semantic=&#8221;p&#8221; text_size=&#8221;h6&#8243; text_weight=&#8221;100&#8243; text_lead=&#8221;small&#8221; uncode_shortcode_id=&#8221;208105&#8243; title=&#8221;September 30, 2021&#8243;][\/vc_icon][vc_custom_heading heading_semantic=&#8221;h1&#8243; text_font=&#8221;font-165742&#8243; text_size=&#8221;fontsize-181231&#8243; uncode_shortcode_id=&#8221;779861&#8243;]In conversation with Ch\u00eda Pati\u00f1o,\u00a0the stage director of <a href=\"https:\/\/www.seattleopera.org\/orpheus\" target=\"_blank\" rel=\"noopener\"><strong>Orpheus &amp; Eurydice<\/strong><\/a><br \/>\n<a href=\"https:\/\/www.seattleopera.org\" target=\"_blank\" rel=\"noopener\">Seattle Opera.<\/a>[\/vc_custom_heading][vc_column_text uncode_shortcode_id=&#8221;654517&#8243;]<em>What attracted you to Seattle Opera\u2019s production of <a href=\"https:\/\/www.seattleopera.org\/orpheus\" target=\"_blank\" rel=\"noopener\"><strong>Orpheus &amp; Eurydice<\/strong><\/a>?<\/em><\/p>\n<p><em>&#8220;I wanted to explore our relationship with death, especially in this time of COVID. In Latin America, the pandemic has been very bad\u2014everyone knows someone who has died from it. I lost an uncle at the very beginning of the pandemic. Then I lost a good friend. On the night, I learned that my friend had it, I prayed for his life. I had not prayed since I was 15. I started praying because he has three kids and I really wanted him to pull through. I got reports from his brother and from his wife: he was diabetic, he was connected to a ventilator, his kidneys were in bad shape, his liver was damaged, his eyesight affected, and his lungs had collapsed. If he could come back, what type of life would he have? How would his family cope? He would have a tough life. For me, I thought it best that he pass away.&#8221;<\/em><\/p>\n<p>Click the button for the complete interview[\/vc_column_text][vc_button button_color=&#8221;color-jevc&#8221; hover_fx=&#8221;outlined&#8221; border_width=&#8221;0&#8243; link=&#8221;url:https%3A%2F%2Fwww.chiapatino.com%2Finterchiaorpheus%2F&#8221; uncode_shortcode_id=&#8221;358767&#8243; button_color_type=&#8221;uncode-palette&#8221;]INTERVIEW[\/vc_button][\/vc_column_inner][vc_column_inner column_width_percent=&#8221;100&#8243; gutter_size=&#8221;3&#8243; overlay_alpha=&#8221;50&#8243; shift_x=&#8221;3&#8243; shift_y=&#8221;0&#8243; shift_y_down=&#8221;0&#8243; z_index=&#8221;0&#8243; medium_width=&#8221;0&#8243; mobile_width=&#8221;0&#8243; width=&#8221;1\/3&#8243; uncode_shortcode_id=&#8221;202233&#8243; css=&#8221;.vc_custom_1634254757060{border-left-width: 20px !important;padding-left: 20px !important;}&#8221;][vc_empty_space empty_h=&#8221;5&#8243;][vc_single_image media=&#8221;5762&#8243; media_width_percent=&#8221;100&#8243; alignment=&#8221;right&#8221; uncode_shortcode_id=&#8221;532127&#8243; media_link=&#8221;url:https%3A%2F%2Fwww.seattleopera.org%2Fon-stage%2Forpheus-eurydice-2022%2F|target:_blank&#8221;][\/vc_column_inner][\/vc_row_inner][vc_empty_space empty_h=&#8221;2&#8243;][vc_separator sep_color=&#8221;accent&#8221; uncode_shortcode_id=&#8221;149629&#8243; sep_color_type=&#8221;uncode-palette&#8221;][vc_empty_space empty_h=&#8221;2&#8243;][vc_row_inner row_inner_height_percent=&#8221;0&#8243; back_color=&#8221;color-lxmt&#8221; overlay_alpha=&#8221;50&#8243; gutter_size=&#8221;4&#8243; shift_y=&#8221;0&#8243; z_index=&#8221;0&#8243; uncode_shortcode_id=&#8221;114488&#8243; back_color_type=&#8221;uncode-palette&#8221;][vc_column_inner width=&#8221;1\/2&#8243;][vc_icon icon=&#8221;fa fa-calendar-full&#8221; heading_semantic=&#8221;p&#8221; text_size=&#8221;h6&#8243; text_weight=&#8221;100&#8243; text_lead=&#8221;small&#8221; uncode_shortcode_id=&#8221;890714&#8243; title=&#8221;December 12, 2021&#8243;][\/vc_icon][vc_custom_heading text_font=&#8221;font-165742&#8243; text_size=&#8221;fontsize-181231&#8243; sub_lead=&#8221;small&#8221; sub_reduced=&#8221;yes&#8221; uncode_shortcode_id=&#8221;293948&#8243; subheading=&#8221;Original article at indiana.edu, please click the button below&#8221;]Carmen Helena T\u00e9llez (1955\u20132021)[\/vc_custom_heading][vc_column_text uncode_shortcode_id=&#8221;198182&#8243;]It is with great sadness that the Latin American Music Center mourns the death of its former director, colleague and friend, the noted Venezuelan-American conductor, composer, and scholar Carmen Helena T\u00e9llez. She passed away at her home in South Bend, Indiana, on Friday, December 10, 2021 at 4:45pm.<\/p>\n<p>Born in Caracas in 1955, Carmen studied piano and composition in Venezuela before moving to the United States, where she completed degrees at Indiana University in conducting and piano, including a Doctor of Music with Letter of Distinction in 1989. From 1987\u20131989 she served as Music Director for the National Chorus of Spain but returned to the US to serve as a Visiting Assistant Professor of Music and Visiting Music Director of the Handel Society at Dartmouth College. In 1992 she joined the faculty of Indiana University as Professor of Music and Director of the LAMC and the Contemporary Vocal Ensemble, serving in these roles for two decades. She also taught as an Adjunct Professor of Latin American and Caribbean Studies and was a Faculty Fellow with the Institute for Digital Arts and Humanities. In 2010 she received the Tracy Sonneborn Distinguished Professor Award for Creativity in Research and Teaching. Under her direction, the LAMC established a recording competition in conjunction with the Office of Education and the Embassy of Spain to champion works by Latin American and Ibero-American composers.[\/vc_column_text][vc_button button_color=&#8221;color-jevc&#8221; hover_fx=&#8221;outlined&#8221; border_width=&#8221;0&#8243; link=&#8221;url:https%3A%2F%2Fwww.chiapatino.com%2Ftellez5521%2F&#8221; button_color_type=&#8221;uncode-palette&#8221; uncode_shortcode_id=&#8221;887495&#8243;]Continue reading[\/vc_button][\/vc_column_inner][vc_column_inner width=&#8221;1\/2&#8243;][vc_empty_space empty_h=&#8221;5&#8243;][vc_empty_space empty_h=&#8221;4&#8243;][vc_single_image media=&#8221;6107&#8243; caption=&#8221;yes&#8221; media_width_percent=&#8221;100&#8243; uncode_shortcode_id=&#8221;268706&#8243; media_link=&#8221;url:https%3A%2F%2Flamc.indiana.edu%2Fnews-events%2F_news%2Ftellez_tribute.html|target:_blank&#8221;][\/vc_column_inner][\/vc_row_inner][vc_empty_space empty_h=&#8221;2&#8243;][vc_separator sep_color=&#8221;accent&#8221; uncode_shortcode_id=&#8221;149629&#8243; sep_color_type=&#8221;uncode-palette&#8221;][vc_empty_space empty_h=&#8221;2&#8243;][vc_row_inner row_inner_height_percent=&#8221;0&#8243; back_color=&#8221;color-lxmt&#8221; overlay_alpha=&#8221;50&#8243; gutter_size=&#8221;3&#8243; shift_y=&#8221;0&#8243; z_index=&#8221;0&#8243; limit_content=&#8221;&#8221; uncode_shortcode_id=&#8221;118962&#8243; back_color_type=&#8221;uncode-palette&#8221;][vc_column_inner width=&#8221;1\/2&#8243;][vc_empty_space empty_h=&#8221;3&#8243;][vc_single_image media=&#8221;5888&#8243; media_width_percent=&#8221;100&#8243; uncode_shortcode_id=&#8221;136670&#8243;][\/vc_column_inner][vc_column_inner width=&#8221;1\/2&#8243;][vc_icon icon=&#8221;fa fa-calendar-full&#8221; heading_semantic=&#8221;p&#8221; text_size=&#8221;h6&#8243; text_weight=&#8221;100&#8243; text_lead=&#8221;small&#8221; uncode_shortcode_id=&#8221;137340&#8243; title=&#8221;October 28, 2021&#8243;][\/vc_icon][vc_custom_heading text_font=&#8221;font-165742&#8243; text_size=&#8221;fontsize-181231&#8243; uncode_shortcode_id=&#8221;167431&#8243;]Alexandria Symphony Micro-Grant Winners Announcement[\/vc_custom_heading][vc_column_text uncode_shortcode_id=&#8221;155787&#8243;]I&#8217;m exited to share the recording of my composition <strong><em>Wild Swans<\/em><\/strong>, one of the winners of the <a href=\"https:\/\/alexsym.org\" target=\"_blank\" rel=\"noopener\"><strong>Alexandria Symphony Micro-Grand Program<\/strong><\/a>, for more information and details of the announcement please fallow this\u00a0<a href=\"https:\/\/alexsym.org\/alexandria-symphony-announces-micro-grant-winners\/\" target=\"_blank\" rel=\"noopener\">link<\/a><\/p>\n<p>Claudia Chudacoff and Jane Stewart, violins<br \/>\nEric deWaardt, viola<br \/>\nSchuyler Slack, cello<br \/>\nAlan Wonneberger, recording[\/vc_column_text][vc_button button_color=&#8221;color-jevc&#8221; hover_fx=&#8221;outlined&#8221; border_width=&#8221;0&#8243; link=&#8221;url:https%3A%2F%2Falexsym.org%2Falexandria-symphony-announces-micro-grant-winners%2F|target:_blank&#8221; uncode_shortcode_id=&#8221;198462&#8243; button_color_type=&#8221;uncode-palette&#8221;]Alexandria Symphony[\/vc_button][\/vc_column_inner][\/vc_row_inner][vc_empty_space empty_h=&#8221;2&#8243;][vc_separator sep_color=&#8221;accent&#8221; uncode_shortcode_id=&#8221;149629&#8243; sep_color_type=&#8221;uncode-palette&#8221;][vc_empty_space empty_h=&#8221;3&#8243;][vc_row_inner row_inner_height_percent=&#8221;0&#8243; back_color=&#8221;color-lxmt&#8221; overlay_alpha=&#8221;50&#8243; gutter_size=&#8221;3&#8243; shift_y=&#8221;0&#8243; z_index=&#8221;0&#8243; limit_content=&#8221;&#8221; uncode_shortcode_id=&#8221;195967&#8243; back_color_type=&#8221;uncode-palette&#8221;][vc_column_inner width=&#8221;1\/2&#8243;][vc_single_image media=&#8221;5379&#8243; media_width_percent=&#8221;100&#8243; uncode_shortcode_id=&#8221;533407&#8243;][vc_column_text uncode_shortcode_id=&#8221;141866&#8243;]Originally commissioned and premiered by the Princeton Festival in June 2017 to wonderful reviews as an art-music video, <strong><em>Dreaming\/Undreaming<\/em><\/strong> will be presented at<a href=\"https:\/\/www.eartaxifestival.com\"><em><strong> Ear Taxi<\/strong><\/em><\/a> in a new mixed media version, with pianist<strong> Natasha Stojanovska<\/strong> playing live while the art videos by <strong>Camilla Tassi<\/strong> and <strong>Ryan Belock<\/strong> are projected in real time, featuring dramaturgy by <strong>Chia Pati\u00f1o<\/strong> and movement by <strong>Alexa Capareda.<\/strong><\/p>\n<p>There will be two versions of this project. In the first concert on <a href=\"https:\/\/www.eartaxifestival.com\/spotlight-artists\/kosmologia\"><em><strong>Saturday, September 18 at 7:30 pm,<\/strong><\/em><\/a> <em><strong>Dreaming\/Undreaming<\/strong><\/em> will deliver the relationship between videos and the music originally designed by the project creators. In the second concert on <a href=\"https:\/\/www.eartaxifestival.com\/spotlight-artists\/kosmologia\"><em><strong>Sunday, September 19 at 3 pm<\/strong><\/em><\/a>, the audience will be asked to select the order of the videos to accompany the music. Adventurous audiences are encouraged to attend both versions, to enjoy the diversity and surprises of perception once the video sequence is changed between them. All ticket-holders will be able to enter a website afterwards and watch both the Princeton and the Chicago versions of Dreaming\/Undreaming to compare the experiences! Learn more about Kosmologia and Dreaming\/Undreaming <strong><a href=\"https:\/\/kosmologiaproject.com\" target=\"_blank\" rel=\"noopener\">here!<\/a><\/strong><\/p>\n<p><b>Dates and Times:<\/b><u><\/u><u><\/u><\/p>\n<p><strong>Saturday September 18, 7:30 pm \/\u00a0<u><\/u><u><\/u>Sunday, September 19, 3 pm<\/strong>[\/vc_column_text][vc_empty_space empty_h=&#8221;2&#8243;][\/vc_column_inner][vc_column_inner column_width_percent=&#8221;100&#8243; gutter_size=&#8221;3&#8243; overlay_alpha=&#8221;50&#8243; shift_x=&#8221;0&#8243; shift_y=&#8221;0&#8243; shift_y_down=&#8221;0&#8243; z_index=&#8221;0&#8243; medium_width=&#8221;0&#8243; mobile_width=&#8221;0&#8243; width=&#8221;1\/2&#8243; uncode_shortcode_id=&#8221;126122&#8243; css=&#8221;.vc_custom_1627579256363{border-right-width: 50px !important;padding-right: 50px !important;}&#8221;][vc_icon icon=&#8221;fa fa-calendar-full&#8221; heading_semantic=&#8221;p&#8221; text_size=&#8221;h6&#8243; text_weight=&#8221;100&#8243; text_lead=&#8221;small&#8221; uncode_shortcode_id=&#8221;121535&#8243; title=&#8221;September 10, 2021&#8243;][\/vc_icon][vc_custom_heading text_font=&#8221;font-165742&#8243; text_size=&#8221;fontsize-181231&#8243; uncode_shortcode_id=&#8221;192152&#8243; subheading=&#8221;September 18 and 19, 2021 &#8211; Ear Taxi Festival in Chicago&#8221;]Dreaming\/Undreaming[\/vc_custom_heading][vc_button button_color=&#8221;color-nhtu&#8221; border_width=&#8221;0&#8243; link=&#8221;url:https%3A%2F%2Fwww.dreamingundreaming.com|target:_blank&#8221; uncode_shortcode_id=&#8221;138302&#8243; button_color_type=&#8221;uncode-palette&#8221;]+ INFO[\/vc_button][vc_empty_space empty_h=&#8221;2&#8243;][vc_column_text uncode_shortcode_id=&#8221;568799&#8243;]<\/p>\n<p id=\"tw-target-text\" class=\"tw-data-text tw-text-large XcVN5d tw-ta\" dir=\"ltr\" data-placeholder=\"Translation\"><em><span class=\"Y2IQFc\" lang=\"es\">(ESPA) Dreaming \/ Undreaming, originalmente encargado y estrenado por el <a href=\"https:\/\/princetonfestival.org\/performance\/2021-kosmologia\/\" target=\"_blank\" rel=\"noopener\"><strong>Festival de Princeton en junio de 2017<\/strong> <\/a>con excelentes cr\u00edticas como un video musical art\u00edstico, se presentar\u00e1 en<a href=\"https:\/\/www.eartaxifestival.com\/spotlight-artists\/kosmologia\" target=\"_blank\" rel=\"noopener\"><strong> Ear Taxi<\/strong> <\/a>en una nueva versi\u00f3n de medios mixtos, con la pianista <strong>Natasha Stojanovska<\/strong> tocando en vivo mientras los videos art\u00edsticos de <strong>Camilla Tassi<\/strong> y<strong> Ryan Belock<\/strong> se proyectan en tiempo real, con dramaturgia de <strong>Chia Pati\u00f1o<\/strong> y movimiento de <strong>Alexa Capareda<\/strong>. Habr\u00e1 dos versiones de este proyecto. En el primer concierto el s<strong>\u00e1bado 18 de septiembre a las 7:30 pm<\/strong>, <strong>Dreaming \/ Undreaming<\/strong> entregar\u00e1 la relaci\u00f3n entre los videos y la m\u00fasica originalmente dise\u00f1ada por los creadores del proyecto. En el segundo concierto el domingo <strong>19 de septiembre a las 15 horas<\/strong>, se pedir\u00e1 al p\u00fablico que seleccione el orden de los videos para acompa\u00f1ar la m\u00fasica. Se anima al p\u00fablico aventurero a asistir a ambas versiones, para disfrutar de la diversidad y las sorpresas de la percepci\u00f3n una vez que se cambia la secuencia de video entre ellos. \u00a1Todos los poseedores de boletos podr\u00e1n ingresar a un sitio web despu\u00e9s y ver las versiones de Princeton y Chicago de Dreaming \/ Undreaming para comparar las experiencias! \u00a1Aprenda m\u00e1s sobre Kosmologia y Dreaming \/ Undreaming <a href=\"https:\/\/kosmologiaproject.com\" target=\"_blank\" rel=\"noopener\"><strong>aqu\u00ed!<\/strong><\/a><\/span><\/em><\/p>\n<p>[\/vc_column_text][\/vc_column_inner][\/vc_row_inner][vc_empty_space empty_h=&#8221;2&#8243;][vc_separator sep_color=&#8221;accent&#8221; uncode_shortcode_id=&#8221;149629&#8243; sep_color_type=&#8221;uncode-palette&#8221;][vc_empty_space empty_h=&#8221;2&#8243;][vc_row_inner row_inner_height_percent=&#8221;0&#8243; back_color=&#8221;color-lxmt&#8221; overlay_alpha=&#8221;50&#8243; gutter_size=&#8221;4&#8243; shift_y=&#8221;0&#8243; z_index=&#8221;0&#8243; limit_content=&#8221;&#8221; uncode_shortcode_id=&#8221;617450&#8243; back_color_type=&#8221;uncode-palette&#8221;][vc_column_inner width=&#8221;1\/2&#8243;][vc_icon icon=&#8221;fa fa-calendar-full&#8221; heading_semantic=&#8221;p&#8221; text_size=&#8221;h6&#8243; text_weight=&#8221;100&#8243; text_lead=&#8221;small&#8221; uncode_shortcode_id=&#8221;205450&#8243; title=&#8221;September 05, 2021&#8243;][\/vc_icon][vc_custom_heading text_font=&#8221;font-165742&#8243; text_size=&#8221;fontsize-181231&#8243; uncode_shortcode_id=&#8221;115306&#8243;]ADA<br \/>\nWelcomes Ch\u00eda Pati\u00f1o[\/vc_custom_heading][vc_column_text uncode_shortcode_id=&#8221;294114&#8243;]As of today I&#8217;m officially being represented by ADA Artist Management, I am very excited to join their roster! Click the button below to visit my profile at ADA Artis Management website.[\/vc_column_text][vc_column_text text_color=&#8221;color-jevc&#8221; uncode_shortcode_id=&#8221;187025&#8243; css=&#8221;.vc_custom_1634297805470{padding-left: 30px !important;}&#8221; text_color_type=&#8221;uncode-palette&#8221;]La reconocida agencia norteamericana suma a su grupo de artistas a la directora esc\u00e9nica Ch\u00eda Pati\u00f1o.<br \/>\n<strong><a href=\"https:\/\/www.ada-artists.com\/about-us\" target=\"_blank\" rel=\"noopener\"><em>&#8220;ADA trabaja para identificar nuevos talentos y fomentar las carreras de los mejores artistas que se destacan en una variedad de g\u00e9neros y repertorios, desde artistas emergentes hasta artistas de renombre internacional. La agencia trabaja desde 2004 en construir<\/em><\/a><a href=\"https:\/\/www.ada-artists.com\/about-us\" target=\"_blank\" rel=\"noopener\"><em> relaciones positivas en toda la industria<\/em><\/a><a href=\"https:\/\/www.ada-artists.com\/about-us\" target=\"_blank\" rel=\"noopener\">.&#8221;\u00a0<\/a><\/strong>[\/vc_column_text][vc_button button_color=&#8221;color-jevc&#8221; border_width=&#8221;0&#8243; link=&#8221;url:https%3A%2F%2Fwww.ada-artists.com%2Fdirector-chia-patino|target:_blank&#8221; uncode_shortcode_id=&#8221;170297&#8243; button_color_type=&#8221;uncode-palette&#8221;]ADA Profile[\/vc_button][\/vc_column_inner][vc_column_inner column_width_percent=&#8221;100&#8243; gutter_size=&#8221;3&#8243; overlay_alpha=&#8221;50&#8243; shift_x=&#8221;0&#8243; shift_y=&#8221;0&#8243; shift_y_down=&#8221;0&#8243; z_index=&#8221;0&#8243; medium_width=&#8221;0&#8243; mobile_width=&#8221;0&#8243; width=&#8221;1\/2&#8243; uncode_shortcode_id=&#8221;126122&#8243; css=&#8221;.vc_custom_1627579256363{border-right-width: 50px !important;padding-right: 50px !important;}&#8221;][vc_single_image media=&#8221;5689&#8243; media_width_percent=&#8221;70&#8243; uncode_shortcode_id=&#8221;103575&#8243;][\/vc_column_inner][\/vc_row_inner][\/vc_column][\/vc_row][vc_row row_height_percent=&#8221;0&#8243; override_padding=&#8221;yes&#8221; h_padding=&#8221;2&#8243; top_padding=&#8221;5&#8243; bottom_padding=&#8221;5&#8243; back_color=&#8221;color-lxmt&#8221; overlay_alpha=&#8221;50&#8243; gutter_size=&#8221;3&#8243; column_width_percent=&#8221;100&#8243; shift_y=&#8221;0&#8243; z_index=&#8221;0&#8243; bottom_divider=&#8221;step_3_4&#8243; uncode_shortcode_id=&#8221;120537&#8243; back_color_type=&#8221;uncode-palette&#8221;][vc_column column_width_percent=&#8221;100&#8243; position_vertical=&#8221;middle&#8221; gutter_size=&#8221;4&#8243; overlay_alpha=&#8221;50&#8243; shift_x=&#8221;0&#8243; shift_y=&#8221;0&#8243; shift_y_down=&#8221;0&#8243; z_index=&#8221;0&#8243; medium_width=&#8221;0&#8243; mobile_width=&#8221;0&#8243; width=&#8221;1\/1&#8243;][vc_separator sep_color=&#8221;accent&#8221; uncode_shortcode_id=&#8221;149629&#8243; sep_color_type=&#8221;uncode-palette&#8221;][vc_empty_space empty_h=&#8221;2&#8243;][uncode_index el_id=&#8221;index-130519&#8243; index_type=&#8221;carousel&#8221; loop=&#8221;size:8|order_by:date|order:DESC|post_type:post|by_id:4973,3179,2801|taxonomy_count:10&#8243; carousel_lg=&#8221;3&#8243; carousel_md=&#8221;2&#8243; carousel_sm=&#8221;1&#8243; gutter_size=&#8221;4&#8243; post_items=&#8221;date,title,text|excerpt,spacer|half&#8221; carousel_autoh=&#8221;yes&#8221; carousel_interval=&#8221;0&#8243; carousel_navspeed=&#8221;200&#8243; carousel_dots=&#8221;yes&#8221; stage_padding=&#8221;0&#8243; single_overlay_opacity=&#8221;50&#8243; single_padding=&#8221;2&#8243; single_title_family=&#8221;font-165742&#8243; single_title_dimension=&#8221;h3&#8243; uncode_shortcode_id=&#8221;183901&#8243;][\/vc_column][\/vc_row][vc_row unlock_row_content=&#8221;yes&#8221; row_height_percent=&#8221;0&#8243; back_image=&#8221;5663&#8243; back_position=&#8221;center center&#8221; parallax=&#8221;yes&#8221; overlay_alpha=&#8221;50&#8243; gutter_size=&#8221;3&#8243; column_width_percent=&#8221;100&#8243; shift_y=&#8221;0&#8243; z_index=&#8221;0&#8243; uncode_shortcode_id=&#8221;730163&#8243;][vc_column width=&#8221;1\/1&#8243;][vc_empty_space empty_h=&#8221;5&#8243;][vc_empty_space empty_h=&#8221;5&#8243;][vc_empty_space empty_h=&#8221;5&#8243;][vc_empty_space empty_h=&#8221;5&#8243;][vc_empty_space empty_h=&#8221;5&#8243;][vc_empty_space empty_h=&#8221;5&#8243;][\/vc_column][\/vc_row]<\/p>\n<\/div>","protected":false},"excerpt":{"rendered":"<p>Welcome to my website here you will find examples of my work, latest news, upcoming events, and my blog  \/ Bienvenidos a mi sitio web aqu\u00ed podr\u00e1s encontrar algunos de mis trabajos, tambi\u00e9n pr\u00f3ximos estrenos, mi blog, entre otras cosas.<\/p>\n","protected":false},"author":1,"featured_media":5689,"parent":0,"menu_order":0,"comment_status":"closed","ping_status":"closed","template":"","meta":{"footnotes":""},"class_list":["post-6568","page","type-page","status-publish","has-post-thumbnail","hentry","page_category-workcollection","page_category-stagedirector","page_category-noticias"],"yoast_head":"<!-- This site is optimized with the Yoast SEO plugin v27.5 - https:\/\/yoast.com\/product\/yoast-seo-wordpress\/ -->\n<title>News Archive \/ Archivo de Noticias - Chia Pati\u00f1o<\/title>\n<meta name=\"description\" content=\"Welcome to my website here you will find examples of my work, latest news, upcoming events, and my blog \/ Bienvenidos a mi sitio web aqu\u00ed podr\u00e1s encontrar algunos de mis trabajos, tambi\u00e9n pr\u00f3ximos estrenos, mi blog, entre otras cosas.\" \/>\n<meta name=\"robots\" content=\"index, follow, max-snippet:-1, max-image-preview:large, max-video-preview:-1\" \/>\n<link rel=\"canonical\" href=\"https:\/\/www.chiapatino.com\/home\/newsarch\/\" \/>\n<meta property=\"og:locale\" content=\"en_US\" \/>\n<meta property=\"og:type\" content=\"article\" \/>\n<meta property=\"og:title\" content=\"News Archive \/ Archivo de Noticias - Chia Pati\u00f1o\" \/>\n<meta property=\"og:description\" content=\"Welcome to my website here you will find examples of my work, latest news, upcoming events, and my blog \/ Bienvenidos a mi sitio web aqu\u00ed podr\u00e1s encontrar algunos de mis trabajos, tambi\u00e9n pr\u00f3ximos estrenos, mi blog, entre otras cosas.\" \/>\n<meta property=\"og:url\" content=\"https:\/\/www.chiapatino.com\/home\/newsarch\/\" \/>\n<meta property=\"og:site_name\" content=\"Chia Pati\u00f1o\" \/>\n<meta property=\"article:publisher\" content=\"https:\/\/www.facebook.com\/chia.patino\" \/>\n<meta property=\"article:modified_time\" content=\"2025-02-07T15:41:17+00:00\" \/>\n<meta property=\"og:image\" content=\"https:\/\/www.chiapatino.com\/wp-content\/uploads\/2021\/09\/Chia-gsADA2.webp\" \/>\n\t<meta property=\"og:image:width\" content=\"664\" \/>\n\t<meta property=\"og:image:height\" content=\"830\" \/>\n\t<meta property=\"og:image:type\" content=\"image\/webp\" \/>\n<meta name=\"twitter:card\" content=\"summary_large_image\" \/>\n<meta name=\"twitter:site\" content=\"@en\" \/>\n<meta name=\"twitter:label1\" content=\"Est. reading time\" \/>\n\t<meta name=\"twitter:data1\" content=\"32 minutes\" \/>\n<script type=\"application\/ld+json\" class=\"yoast-schema-graph\">{\"@context\":\"https:\\\/\\\/schema.org\",\"@graph\":[{\"@type\":\"WebPage\",\"@id\":\"https:\\\/\\\/www.chiapatino.com\\\/home\\\/newsarch\\\/\",\"url\":\"https:\\\/\\\/www.chiapatino.com\\\/home\\\/newsarch\\\/\",\"name\":\"News Archive \\\/ Archivo de Noticias - Chia Pati\u00f1o\",\"isPartOf\":{\"@id\":\"https:\\\/\\\/www.chiapatino.com\\\/home\\\/#website\"},\"primaryImageOfPage\":{\"@id\":\"https:\\\/\\\/www.chiapatino.com\\\/home\\\/newsarch\\\/#primaryimage\"},\"image\":{\"@id\":\"https:\\\/\\\/www.chiapatino.com\\\/home\\\/newsarch\\\/#primaryimage\"},\"thumbnailUrl\":\"https:\\\/\\\/i0.wp.com\\\/www.chiapatino.com\\\/wp-content\\\/uploads\\\/2021\\\/09\\\/Chia-gsADA2.webp?fit=664%2C830&ssl=1\",\"datePublished\":\"2022-04-18T16:56:53+00:00\",\"dateModified\":\"2025-02-07T15:41:17+00:00\",\"description\":\"Welcome to my website here you will find examples of my work, latest news, upcoming events, and my blog \\\/ Bienvenidos a mi sitio web aqu\u00ed podr\u00e1s encontrar algunos de mis trabajos, tambi\u00e9n pr\u00f3ximos estrenos, mi blog, entre otras cosas.\",\"breadcrumb\":{\"@id\":\"https:\\\/\\\/www.chiapatino.com\\\/home\\\/newsarch\\\/#breadcrumb\"},\"inLanguage\":\"en-US\",\"potentialAction\":[{\"@type\":\"ReadAction\",\"target\":[\"https:\\\/\\\/www.chiapatino.com\\\/home\\\/newsarch\\\/\"]}]},{\"@type\":\"ImageObject\",\"inLanguage\":\"en-US\",\"@id\":\"https:\\\/\\\/www.chiapatino.com\\\/home\\\/newsarch\\\/#primaryimage\",\"url\":\"https:\\\/\\\/i0.wp.com\\\/www.chiapatino.com\\\/wp-content\\\/uploads\\\/2021\\\/09\\\/Chia-gsADA2.webp?fit=664%2C830&ssl=1\",\"contentUrl\":\"https:\\\/\\\/i0.wp.com\\\/www.chiapatino.com\\\/wp-content\\\/uploads\\\/2021\\\/09\\\/Chia-gsADA2.webp?fit=664%2C830&ssl=1\",\"width\":664,\"height\":830},{\"@type\":\"BreadcrumbList\",\"@id\":\"https:\\\/\\\/www.chiapatino.com\\\/home\\\/newsarch\\\/#breadcrumb\",\"itemListElement\":[{\"@type\":\"ListItem\",\"position\":1,\"name\":\"Home\",\"item\":\"https:\\\/\\\/www.chiapatino.com\\\/home\\\/\"},{\"@type\":\"ListItem\",\"position\":2,\"name\":\"News Archive \\\/ Archivo de Noticias\"}]},{\"@type\":\"WebSite\",\"@id\":\"https:\\\/\\\/www.chiapatino.com\\\/home\\\/#website\",\"url\":\"https:\\\/\\\/www.chiapatino.com\\\/home\\\/\",\"name\":\"Chia Pati\u00f1o\",\"description\":\"Portafolio\",\"publisher\":{\"@id\":\"https:\\\/\\\/www.chiapatino.com\\\/home\\\/#\\\/schema\\\/person\\\/f64ab33314c9c8769b4082962d7f5301\"},\"potentialAction\":[{\"@type\":\"SearchAction\",\"target\":{\"@type\":\"EntryPoint\",\"urlTemplate\":\"https:\\\/\\\/www.chiapatino.com\\\/home\\\/?s={search_term_string}\"},\"query-input\":{\"@type\":\"PropertyValueSpecification\",\"valueRequired\":true,\"valueName\":\"search_term_string\"}}],\"inLanguage\":\"en-US\"},{\"@type\":[\"Person\",\"Organization\"],\"@id\":\"https:\\\/\\\/www.chiapatino.com\\\/home\\\/#\\\/schema\\\/person\\\/f64ab33314c9c8769b4082962d7f5301\",\"name\":\"Chia Pati\u00f1o\",\"image\":{\"@type\":\"ImageObject\",\"inLanguage\":\"en-US\",\"@id\":\"https:\\\/\\\/i0.wp.com\\\/www.chiapatino.com\\\/wp-content\\\/uploads\\\/2022\\\/11\\\/chiahs01.webp?fit=960%2C1201&ssl=1\",\"url\":\"https:\\\/\\\/i0.wp.com\\\/www.chiapatino.com\\\/wp-content\\\/uploads\\\/2022\\\/11\\\/chiahs01.webp?fit=960%2C1201&ssl=1\",\"contentUrl\":\"https:\\\/\\\/i0.wp.com\\\/www.chiapatino.com\\\/wp-content\\\/uploads\\\/2022\\\/11\\\/chiahs01.webp?fit=960%2C1201&ssl=1\",\"width\":960,\"height\":1201,\"caption\":\"Chia Pati\u00f1o\"},\"logo\":{\"@id\":\"https:\\\/\\\/i0.wp.com\\\/www.chiapatino.com\\\/wp-content\\\/uploads\\\/2022\\\/11\\\/chiahs01.webp?fit=960%2C1201&ssl=1\"},\"sameAs\":[\"https:\\\/\\\/www.facebook.com\\\/chia.patino\",\"https:\\\/\\\/www.instagram.com\\\/chia.patino\\\/\",\"https:\\\/\\\/x.com\\\/https:\\\/\\\/twitter.com\\\/chpatito?lang=en\"]}]}<\/script>\n<!-- \/ Yoast SEO plugin. -->","yoast_head_json":{"title":"News Archive \/ Archivo de Noticias - Chia Pati\u00f1o","description":"Welcome to my website here you will find examples of my work, latest news, upcoming events, and my blog \/ Bienvenidos a mi sitio web aqu\u00ed podr\u00e1s encontrar algunos de mis trabajos, tambi\u00e9n pr\u00f3ximos estrenos, mi blog, entre otras cosas.","robots":{"index":"index","follow":"follow","max-snippet":"max-snippet:-1","max-image-preview":"max-image-preview:large","max-video-preview":"max-video-preview:-1"},"canonical":"https:\/\/www.chiapatino.com\/home\/newsarch\/","og_locale":"en_US","og_type":"article","og_title":"News Archive \/ Archivo de Noticias - Chia Pati\u00f1o","og_description":"Welcome to my website here you will find examples of my work, latest news, upcoming events, and my blog \/ Bienvenidos a mi sitio web aqu\u00ed podr\u00e1s encontrar algunos de mis trabajos, tambi\u00e9n pr\u00f3ximos estrenos, mi blog, entre otras cosas.","og_url":"https:\/\/www.chiapatino.com\/home\/newsarch\/","og_site_name":"Chia Pati\u00f1o","article_publisher":"https:\/\/www.facebook.com\/chia.patino","article_modified_time":"2025-02-07T15:41:17+00:00","og_image":[{"width":664,"height":830,"url":"https:\/\/www.chiapatino.com\/wp-content\/uploads\/2021\/09\/Chia-gsADA2.webp","type":"image\/webp"}],"twitter_card":"summary_large_image","twitter_site":"@en","twitter_misc":{"Est. reading time":"32 minutes"},"schema":{"@context":"https:\/\/schema.org","@graph":[{"@type":"WebPage","@id":"https:\/\/www.chiapatino.com\/home\/newsarch\/","url":"https:\/\/www.chiapatino.com\/home\/newsarch\/","name":"News Archive \/ Archivo de Noticias - Chia Pati\u00f1o","isPartOf":{"@id":"https:\/\/www.chiapatino.com\/home\/#website"},"primaryImageOfPage":{"@id":"https:\/\/www.chiapatino.com\/home\/newsarch\/#primaryimage"},"image":{"@id":"https:\/\/www.chiapatino.com\/home\/newsarch\/#primaryimage"},"thumbnailUrl":"https:\/\/i0.wp.com\/www.chiapatino.com\/wp-content\/uploads\/2021\/09\/Chia-gsADA2.webp?fit=664%2C830&ssl=1","datePublished":"2022-04-18T16:56:53+00:00","dateModified":"2025-02-07T15:41:17+00:00","description":"Welcome to my website here you will find examples of my work, latest news, upcoming events, and my blog \/ Bienvenidos a mi sitio web aqu\u00ed podr\u00e1s encontrar algunos de mis trabajos, tambi\u00e9n pr\u00f3ximos estrenos, mi blog, entre otras cosas.","breadcrumb":{"@id":"https:\/\/www.chiapatino.com\/home\/newsarch\/#breadcrumb"},"inLanguage":"en-US","potentialAction":[{"@type":"ReadAction","target":["https:\/\/www.chiapatino.com\/home\/newsarch\/"]}]},{"@type":"ImageObject","inLanguage":"en-US","@id":"https:\/\/www.chiapatino.com\/home\/newsarch\/#primaryimage","url":"https:\/\/i0.wp.com\/www.chiapatino.com\/wp-content\/uploads\/2021\/09\/Chia-gsADA2.webp?fit=664%2C830&ssl=1","contentUrl":"https:\/\/i0.wp.com\/www.chiapatino.com\/wp-content\/uploads\/2021\/09\/Chia-gsADA2.webp?fit=664%2C830&ssl=1","width":664,"height":830},{"@type":"BreadcrumbList","@id":"https:\/\/www.chiapatino.com\/home\/newsarch\/#breadcrumb","itemListElement":[{"@type":"ListItem","position":1,"name":"Home","item":"https:\/\/www.chiapatino.com\/home\/"},{"@type":"ListItem","position":2,"name":"News Archive \/ Archivo de Noticias"}]},{"@type":"WebSite","@id":"https:\/\/www.chiapatino.com\/home\/#website","url":"https:\/\/www.chiapatino.com\/home\/","name":"Chia Pati\u00f1o","description":"Portafolio","publisher":{"@id":"https:\/\/www.chiapatino.com\/home\/#\/schema\/person\/f64ab33314c9c8769b4082962d7f5301"},"potentialAction":[{"@type":"SearchAction","target":{"@type":"EntryPoint","urlTemplate":"https:\/\/www.chiapatino.com\/home\/?s={search_term_string}"},"query-input":{"@type":"PropertyValueSpecification","valueRequired":true,"valueName":"search_term_string"}}],"inLanguage":"en-US"},{"@type":["Person","Organization"],"@id":"https:\/\/www.chiapatino.com\/home\/#\/schema\/person\/f64ab33314c9c8769b4082962d7f5301","name":"Chia Pati\u00f1o","image":{"@type":"ImageObject","inLanguage":"en-US","@id":"https:\/\/i0.wp.com\/www.chiapatino.com\/wp-content\/uploads\/2022\/11\/chiahs01.webp?fit=960%2C1201&ssl=1","url":"https:\/\/i0.wp.com\/www.chiapatino.com\/wp-content\/uploads\/2022\/11\/chiahs01.webp?fit=960%2C1201&ssl=1","contentUrl":"https:\/\/i0.wp.com\/www.chiapatino.com\/wp-content\/uploads\/2022\/11\/chiahs01.webp?fit=960%2C1201&ssl=1","width":960,"height":1201,"caption":"Chia Pati\u00f1o"},"logo":{"@id":"https:\/\/i0.wp.com\/www.chiapatino.com\/wp-content\/uploads\/2022\/11\/chiahs01.webp?fit=960%2C1201&ssl=1"},"sameAs":["https:\/\/www.facebook.com\/chia.patino","https:\/\/www.instagram.com\/chia.patino\/","https:\/\/x.com\/https:\/\/twitter.com\/chpatito?lang=en"]}]}},"jetpack_shortlink":"https:\/\/wp.me\/Pb5Ra3-1HW","jetpack_sharing_enabled":true,"_links":{"self":[{"href":"https:\/\/www.chiapatino.com\/home\/wp-json\/wp\/v2\/pages\/6568","targetHints":{"allow":["GET"]}}],"collection":[{"href":"https:\/\/www.chiapatino.com\/home\/wp-json\/wp\/v2\/pages"}],"about":[{"href":"https:\/\/www.chiapatino.com\/home\/wp-json\/wp\/v2\/types\/page"}],"author":[{"embeddable":true,"href":"https:\/\/www.chiapatino.com\/home\/wp-json\/wp\/v2\/users\/1"}],"replies":[{"embeddable":true,"href":"https:\/\/www.chiapatino.com\/home\/wp-json\/wp\/v2\/comments?post=6568"}],"version-history":[{"count":245,"href":"https:\/\/www.chiapatino.com\/home\/wp-json\/wp\/v2\/pages\/6568\/revisions"}],"predecessor-version":[{"id":9792,"href":"https:\/\/www.chiapatino.com\/home\/wp-json\/wp\/v2\/pages\/6568\/revisions\/9792"}],"wp:featuredmedia":[{"embeddable":true,"href":"https:\/\/www.chiapatino.com\/home\/wp-json\/wp\/v2\/media\/5689"}],"wp:attachment":[{"href":"https:\/\/www.chiapatino.com\/home\/wp-json\/wp\/v2\/media?parent=6568"}],"curies":[{"name":"wp","href":"https:\/\/api.w.org\/{rel}","templated":true}]}}