{"id":9106,"date":"2022-03-01T00:00:28","date_gmt":"2022-03-01T00:00:28","guid":{"rendered":"https:\/\/www.chiapatino.com\/home\/?page_id=9106"},"modified":"2024-12-09T16:00:52","modified_gmt":"2024-12-09T16:00:52","slug":"flrncamzns","status":"publish","type":"page","link":"https:\/\/www.chiapatino.com\/home\/flrncamzns\/","title":{"rendered":"FLORENCIA EN EL AMAZONAS"},"content":{"rendered":"<div class=\"wpb-content-wrapper\"><p>[vc_row unlock_row_content=&#8221;yes&#8221; row_height_percent=&#8221;0&#8243; override_padding=&#8221;yes&#8221; h_padding=&#8221;0&#8243; top_padding=&#8221;0&#8243; bottom_padding=&#8221;0&#8243; back_color=&#8221;color-wayh&#8221; back_image=&#8221;6466&#8243; overlay_color=&#8221;color-prif&#8221; overlay_alpha=&#8221;11&#8243; gutter_size=&#8221;3&#8243; column_width_percent=&#8221;100&#8243; shift_y=&#8221;0&#8243; z_index=&#8221;0&#8243; uncode_shortcode_id=&#8221;458144&#8243; back_color_type=&#8221;uncode-palette&#8221; overlay_color_type=&#8221;uncode-palette&#8221;][vc_column width=&#8221;1\/1&#8243;][vc_empty_space empty_h=&#8221;5&#8243;][vc_empty_space empty_h=&#8221;5&#8243;][vc_empty_space empty_h=&#8221;5&#8243;][vc_empty_space empty_h=&#8221;5&#8243;][vc_empty_space empty_h=&#8221;5&#8243;][\/vc_column][\/vc_row][vc_row row_height_percent=&#8221;0&#8243; overlay_color=&#8221;color-gyho&#8221; overlay_alpha=&#8221;50&#8243; gutter_size=&#8221;3&#8243; column_width_percent=&#8221;100&#8243; shift_y=&#8221;0&#8243; z_index=&#8221;0&#8243;][vc_column column_width_percent=&#8221;100&#8243; gutter_size=&#8221;3&#8243; style=&#8221;dark&#8221; overlay_alpha=&#8221;50&#8243; shift_x=&#8221;0&#8243; shift_y=&#8221;0&#8243; shift_y_down=&#8221;0&#8243; z_index=&#8221;0&#8243; medium_width=&#8221;0&#8243; mobile_width=&#8221;0&#8243; width=&#8221;1\/1&#8243;][vc_empty_space empty_h=&#8221;2&#8243;][vc_column_text uncode_shortcode_id=&#8221;357556&#8243;]<\/p>\n<h5>Daniel Cat\u00e1n<\/h5>\n<p>[\/vc_column_text][vc_custom_heading text_font=&#8221;font-165742&#8243; uncode_shortcode_id=&#8221;174136&#8243;]<\/p>\n<h2>Florencia en el Amazonas<\/h2>\n<p>[\/vc_custom_heading][vc_separator sep_color=&#8221;color-jevc&#8221; uncode_shortcode_id=&#8221;102128&#8243; sep_color_type=&#8221;uncode-palette&#8221; el_width=&#8221;30%&#8221;][vc_column_text text_color=&#8221;accent&#8221; uncode_shortcode_id=&#8221;109333&#8243; text_color_type=&#8221;uncode-palette&#8221;]2022[\/vc_column_text][vc_column_text uncode_shortcode_id=&#8221;667958&#8243;]<em>Direcci\u00f3n musical:<\/em> Pedro Halffter<br \/>\n<em>Direcci\u00f3n de esc\u00e9nica:<\/em> Ch\u00eda Pati\u00f1o<br \/>\n<em>Dise\u00f1o de escenograf\u00eda:<\/em> Izmir Ickbal<br \/>\n<em>Dise\u00f1o de vestuario:<\/em> Felype de Lima<br \/>\n<em>Dise\u00f1o de iluminaci\u00f3n:<\/em> Erin Earle Fleming<br \/>\n<em>Dise\u00f1o y direcci\u00f3n de marionetas:<\/em> Alejandra Prieto<br \/>\n<em>Producci\u00f3n:<\/em> de Auditorio de Tenerife[\/vc_column_text][\/vc_column][\/vc_row][vc_row row_height_percent=&#8221;0&#8243; overlay_alpha=&#8221;50&#8243; gutter_size=&#8221;3&#8243; column_width_percent=&#8221;100&#8243; shift_y=&#8221;0&#8243; z_index=&#8221;0&#8243; uncode_shortcode_id=&#8221;829891&#8243;][vc_column width=&#8221;1\/1&#8243;][vc_empty_space empty_h=&#8221;1&#8243;][vc_column_text uncode_shortcode_id=&#8221;830408&#8243;]<em>&#8220;Con Florencia en el Amazonas, \u00d3pera de Tenerife se introduce en las composiciones latinoamericanas. Esta \u00f3pera se programa por primera vez en Espa\u00f1a, tras un amplio recorrido por las casas de \u00f3pera de Am\u00e9rica y solo dos presencias en Europa (Alemania y Suiza). La creaci\u00f3n del mexicano Daniel Cat\u00e1n, con libreto de Marcela Fuentes-Berain, que bebe del realismo m\u00e1gico de Gabriel Garc\u00eda M\u00e1rquez, se estren\u00f3 en 1996 y cuenta distintas formas de vivir el amor a trav\u00e9s de un viaje en barco por el Amazonas.<\/em>\u00a0<em>La historia comienza en un puerto, donde va a dar comienzo un largo trayecto por el r\u00edo Amazonas. Todos los que van a viajar en este barco, El Dorado, comparten una misma ilusi\u00f3n: escuchar a la diva Florencia Grimaldo en el regreso a su tierra natal. El barco zarpa y, con \u00e9l, este viaje de amor y anhelo donde cada personaje va a descubrir su verdadero viaje interior. Florencia, de fama internacional, lo dej\u00f3 todo atr\u00e1s por su carrera y ahora vuelve tratando de encontrarse con su amado Crist\u00f3bal, el cazamariposas. La verdadera magia del Amazonas mostrar\u00e1 sus secretos.&#8221;<\/em><\/p>\n<p style=\"text-align: right;\"><a href=\"https:\/\/auditoriodetenerife.com\/es\/florencia-en-el-amazonas#program\" target=\"_blank\" rel=\"noopener\">\u00d3pera de Tenerife<\/a><\/p>\n<p>[\/vc_column_text][vc_column_text uncode_shortcode_id=&#8221;171903&#8243;]<em><strong>(ENG)<\/strong> <\/em>With Florencia in the Amazon, \u00d3pera de Tenerife introduces Latin American compositions. This opera is programmed for the first time in Spain, after an extensive tour of the opera houses of Latin America and only two presences in Europe (Germany and Switzerland). The creation of Mexican Daniel Cat\u00e1n, with a libretto by Marcela Fuentes-Berain, premiered in 1996 and tells of different ways of living love through a boat trip through the Amazon.[\/vc_column_text][\/vc_column][\/vc_row][vc_row][vc_column column_width_percent=&#8221;100&#8243; position_vertical=&#8221;middle&#8221; align_horizontal=&#8221;align_center&#8221; gutter_size=&#8221;3&#8243; overlay_alpha=&#8221;50&#8243; shift_x=&#8221;0&#8243; shift_y=&#8221;0&#8243; shift_y_down=&#8221;0&#8243; z_index=&#8221;0&#8243; medium_width=&#8221;0&#8243; mobile_width=&#8221;0&#8243; width=&#8221;1\/1&#8243; uncode_shortcode_id=&#8221;160990&#8243;][vc_empty_space empty_h=&#8221;4&#8243;][vc_separator sep_color=&#8221;color-prif&#8221; uncode_shortcode_id=&#8221;332870&#8243; sep_color_type=&#8221;uncode-palette&#8221;][vc_custom_heading uncode_shortcode_id=&#8221;155032&#8243;]Brochure \/ Programa[\/vc_custom_heading][vc_separator sep_color=&#8221;color-prif&#8221; uncode_shortcode_id=&#8221;332870&#8243; sep_color_type=&#8221;uncode-palette&#8221;][vc_row_inner row_inner_height_percent=&#8221;0&#8243; overlay_alpha=&#8221;50&#8243; gutter_size=&#8221;5&#8243; shift_y=&#8221;0&#8243; z_index=&#8221;0&#8243; uncode_shortcode_id=&#8221;984057&#8243;][vc_column_inner width=&#8221;1\/2&#8243;][vc_single_image media=&#8221;7958&#8243; media_width_percent=&#8221;100&#8243; uncode_shortcode_id=&#8221;891070&#8243; media_link=&#8221;url:https%3A%2F%2Fwww.chiapatino.com%2Fwp-content%2Fuploads%2F2024%2F12%2FFLORENICA_PROGR.pdf|target:_blank&#8221;][\/vc_column_inner][vc_column_inner width=&#8221;1\/2&#8243;][vc_empty_space empty_h=&#8221;4&#8243;][vc_button outline=&#8221;yes&#8221; border_width=&#8221;0&#8243; uncode_shortcode_id=&#8221;155281&#8243; link=&#8221;url:https%3A%2F%2Fwww.chiapatino.com%2Fwp-content%2Fuploads%2F2024%2F12%2FFLORENICA_PROGR.pdf&#8221;]Brochure \/ Programa[\/vc_button][\/vc_column_inner][\/vc_row_inner][\/vc_column][\/vc_row][vc_row row_height_percent=&#8221;0&#8243; override_padding=&#8221;yes&#8221; h_padding=&#8221;2&#8243; top_padding=&#8221;5&#8243; bottom_padding=&#8221;5&#8243; back_color=&#8221;color-xsdn&#8221; overlay_alpha=&#8221;100&#8243; gutter_size=&#8221;100&#8243; column_width_percent=&#8221;100&#8243; shift_y=&#8221;0&#8243; z_index=&#8221;0&#8243; style=&#8221;inherited&#8221; uncode_shortcode_id=&#8221;150633&#8243; back_color_type=&#8221;uncode-palette&#8221;][vc_column column_width_percent=&#8221;100&#8243; align_horizontal=&#8221;align_center&#8221; gutter_size=&#8221;3&#8243; style=&#8221;dark&#8221; overlay_alpha=&#8221;50&#8243; shift_x=&#8221;0&#8243; shift_y=&#8221;0&#8243; shift_y_down=&#8221;0&#8243; z_index=&#8221;0&#8243; medium_width=&#8221;0&#8243; mobile_width=&#8221;0&#8243; zoom_width=&#8221;0&#8243; zoom_height=&#8221;0&#8243; width=&#8221;1\/1&#8243;][vc_empty_space empty_h=&#8221;2&#8243;][vc_separator sep_color=&#8221;color-prif&#8221; uncode_shortcode_id=&#8221;332870&#8243; sep_color_type=&#8221;uncode-palette&#8221;][vc_custom_heading uncode_shortcode_id=&#8221;490613&#8243;]Reviews \/ Art\u00edculos[\/vc_custom_heading][vc_separator sep_color=&#8221;color-prif&#8221; uncode_shortcode_id=&#8221;332870&#8243; sep_color_type=&#8221;uncode-palette&#8221;][vc_row_inner row_inner_height_percent=&#8221;0&#8243; overlay_alpha=&#8221;50&#8243; gutter_size=&#8221;3&#8243; shift_y=&#8221;0&#8243; z_index=&#8221;0&#8243; uncode_shortcode_id=&#8221;582703&#8243; css=&#8221;.vc_custom_1726683607456{padding-left: 30px !important;}&#8221;][vc_column_inner width=&#8221;1\/1&#8243;][vc_custom_heading text_font=&#8221;font-165742&#8243; uncode_shortcode_id=&#8221;155489&#8243; subheading=&#8221;Review by Klaus Billand&#8221;]<a href=\"https:\/\/www.klaus-billand.com\/deutsch\/rezensionen\/moderne-ab-ca-1925-bis-heute\/santa-cruz-de-tenerife-florencia-en-el-amazonas-ni-24-maerz-2022.html\" target=\"_blank\" rel=\"noopener\">Santa Cruz de Tenerife: Florencia en el Amazonas NI \u2013 24. M\u00e4rz 2022<\/a>[\/vc_custom_heading][vc_single_image media=&#8221;6541&#8243; media_width_percent=&#8221;100&#8243; uncode_shortcode_id=&#8221;183395&#8243; media_link=&#8221;url:https%3A%2F%2Fwww.klaus-billand.com%2Fdeutsch%2Frezensionen%2Fmoderne-ab-ca-1925-bis-heute%2Fsanta-cruz-de-tenerife-florencia-en-el-amazonas-ni-24-maerz-2022.html|target:_blank&#8221;][vc_column_text uncode_shortcode_id=&#8221;185346&#8243;]<\/p>\n<h4><a href=\"https:\/\/www.klaus-billand.com\/deutsch\/rezensionen\/moderne-ab-ca-1925-bis-heute\/santa-cruz-de-tenerife-florencia-en-el-amazonas-ni-24-maerz-2022.html\" target=\"_blank\" rel=\"noopener\"><em>(&#8230;) Amazonisch-musikalischer Farbenreichtum \u00e0 la Puccini und Debussy.<\/em><\/a><\/h4>\n<p>Eine Premiere der ganz besonderen Art! Die <strong>\u00d3pera de Tenerife<\/strong> in der Hauptstadt Santa Cruz f\u00fchrte in einer Produktion des <strong>Auditorio de Tenerife<\/strong>zum ersten Mal eine lateinamerikanische Oper auf. Und es wurde gleich eine spanische Erstauff\u00fchrung! <strong>\u201eFlorencia en el Amazonas\u201c<\/strong> des Mexikaners <strong>Daniel Cat\u00e1n<\/strong> wurde in Europa bisher nur in Deutschland und der Schweiz aufgef\u00fchrt, w\u00e4hrend das Werk in der westlichen Hemisph\u00e4re schon \u00fcber viele B\u00fchnen gewandert ist.<\/p>\n<p>Nach dieser Premiere der Cat\u00e1n-Oper mit dem Libretto von <strong>Marcela Fuentes-Berain<\/strong>, die aus dem magischen Realismus von <strong>Gabriel Garc\u00eda M\u00e1rquez<\/strong> in seinem Roman \u201eDie Liebe in den Zeiten der Cholera\u201c sch\u00f6pfte, f\u00e4llt es einem schwer zu verstehen, warum das Werk erst nun in Spanien zu erleben ist, und dazu noch auf den vom Festland weit entfernten Kanarischen Inseln, die dem Amazonas aber immerhin etwas n\u00e4her sind. Aber bis auf zwei L\u00e4nder also war es bisher noch unbekannt in Europa![\/vc_column_text][vc_button button_color=&#8221;color-jevc&#8221; outline=&#8221;yes&#8221; border_width=&#8221;0&#8243; link=&#8221;url:https%3A%2F%2Fwww.klaus-billand.com%2Fdeutsch%2Frezensionen%2Fmoderne-ab-ca-1925-bis-heute%2Fsanta-cruz-de-tenerife-florencia-en-el-amazonas-ni-24-maerz-2022.html|target:_blank&#8221; uncode_shortcode_id=&#8221;123916&#8243; button_color_type=&#8221;uncode-palette&#8221;]Klaus Billand Complete Review [\/vc_button][\/vc_column_inner][\/vc_row_inner][\/vc_column][\/vc_row][vc_row][vc_column width=&#8221;1\/1&#8243;][vc_row_inner row_inner_height_percent=&#8221;0&#8243; overlay_alpha=&#8221;50&#8243; gutter_size=&#8221;5&#8243; shift_y=&#8221;0&#8243; z_index=&#8221;0&#8243; uncode_shortcode_id=&#8221;105670&#8243;][vc_column_inner width=&#8221;1\/2&#8243;][vc_custom_heading text_color=&#8221;color-prif&#8221; text_font=&#8221;font-165742&#8243; sub_lead=&#8221;small&#8221; sub_reduced=&#8221;yes&#8221; uncode_shortcode_id=&#8221;780044&#8243; text_color_type=&#8221;uncode-palette&#8221; subheading=&#8221;&#8220;The proposal of Pati\u00f1o is based on the concept of a de-constructed boat, wild nature, a little fantasy and, as a new addition, puppets of butterflies and birds are included on the stage, among other elements, which will assist the dreamlike narration, and they will be the responsibility of the puppeteers, a team of local operators directed by Alejandra Prieto.&#8220;&#8221;]Magical realism arrives at Tenerife with the premi\u00e8re in Spain of Florencia in the Amazon[\/vc_custom_heading][vc_button button_color=&#8221;color-jevc&#8221; hover_fx=&#8221;outlined&#8221; outline=&#8221;yes&#8221; border_width=&#8221;0&#8243; link=&#8221;url:https%3A%2F%2Fauditoriodetenerife.com%2Fen%2Fperforming-arts%2Fmei%2Fnews%2F2842-the-magical-realism-arrives-at-tenerife-with-the-premiere-in-spain-of-florencia-in-the-amazon|target:_blank&#8221; uncode_shortcode_id=&#8221;156154&#8243; button_color_type=&#8221;uncode-palette&#8221;]\u00d3pera Tenerife[\/vc_button][vc_empty_space empty_h=&#8221;1&#8243;][\/vc_column_inner][vc_column_inner width=&#8221;1\/2&#8243;][vc_custom_heading text_color=&#8221;color-prif&#8221; text_font=&#8221;font-165742&#8243; sub_lead=&#8221;small&#8221; sub_reduced=&#8221;yes&#8221; uncode_shortcode_id=&#8221;323482&#8243; text_color_type=&#8221;uncode-palette&#8221; subheading=&#8221;&#8220;Otra interesante obra que ha presentado \u00d3pera de Tenerife en esta temporada, en este caso, del compositor, escritor y profesor mexicano Daniel Cat\u00e1n.&#8220;&#8221;]Estreno espa\u00f1ol de una joya de Daniel Cat\u00e1n[\/vc_custom_heading][vc_button button_color=&#8221;color-jevc&#8221; hover_fx=&#8221;outlined&#8221; outline=&#8221;yes&#8221; border_width=&#8221;0&#8243; link=&#8221;url:https%3A%2F%2Fwww.operaactual.com%2Fcritica%2Festreno-espanol-de-una-joya-de-daniel-catan%2F|target:_blank&#8221; uncode_shortcode_id=&#8221;279506&#8243; button_color_type=&#8221;uncode-palette&#8221;]\u00d3pera Actual[\/vc_button][vc_empty_space empty_h=&#8221;2&#8243;][\/vc_column_inner][\/vc_row_inner][vc_row_inner row_inner_height_percent=&#8221;0&#8243; overlay_alpha=&#8221;50&#8243; gutter_size=&#8221;5&#8243; shift_y=&#8221;0&#8243; z_index=&#8221;0&#8243; uncode_shortcode_id=&#8221;143651&#8243;][vc_column_inner width=&#8221;1\/2&#8243;][vc_custom_heading text_color=&#8221;color-prif&#8221; text_font=&#8221;font-165742&#8243; sub_lead=&#8221;small&#8221; sub_reduced=&#8221;yes&#8221; uncode_shortcode_id=&#8221;761577&#8243; text_color_type=&#8221;uncode-palette&#8221; subheading=&#8221;Este homenaje musical a Gabo y su imaginario llega a Tenerife de la mano de la directora ecuatoriana Ch\u00eda Pati\u00f1o, quien apuesta por efectos visuales reales y se aleja de los recursos audiovisuales habituales, \u201cde los que se ha abusado tanto en estos dos a\u00f1os de pandemia\u201d.&#8221;]Se estrena en Tenerife la \u00f3pera &#8216;Florencia en el Amazonas'[\/vc_custom_heading][vc_button hover_fx=&#8221;outlined&#8221; outline=&#8221;yes&#8221; border_width=&#8221;0&#8243; link=&#8221;url:https%3A%2F%2Fwww.rtve.es%2Fnoticias%2F20220324%2Fse-estrena-tenerife-opera-florencia-amazonas%2F2321941.shtml|target:_blank&#8221; uncode_shortcode_id=&#8221;186876&#8243;]Rtve[\/vc_button][vc_empty_space empty_h=&#8221;1&#8243;][\/vc_column_inner][vc_column_inner width=&#8221;1\/2&#8243;][vc_custom_heading text_color=&#8221;color-prif&#8221; text_font=&#8221;font-165742&#8243; sub_lead=&#8221;small&#8221; sub_reduced=&#8221;yes&#8221; uncode_shortcode_id=&#8221;147949&#8243; text_color_type=&#8221;uncode-palette&#8221; subheading=&#8221;La \u00f3pera \u2018Florencia en el Amazonas\u2019 comienza sus ensayos con una escenograf\u00eda y vestuario \u00fanicos&#8221;]Un viaje m\u00e1gico a bordo de \u2018El Dorado\u2019[\/vc_custom_heading][vc_button button_color=&#8221;color-prif&#8221; hover_fx=&#8221;outlined&#8221; outline=&#8221;yes&#8221; border_width=&#8221;0&#8243; link=&#8221;url:https%3A%2F%2Fwww.eldia.es%2Fcultura%2F2022%2F02%2F27%2Fviaje-magico-bordo-dorado-63213480.html|target:_blank&#8221; uncode_shortcode_id=&#8221;162044&#8243; button_color_type=&#8221;uncode-palette&#8221;]El D\u00eda[\/vc_button][vc_empty_space empty_h=&#8221;2&#8243;][\/vc_column_inner][\/vc_row_inner][vc_row_inner row_inner_height_percent=&#8221;0&#8243; overlay_alpha=&#8221;50&#8243; gutter_size=&#8221;5&#8243; shift_y=&#8221;0&#8243; z_index=&#8221;0&#8243; uncode_shortcode_id=&#8221;207317&#8243;][vc_column_inner width=&#8221;1\/2&#8243;][vc_custom_heading text_color=&#8221;color-prif&#8221; text_font=&#8221;font-165742&#8243; sub_lead=&#8221;small&#8221; sub_reduced=&#8221;yes&#8221; uncode_shortcode_id=&#8221;148903&#8243; text_color_type=&#8221;uncode-palette&#8221; subheading=&#8221;&#8220;Esta peque\u00f1a joya \u00d3pera de Tenerife ha sido brillante y cargada no solo de talento y buen hacer, tambi\u00e9n de mucho amor y complicidad, hecho que qued\u00f3 evidente en la larga ovaci\u00f3n que les dedic\u00f3 un p\u00fablico entusiasmado.&#8220;&#8221;]Sin noticias del cazador de mariposas[\/vc_custom_heading][vc_button button_color=&#8221;color-prif&#8221; hover_fx=&#8221;outlined&#8221; outline=&#8221;yes&#8221; border_width=&#8221;0&#8243; link=&#8221;url:http%3A%2F%2Fenplatea.com%2F%3Fp%3D33195|target:_blank&#8221; uncode_shortcode_id=&#8221;492667&#8243; button_color_type=&#8221;uncode-palette&#8221;]Platea[\/vc_button][vc_empty_space empty_h=&#8221;1&#8243;][\/vc_column_inner][vc_column_inner width=&#8221;1\/2&#8243;][vc_custom_heading text_color=&#8221;color-prif&#8221; text_font=&#8221;font-165742&#8243; sub_lead=&#8221;small&#8221; sub_reduced=&#8221;yes&#8221; uncode_shortcode_id=&#8221;187342&#8243; text_color_type=&#8221;uncode-palette&#8221; subheading=&#8221;&#8220;Fue una representaci\u00f3n estupenda, que funcion\u00f3 muy bien en todos sus aspectos, y adecuada para el estreno espa\u00f1ol de una obra exuberante, enigm\u00e1tica y atractiva, como es Florencia en el Amazonas.&#8220;&#8221;]La exuberancia de Florencia en el Amazonas contagia el Auditorio de Tenerife[\/vc_custom_heading][vc_button hover_fx=&#8221;outlined&#8221; outline=&#8221;yes&#8221; border_width=&#8221;0&#8243; link=&#8221;url:https%3A%2F%2Fbachtrack.com%2Fes_ES%2F22%2F296%2Fview%2F22740|target:_blank&#8221; uncode_shortcode_id=&#8221;784447&#8243;]Bachtrack[\/vc_button][vc_empty_space empty_h=&#8221;1&#8243;][\/vc_column_inner][\/vc_row_inner][\/vc_column][\/vc_row][vc_row][vc_column column_width_percent=&#8221;100&#8243; position_vertical=&#8221;middle&#8221; align_horizontal=&#8221;align_center&#8221; gutter_size=&#8221;3&#8243; overlay_alpha=&#8221;50&#8243; shift_x=&#8221;0&#8243; shift_y=&#8221;0&#8243; shift_y_down=&#8221;0&#8243; z_index=&#8221;0&#8243; medium_width=&#8221;0&#8243; mobile_width=&#8221;0&#8243; width=&#8221;1\/1&#8243; uncode_shortcode_id=&#8221;160990&#8243;][vc_separator sep_color=&#8221;color-prif&#8221; uncode_shortcode_id=&#8221;332870&#8243; sep_color_type=&#8221;uncode-palette&#8221;][vc_custom_heading uncode_shortcode_id=&#8221;457933&#8243;]Image Gallery \/ Galeria[\/vc_custom_heading][vc_separator sep_color=&#8221;color-prif&#8221; uncode_shortcode_id=&#8221;332870&#8243; sep_color_type=&#8221;uncode-palette&#8221;][\/vc_column][\/vc_row][vc_row row_height_percent=&#8221;0&#8243; override_padding=&#8221;yes&#8221; h_padding=&#8221;0&#8243; top_padding=&#8221;0&#8243; bottom_padding=&#8221;0&#8243; overlay_alpha=&#8221;50&#8243; gutter_size=&#8221;3&#8243; column_width_percent=&#8221;100&#8243; shift_y=&#8221;0&#8243; z_index=&#8221;0&#8243; uncode_shortcode_id=&#8221;106215&#8243;][vc_column width=&#8221;1\/1&#8243;][vc_gallery el_id=&#8221;gallery-122021&#8243; medias=&#8221;6555,6548,6547,6546,6545,6544,6543,6542,6541,6540,6538,6536,6535,6534,6533,6532,6505,6531&#8243; gutter_size=&#8221;0&#8243; screen_lg=&#8221;1000&#8243; screen_md=&#8221;600&#8243; screen_sm=&#8221;480&#8243; single_overlay_opacity=&#8221;1&#8243; single_overlay_anim=&#8221;no&#8221; single_text_anim=&#8221;no&#8221; single_padding=&#8221;0&#8243; single_text_reduced=&#8221;yes&#8221; single_border=&#8221;yes&#8221; uncode_shortcode_id=&#8221;117648&#8243;][vc_empty_space empty_h=&#8221;3&#8243;][\/vc_column][\/vc_row][vc_row][vc_column column_width_percent=&#8221;100&#8243; position_vertical=&#8221;middle&#8221; align_horizontal=&#8221;align_center&#8221; gutter_size=&#8221;3&#8243; overlay_alpha=&#8221;50&#8243; shift_x=&#8221;0&#8243; shift_y=&#8221;0&#8243; shift_y_down=&#8221;0&#8243; z_index=&#8221;0&#8243; medium_width=&#8221;0&#8243; mobile_width=&#8221;0&#8243; width=&#8221;1\/1&#8243; uncode_shortcode_id=&#8221;160990&#8243;][vc_separator sep_color=&#8221;color-prif&#8221; uncode_shortcode_id=&#8221;332870&#8243; sep_color_type=&#8221;uncode-palette&#8221;][vc_custom_heading uncode_shortcode_id=&#8221;218839&#8243;]Videos[\/vc_custom_heading][vc_separator sep_color=&#8221;color-prif&#8221; uncode_shortcode_id=&#8221;332870&#8243; sep_color_type=&#8221;uncode-palette&#8221;][\/vc_column][\/vc_row][vc_row][vc_column column_width_percent=&#8221;100&#8243; gutter_size=&#8221;3&#8243; overlay_alpha=&#8221;50&#8243; shift_x=&#8221;0&#8243; shift_y=&#8221;0&#8243; shift_y_down=&#8221;0&#8243; z_index=&#8221;0&#8243; medium_width=&#8221;0&#8243; mobile_width=&#8221;0&#8243; width=&#8221;1\/2&#8243; uncode_shortcode_id=&#8221;489830&#8243;][vc_custom_heading heading_semantic=&#8221;h3&#8243; text_size=&#8221;h3&#8243; uncode_shortcode_id=&#8221;170586&#8243;]Ch\u00eda Pati\u00f1o sobre la propuesta de Florencia en el Amazonas[\/vc_custom_heading][vc_single_image media=&#8221;6471&#8243; media_width_percent=&#8221;100&#8243; uncode_shortcode_id=&#8221;107711&#8243; media_link=&#8221;url:https%3A%2F%2Fauditoriodetenerife.com%2Fes%2Fflorencia-en-el-amazonas%23program|target:_blank&#8221;][\/vc_column][vc_column width=&#8221;1\/2&#8243;][vc_custom_heading heading_semantic=&#8221;h3&#8243; text_size=&#8221;h3&#8243; uncode_shortcode_id=&#8221;786021&#8243;]Breve video de lo que fue el montaje de Florencia en el Amazonas[\/vc_custom_heading][vc_single_image media=&#8221;6479&#8243; media_width_percent=&#8221;100&#8243; uncode_shortcode_id=&#8221;951878&#8243; media_link=&#8221;url:https%3A%2F%2Fauditoriodetenerife.com%2Fes%2Fflorencia-en-el-amazonas%23program|target:_blank&#8221;][\/vc_column][\/vc_row][vc_row][vc_column width=&#8221;1\/2&#8243;][vc_custom_heading heading_semantic=&#8221;h3&#8243; text_size=&#8221;h3&#8243; uncode_shortcode_id=&#8221;154965&#8243;]Florencia en el Amazonas- Opera Tenerite 2022[\/vc_custom_heading][vc_single_image media=&#8221;7760&#8243; media_width_percent=&#8221;100&#8243; uncode_shortcode_id=&#8221;178807&#8243;][\/vc_column][vc_column width=&#8221;1\/2&#8243;][vc_custom_heading heading_semantic=&#8221;h3&#8243; text_size=&#8221;h3&#8243; uncode_shortcode_id=&#8221;174147&#8243;]As\u00ed fue &#8216;Florencia en el Amazonas&#8217; en \u00d3pera de Tenerife[\/vc_custom_heading][vc_single_image media=&#8221;7761&#8243; media_width_percent=&#8221;100&#8243; uncode_shortcode_id=&#8221;128256&#8243;][\/vc_column][\/vc_row][vc_row][vc_column width=&#8221;1\/1&#8243;][vc_empty_space empty_h=&#8221;5&#8243;][vc_empty_space empty_h=&#8221;3&#8243;][\/vc_column][\/vc_row]<\/p>\n<\/div>","protected":false},"excerpt":{"rendered":"<p>With Florencia in the Amazon, \u00d3pera de Tenerife introduces Latin American compositions. This opera is programmed for the first time in Spain, after an extensive tour of the opera houses of Latin America and only two presences in Europe (Germany and Switzerland). The creation of Mexican Daniel Cat\u00e1n, with a libretto by Marcela Fuentes-Berain, premiered in 1996 and tells of different ways of living love through a boat trip through the Amazon.<\/p>\n","protected":false},"author":1,"featured_media":7958,"parent":0,"menu_order":0,"comment_status":"closed","ping_status":"closed","template":"","meta":{"footnotes":""},"class_list":["post-9106","page","type-page","status-publish","has-post-thumbnail","hentry","page_category-workcollection","page_category-stagedirector"],"yoast_head":"<!-- This site is optimized with the Yoast SEO plugin v27.4 - https:\/\/yoast.com\/product\/yoast-seo-wordpress\/ -->\n<title>FLORENCIA EN EL AMAZONAS - Chia Pati\u00f1o<\/title>\n<meta name=\"description\" content=\"With Florencia in the Amazon, \u00d3pera de Tenerife introduces Latin American compositions. This opera is programmed for the first time in Spain, after an extensive tour of the opera houses of Latin America and only two presences in Europe (Germany and Switzerland). The creation of Mexican Daniel Cat\u00e1n, with a libretto by Marcela Fuentes-Berain, premiered in 1996 and tells of different ways of living love through a boat trip through the Amazon.\" \/>\n<meta name=\"robots\" content=\"index, follow, max-snippet:-1, max-image-preview:large, max-video-preview:-1\" \/>\n<link rel=\"canonical\" href=\"https:\/\/www.chiapatino.com\/home\/flrncamzns\/\" \/>\n<meta property=\"og:locale\" content=\"en_US\" \/>\n<meta property=\"og:type\" content=\"article\" \/>\n<meta property=\"og:title\" content=\"FLORENCIA EN EL AMAZONAS - Chia Pati\u00f1o\" \/>\n<meta property=\"og:description\" content=\"With Florencia in the Amazon, \u00d3pera de Tenerife introduces Latin American compositions. This opera is programmed for the first time in Spain, after an extensive tour of the opera houses of Latin America and only two presences in Europe (Germany and Switzerland). The creation of Mexican Daniel Cat\u00e1n, with a libretto by Marcela Fuentes-Berain, premiered in 1996 and tells of different ways of living love through a boat trip through the Amazon.\" \/>\n<meta property=\"og:url\" content=\"https:\/\/www.chiapatino.com\/home\/flrncamzns\/\" \/>\n<meta property=\"og:site_name\" content=\"Chia Pati\u00f1o\" \/>\n<meta property=\"article:publisher\" content=\"https:\/\/www.facebook.com\/chia.patino\" \/>\n<meta property=\"article:modified_time\" content=\"2024-12-09T16:00:52+00:00\" \/>\n<meta property=\"og:image\" content=\"https:\/\/www.chiapatino.com\/wp-content\/uploads\/2023\/04\/FLORENAMZ_023.jpg\" \/>\n\t<meta property=\"og:image:width\" content=\"497\" \/>\n\t<meta property=\"og:image:height\" content=\"350\" \/>\n\t<meta property=\"og:image:type\" content=\"image\/jpeg\" \/>\n<meta name=\"twitter:card\" content=\"summary_large_image\" \/>\n<meta name=\"twitter:site\" content=\"@en\" \/>\n<meta name=\"twitter:label1\" content=\"Est. reading time\" \/>\n\t<meta name=\"twitter:data1\" content=\"6 minutes\" \/>\n<script type=\"application\/ld+json\" class=\"yoast-schema-graph\">{\"@context\":\"https:\\\/\\\/schema.org\",\"@graph\":[{\"@type\":\"WebPage\",\"@id\":\"https:\\\/\\\/www.chiapatino.com\\\/home\\\/flrncamzns\\\/\",\"url\":\"https:\\\/\\\/www.chiapatino.com\\\/home\\\/flrncamzns\\\/\",\"name\":\"FLORENCIA EN EL AMAZONAS - Chia Pati\u00f1o\",\"isPartOf\":{\"@id\":\"https:\\\/\\\/www.chiapatino.com\\\/home\\\/#website\"},\"primaryImageOfPage\":{\"@id\":\"https:\\\/\\\/www.chiapatino.com\\\/home\\\/flrncamzns\\\/#primaryimage\"},\"image\":{\"@id\":\"https:\\\/\\\/www.chiapatino.com\\\/home\\\/flrncamzns\\\/#primaryimage\"},\"thumbnailUrl\":\"https:\\\/\\\/i0.wp.com\\\/www.chiapatino.com\\\/wp-content\\\/uploads\\\/2023\\\/04\\\/FLORENAMZ_023.jpg?fit=497%2C350&ssl=1\",\"datePublished\":\"2022-03-01T00:00:28+00:00\",\"dateModified\":\"2024-12-09T16:00:52+00:00\",\"description\":\"With Florencia in the Amazon, \u00d3pera de Tenerife introduces Latin American compositions. This opera is programmed for the first time in Spain, after an extensive tour of the opera houses of Latin America and only two presences in Europe (Germany and Switzerland). The creation of Mexican Daniel Cat\u00e1n, with a libretto by Marcela Fuentes-Berain, premiered in 1996 and tells of different ways of living love through a boat trip through the Amazon.\",\"breadcrumb\":{\"@id\":\"https:\\\/\\\/www.chiapatino.com\\\/home\\\/flrncamzns\\\/#breadcrumb\"},\"inLanguage\":\"en-US\",\"potentialAction\":[{\"@type\":\"ReadAction\",\"target\":[\"https:\\\/\\\/www.chiapatino.com\\\/home\\\/flrncamzns\\\/\"]}]},{\"@type\":\"ImageObject\",\"inLanguage\":\"en-US\",\"@id\":\"https:\\\/\\\/www.chiapatino.com\\\/home\\\/flrncamzns\\\/#primaryimage\",\"url\":\"https:\\\/\\\/i0.wp.com\\\/www.chiapatino.com\\\/wp-content\\\/uploads\\\/2023\\\/04\\\/FLORENAMZ_023.jpg?fit=497%2C350&ssl=1\",\"contentUrl\":\"https:\\\/\\\/i0.wp.com\\\/www.chiapatino.com\\\/wp-content\\\/uploads\\\/2023\\\/04\\\/FLORENAMZ_023.jpg?fit=497%2C350&ssl=1\",\"width\":497,\"height\":350},{\"@type\":\"BreadcrumbList\",\"@id\":\"https:\\\/\\\/www.chiapatino.com\\\/home\\\/flrncamzns\\\/#breadcrumb\",\"itemListElement\":[{\"@type\":\"ListItem\",\"position\":1,\"name\":\"Home\",\"item\":\"https:\\\/\\\/www.chiapatino.com\\\/home\\\/\"},{\"@type\":\"ListItem\",\"position\":2,\"name\":\"FLORENCIA EN EL AMAZONAS\"}]},{\"@type\":\"WebSite\",\"@id\":\"https:\\\/\\\/www.chiapatino.com\\\/home\\\/#website\",\"url\":\"https:\\\/\\\/www.chiapatino.com\\\/home\\\/\",\"name\":\"Chia Pati\u00f1o\",\"description\":\"Portafolio\",\"publisher\":{\"@id\":\"https:\\\/\\\/www.chiapatino.com\\\/home\\\/#\\\/schema\\\/person\\\/f64ab33314c9c8769b4082962d7f5301\"},\"potentialAction\":[{\"@type\":\"SearchAction\",\"target\":{\"@type\":\"EntryPoint\",\"urlTemplate\":\"https:\\\/\\\/www.chiapatino.com\\\/home\\\/?s={search_term_string}\"},\"query-input\":{\"@type\":\"PropertyValueSpecification\",\"valueRequired\":true,\"valueName\":\"search_term_string\"}}],\"inLanguage\":\"en-US\"},{\"@type\":[\"Person\",\"Organization\"],\"@id\":\"https:\\\/\\\/www.chiapatino.com\\\/home\\\/#\\\/schema\\\/person\\\/f64ab33314c9c8769b4082962d7f5301\",\"name\":\"Chia Pati\u00f1o\",\"image\":{\"@type\":\"ImageObject\",\"inLanguage\":\"en-US\",\"@id\":\"https:\\\/\\\/i0.wp.com\\\/www.chiapatino.com\\\/wp-content\\\/uploads\\\/2022\\\/11\\\/chiahs01.webp?fit=960%2C1201&ssl=1\",\"url\":\"https:\\\/\\\/i0.wp.com\\\/www.chiapatino.com\\\/wp-content\\\/uploads\\\/2022\\\/11\\\/chiahs01.webp?fit=960%2C1201&ssl=1\",\"contentUrl\":\"https:\\\/\\\/i0.wp.com\\\/www.chiapatino.com\\\/wp-content\\\/uploads\\\/2022\\\/11\\\/chiahs01.webp?fit=960%2C1201&ssl=1\",\"width\":960,\"height\":1201,\"caption\":\"Chia Pati\u00f1o\"},\"logo\":{\"@id\":\"https:\\\/\\\/i0.wp.com\\\/www.chiapatino.com\\\/wp-content\\\/uploads\\\/2022\\\/11\\\/chiahs01.webp?fit=960%2C1201&ssl=1\"},\"sameAs\":[\"https:\\\/\\\/www.facebook.com\\\/chia.patino\",\"https:\\\/\\\/www.instagram.com\\\/chia.patino\\\/\",\"https:\\\/\\\/x.com\\\/https:\\\/\\\/twitter.com\\\/chpatito?lang=en\"]}]}<\/script>\n<!-- \/ Yoast SEO plugin. -->","yoast_head_json":{"title":"FLORENCIA EN EL AMAZONAS - Chia Pati\u00f1o","description":"With Florencia in the Amazon, \u00d3pera de Tenerife introduces Latin American compositions. This opera is programmed for the first time in Spain, after an extensive tour of the opera houses of Latin America and only two presences in Europe (Germany and Switzerland). The creation of Mexican Daniel Cat\u00e1n, with a libretto by Marcela Fuentes-Berain, premiered in 1996 and tells of different ways of living love through a boat trip through the Amazon.","robots":{"index":"index","follow":"follow","max-snippet":"max-snippet:-1","max-image-preview":"max-image-preview:large","max-video-preview":"max-video-preview:-1"},"canonical":"https:\/\/www.chiapatino.com\/home\/flrncamzns\/","og_locale":"en_US","og_type":"article","og_title":"FLORENCIA EN EL AMAZONAS - Chia Pati\u00f1o","og_description":"With Florencia in the Amazon, \u00d3pera de Tenerife introduces Latin American compositions. This opera is programmed for the first time in Spain, after an extensive tour of the opera houses of Latin America and only two presences in Europe (Germany and Switzerland). The creation of Mexican Daniel Cat\u00e1n, with a libretto by Marcela Fuentes-Berain, premiered in 1996 and tells of different ways of living love through a boat trip through the Amazon.","og_url":"https:\/\/www.chiapatino.com\/home\/flrncamzns\/","og_site_name":"Chia Pati\u00f1o","article_publisher":"https:\/\/www.facebook.com\/chia.patino","article_modified_time":"2024-12-09T16:00:52+00:00","og_image":[{"width":497,"height":350,"url":"https:\/\/www.chiapatino.com\/wp-content\/uploads\/2023\/04\/FLORENAMZ_023.jpg","type":"image\/jpeg"}],"twitter_card":"summary_large_image","twitter_site":"@en","twitter_misc":{"Est. reading time":"6 minutes"},"schema":{"@context":"https:\/\/schema.org","@graph":[{"@type":"WebPage","@id":"https:\/\/www.chiapatino.com\/home\/flrncamzns\/","url":"https:\/\/www.chiapatino.com\/home\/flrncamzns\/","name":"FLORENCIA EN EL AMAZONAS - Chia Pati\u00f1o","isPartOf":{"@id":"https:\/\/www.chiapatino.com\/home\/#website"},"primaryImageOfPage":{"@id":"https:\/\/www.chiapatino.com\/home\/flrncamzns\/#primaryimage"},"image":{"@id":"https:\/\/www.chiapatino.com\/home\/flrncamzns\/#primaryimage"},"thumbnailUrl":"https:\/\/i0.wp.com\/www.chiapatino.com\/wp-content\/uploads\/2023\/04\/FLORENAMZ_023.jpg?fit=497%2C350&ssl=1","datePublished":"2022-03-01T00:00:28+00:00","dateModified":"2024-12-09T16:00:52+00:00","description":"With Florencia in the Amazon, \u00d3pera de Tenerife introduces Latin American compositions. This opera is programmed for the first time in Spain, after an extensive tour of the opera houses of Latin America and only two presences in Europe (Germany and Switzerland). The creation of Mexican Daniel Cat\u00e1n, with a libretto by Marcela Fuentes-Berain, premiered in 1996 and tells of different ways of living love through a boat trip through the Amazon.","breadcrumb":{"@id":"https:\/\/www.chiapatino.com\/home\/flrncamzns\/#breadcrumb"},"inLanguage":"en-US","potentialAction":[{"@type":"ReadAction","target":["https:\/\/www.chiapatino.com\/home\/flrncamzns\/"]}]},{"@type":"ImageObject","inLanguage":"en-US","@id":"https:\/\/www.chiapatino.com\/home\/flrncamzns\/#primaryimage","url":"https:\/\/i0.wp.com\/www.chiapatino.com\/wp-content\/uploads\/2023\/04\/FLORENAMZ_023.jpg?fit=497%2C350&ssl=1","contentUrl":"https:\/\/i0.wp.com\/www.chiapatino.com\/wp-content\/uploads\/2023\/04\/FLORENAMZ_023.jpg?fit=497%2C350&ssl=1","width":497,"height":350},{"@type":"BreadcrumbList","@id":"https:\/\/www.chiapatino.com\/home\/flrncamzns\/#breadcrumb","itemListElement":[{"@type":"ListItem","position":1,"name":"Home","item":"https:\/\/www.chiapatino.com\/home\/"},{"@type":"ListItem","position":2,"name":"FLORENCIA EN EL AMAZONAS"}]},{"@type":"WebSite","@id":"https:\/\/www.chiapatino.com\/home\/#website","url":"https:\/\/www.chiapatino.com\/home\/","name":"Chia Pati\u00f1o","description":"Portafolio","publisher":{"@id":"https:\/\/www.chiapatino.com\/home\/#\/schema\/person\/f64ab33314c9c8769b4082962d7f5301"},"potentialAction":[{"@type":"SearchAction","target":{"@type":"EntryPoint","urlTemplate":"https:\/\/www.chiapatino.com\/home\/?s={search_term_string}"},"query-input":{"@type":"PropertyValueSpecification","valueRequired":true,"valueName":"search_term_string"}}],"inLanguage":"en-US"},{"@type":["Person","Organization"],"@id":"https:\/\/www.chiapatino.com\/home\/#\/schema\/person\/f64ab33314c9c8769b4082962d7f5301","name":"Chia Pati\u00f1o","image":{"@type":"ImageObject","inLanguage":"en-US","@id":"https:\/\/i0.wp.com\/www.chiapatino.com\/wp-content\/uploads\/2022\/11\/chiahs01.webp?fit=960%2C1201&ssl=1","url":"https:\/\/i0.wp.com\/www.chiapatino.com\/wp-content\/uploads\/2022\/11\/chiahs01.webp?fit=960%2C1201&ssl=1","contentUrl":"https:\/\/i0.wp.com\/www.chiapatino.com\/wp-content\/uploads\/2022\/11\/chiahs01.webp?fit=960%2C1201&ssl=1","width":960,"height":1201,"caption":"Chia Pati\u00f1o"},"logo":{"@id":"https:\/\/i0.wp.com\/www.chiapatino.com\/wp-content\/uploads\/2022\/11\/chiahs01.webp?fit=960%2C1201&ssl=1"},"sameAs":["https:\/\/www.facebook.com\/chia.patino","https:\/\/www.instagram.com\/chia.patino\/","https:\/\/x.com\/https:\/\/twitter.com\/chpatito?lang=en"]}]}},"jetpack_shortlink":"https:\/\/wp.me\/Pb5Ra3-2mS","jetpack_sharing_enabled":true,"_links":{"self":[{"href":"https:\/\/www.chiapatino.com\/home\/wp-json\/wp\/v2\/pages\/9106","targetHints":{"allow":["GET"]}}],"collection":[{"href":"https:\/\/www.chiapatino.com\/home\/wp-json\/wp\/v2\/pages"}],"about":[{"href":"https:\/\/www.chiapatino.com\/home\/wp-json\/wp\/v2\/types\/page"}],"author":[{"embeddable":true,"href":"https:\/\/www.chiapatino.com\/home\/wp-json\/wp\/v2\/users\/1"}],"replies":[{"embeddable":true,"href":"https:\/\/www.chiapatino.com\/home\/wp-json\/wp\/v2\/comments?post=9106"}],"version-history":[{"count":16,"href":"https:\/\/www.chiapatino.com\/home\/wp-json\/wp\/v2\/pages\/9106\/revisions"}],"predecessor-version":[{"id":9740,"href":"https:\/\/www.chiapatino.com\/home\/wp-json\/wp\/v2\/pages\/9106\/revisions\/9740"}],"wp:featuredmedia":[{"embeddable":true,"href":"https:\/\/www.chiapatino.com\/home\/wp-json\/wp\/v2\/media\/7958"}],"wp:attachment":[{"href":"https:\/\/www.chiapatino.com\/home\/wp-json\/wp\/v2\/media?parent=9106"}],"curies":[{"name":"wp","href":"https:\/\/api.w.org\/{rel}","templated":true}]}}